{"id":2873,"date":"2021-11-18T07:12:31","date_gmt":"2021-11-18T06:12:31","guid":{"rendered":"https:\/\/www.campingvallespir.com\/accueil\/"},"modified":"2024-12-19T15:27:20","modified_gmt":"2024-12-19T14:27:20","slug":"accueil","status":"publish","type":"page","link":"https:\/\/www.campingvallespir.com\/nl\/","title":{"rendered":"Accueil"},"content":{"rendered":"<section id=\"ls-section-block_3bc78ad157ff052dad93635bc97ae242\" class=\"ls-section  home-first has-background has-color-4-background-color\" >\n        <div class=\"container container--wide\">\n        \n\n<div class=\"wp-block-columns are-vertically-aligned-center is-layout-flex wp-container-core-columns-is-layout-1 wp-block-columns-is-layout-flex\">\n<div class=\"wp-block-column is-vertically-aligned-center is-layout-flow wp-block-column-is-layout-flow\">\n<figure class=\"wp-block-image size-full\"><img decoding=\"async\" width=\"680\" height=\"500\" src=\"https:\/\/www.campingvallespir.com\/wp-content\/uploads\/2021\/11\/camping-vallespir-logo.png\" alt=\"camping vallespir logo\" class=\"wp-image-1558\" srcset=\"https:\/\/www.campingvallespir.com\/wp-content\/uploads\/2021\/11\/camping-vallespir-logo.png 680w, https:\/\/www.campingvallespir.com\/wp-content\/uploads\/2021\/11\/camping-vallespir-logo-300x221.png 300w\" sizes=\"(max-width: 680px) 100vw, 680px\" \/><\/figure>\n\n\n\n<p class=\"ls-paragraph has-text-align-center\">Uw camping is geopend van 15 maart tot begin november<\/p>\n<\/div>\n\n\n\n<div class=\"wp-block-column is-vertically-aligned-center is-layout-flow wp-block-column-is-layout-flow\">\n<div id=\"ls-heading ls-titre-div-block_4d561ea440678e89acbff41004d926f4\" class=\"ls-titre-div ls__heading ursula has-color-1-color has-text-color h2-like\" >\n    EEN CAMPING TUSSEN DE ZEE EN DE BERGEN<\/div>\n\n\n\n<h1 class=\"ls__heading wp-block-heading has-color-2-color has-text-color\">Welkom in het Catalaanse land in Arles sur Tech<\/h1>\n\n\n\n<p class=\"ls-paragraph\">Welkom op het Catalaanse platteland in Arles sur Tech, op 5 minuten van Am\u00e9lie les Bains, in het departement Pyr\u00e9n\u00e9es-Orientales en in het hart van de regio Languedoc-Roussillon! Wij heten u van harte welkom op de 3-sterren camping Le Vallespir van 15 maart tot begin november, voor een vakantie die rust en ontspanning combineert met ontdekkingen, avontuur, sport en nog veel meer.<\/p>\n<\/div>\n<\/div>\n\n\n    <\/div>\n<\/section>\n\n<section id=\"ls-section-block_127a2950e800d1381d7ebe4c9f178f8f\" class=\"ls-section  home-fifth morePaddingLeft has-background has-color-white-background-color\" >\n        <div class=\"container container--full\">\n        \n\n<div class=\"wp-block-columns are-vertically-aligned-center is-layout-flex wp-container-core-columns-is-layout-3 wp-block-columns-is-layout-flex\">\n<div class=\"wp-block-column is-vertically-aligned-center is-layout-flow wp-block-column-is-layout-flow\" style=\"flex-basis:40%\">\n<h2 class=\"ls__heading wp-block-heading has-color-2-color has-text-color\">Uw ideale camping voor kuurgasten<\/h2>\n\n\n\n<p class=\"ls-paragraph\">Op slechts 5 minuten van de thermen van Amelie-les-bains, biedt onze camping een comfortabele en voordelige accommodatieoplossing voor kuurgasten.<\/p>\n\n\n\n<p class=\"ls-paragraph\">Profiteer van een onafhankelijke accommodatie in de buurt van de Mondony thermen en concentreer u op uw kuur, onze stacaravans zullen u zich thuis laten voelen!<\/p>\n\n\n\n<p class=\"ls-paragraph\">Profiteer van onze speciale aanbieding van 20% korting voor uw verblijf in een spa vanaf 21 dagen.<\/p>\n\n\n\n<p class=\"ls-paragraph\"><\/p>\n<\/div>\n\n\n\n<div class=\"wp-block-column is-vertically-aligned-center is-layout-flow wp-block-column-is-layout-flow\" style=\"flex-basis:60%\">\n<div class=\"wp-block-columns fancybox is-layout-flex wp-container-core-columns-is-layout-2 wp-block-columns-is-layout-flex\">\n<div class=\"wp-block-column is-layout-flow wp-block-column-is-layout-flow\">\n<figure class=\"wp-block-image size-large\"><a href=\"https:\/\/www.campingvallespir.com\/wp-content\/uploads\/2021\/11\/camping-vallespir-images-section-curistes.jpg\"><img decoding=\"async\" width=\"484\" height=\"616\" src=\"https:\/\/www.campingvallespir.com\/wp-content\/uploads\/2021\/11\/camping-vallespir-images-section-curistes.jpg\" alt=\"camping vallespir images section curistes\" class=\"wp-image-1588\" srcset=\"https:\/\/www.campingvallespir.com\/wp-content\/uploads\/2021\/11\/camping-vallespir-images-section-curistes.jpg 484w, https:\/\/www.campingvallespir.com\/wp-content\/uploads\/2021\/11\/camping-vallespir-images-section-curistes-236x300.jpg 236w\" sizes=\"(max-width: 484px) 100vw, 484px\" \/><\/a><\/figure>\n<\/div>\n\n\n\n<div class=\"wp-block-column is-layout-flow wp-block-column-is-layout-flow\">\n<figure class=\"wp-block-image size-large\"><a href=\"https:\/\/www.campingvallespir.com\/wp-content\/uploads\/2021\/11\/camping-vallespir-images-section-curistes-2.jpg\"><img decoding=\"async\" width=\"484\" height=\"616\" src=\"https:\/\/www.campingvallespir.com\/wp-content\/uploads\/2021\/11\/camping-vallespir-images-section-curistes-2.jpg\" alt=\"camping vallespir images section curistes 2\" class=\"wp-image-1591\" srcset=\"https:\/\/www.campingvallespir.com\/wp-content\/uploads\/2021\/11\/camping-vallespir-images-section-curistes-2.jpg 484w, https:\/\/www.campingvallespir.com\/wp-content\/uploads\/2021\/11\/camping-vallespir-images-section-curistes-2-236x300.jpg 236w\" sizes=\"(max-width: 484px) 100vw, 484px\" \/><\/a><\/figure>\n<\/div>\n<\/div>\n\n\n\r\n<a href=\"\/nl\/kamperen-curist-arles-sur-tech\/\" id=\"ls-button-block_d216266208dc8d49526e9428df2c1f89\" target=\"\" rel=\"\" class=\"ls-button has-text-color has-color-1-color\" ><span>Ontdek de remedies<\/span> <!-- <i class=\"fas fa-angle-right\"><\/i> --><\/a>\r\n<\/div>\n<\/div>\n\n\n    <\/div>\n<\/section>\n\n<section id=\"ls-section-block_625fb792e7d976614380927213c0c8de\" class=\"ls-section  home-second has-background has-color-4-background-color\" >\n        <div class=\"container container--full\">\n        \n\n<div class=\"wp-block-columns are-vertically-aligned-center is-layout-flex wp-container-core-columns-is-layout-5 wp-block-columns-is-layout-flex\">\n<div class=\"wp-block-column is-vertically-aligned-center fancybox is-layout-flow wp-block-column-is-layout-flow\" style=\"flex-basis:60%\">\n<div class=\"wp-block-columns is-layout-flex wp-container-core-columns-is-layout-4 wp-block-columns-is-layout-flex\">\n<div class=\"wp-block-column is-layout-flow wp-block-column-is-layout-flow\">\n<figure class=\"wp-block-image size-large\"><a href=\"https:\/\/www.campingvallespir.com\/wp-content\/uploads\/2021\/11\/camping-vallespir-images-section-piscine-2.jpg\"><img decoding=\"async\" width=\"493\" height=\"313\" src=\"https:\/\/www.campingvallespir.com\/wp-content\/uploads\/2021\/11\/camping-vallespir-images-section-piscine-2.jpg\" alt=\"camping vallespir images section piscine 2\" class=\"wp-image-1567\" srcset=\"https:\/\/www.campingvallespir.com\/wp-content\/uploads\/2021\/11\/camping-vallespir-images-section-piscine-2.jpg 493w, https:\/\/www.campingvallespir.com\/wp-content\/uploads\/2021\/11\/camping-vallespir-images-section-piscine-2-300x190.jpg 300w\" sizes=\"(max-width: 493px) 100vw, 493px\" \/><\/a><\/figure>\n\n\n\n<figure class=\"wp-block-image size-large\"><a href=\"https:\/\/www.campingvallespir.com\/wp-content\/uploads\/2021\/11\/camping-vallespir-images-section-piscine.jpg\"><img decoding=\"async\" width=\"493\" height=\"313\" src=\"https:\/\/www.campingvallespir.com\/wp-content\/uploads\/2021\/11\/camping-vallespir-images-section-piscine.jpg\" alt=\"camping vallespir images section piscine\" class=\"wp-image-1564\" srcset=\"https:\/\/www.campingvallespir.com\/wp-content\/uploads\/2021\/11\/camping-vallespir-images-section-piscine.jpg 493w, https:\/\/www.campingvallespir.com\/wp-content\/uploads\/2021\/11\/camping-vallespir-images-section-piscine-300x190.jpg 300w\" sizes=\"(max-width: 493px) 100vw, 493px\" \/><\/a><\/figure>\n<\/div>\n\n\n\n<div class=\"wp-block-column is-layout-flow wp-block-column-is-layout-flow\">\n<figure class=\"wp-block-image size-large\"><a href=\"https:\/\/www.campingvallespir.com\/wp-content\/uploads\/2021\/11\/camping-vallespir-images-section-piscine-3.jpg\"><img decoding=\"async\" width=\"591\" height=\"694\" src=\"https:\/\/www.campingvallespir.com\/wp-content\/uploads\/2021\/11\/camping-vallespir-images-section-piscine-3.jpg\" alt=\"camping vallespir images section piscine 3\" class=\"wp-image-1570\" srcset=\"https:\/\/www.campingvallespir.com\/wp-content\/uploads\/2021\/11\/camping-vallespir-images-section-piscine-3.jpg 591w, https:\/\/www.campingvallespir.com\/wp-content\/uploads\/2021\/11\/camping-vallespir-images-section-piscine-3-255x300.jpg 255w\" sizes=\"(max-width: 591px) 100vw, 591px\" \/><\/a><\/figure>\n<\/div>\n<\/div>\n<\/div>\n\n\n\n<div class=\"wp-block-column is-vertically-aligned-center is-layout-flow wp-block-column-is-layout-flow\" style=\"flex-basis:40%\">\n<h2 class=\"ls__heading wp-block-heading has-color-1-color has-text-color\">Uw camping met zwembad<\/h2>\n\n\n\n<p class=\"ls-paragraph\">Geniet van de zon op een ligstoel bij ons verwarmde zwembad of geniet van de waterpret met uw gezin!<\/p>\n\n\n\n<p class=\"ls-paragraph\">Uw kinderen kunnen in alle veiligheid de geneugten van het zwembad ontdekken dankzij ons peuterbad met een diepte die is aangepast aan de allerkleinsten.<\/p>\n\n\n\n<p class=\"ls-paragraph\">Ouderen die op zoek zijn naar welzijn, kunnen van juni tot september hun hart ophalen met onze aquagymlessen. De meer competitieve spelers zijn ook welkom voor een partijtje waterpolo!<\/p>\n\n\n\r\n<a href=\"\/nl\/camping-verwarmd-zwembad-arles-sur-tech\/\" id=\"ls-button-block_bcb8c32890061c504b8e04076a8f6a70\" target=\"\" rel=\"\" class=\"ls-button has-text-color has-color-1-color\" ><span>het zwembad<\/span> <!-- <i class=\"fas fa-angle-right\"><\/i> --><\/a>\r\n<\/div>\n<\/div>\n\n\n    <\/div>\n<\/section>\n\n<section id=\"ls-section-block_11a4d98c787e7a56353ee10f7b372b65\" class=\"ls-section  home-third morePaddingLeft has-background has-color-white-background-color\" >\n        <div class=\"container container--full\">\n        \n\n<div class=\"wp-block-columns are-vertically-aligned-center is-layout-flex wp-container-core-columns-is-layout-7 wp-block-columns-is-layout-flex\">\n<div class=\"wp-block-column is-vertically-aligned-center is-layout-flow wp-block-column-is-layout-flow\" style=\"flex-basis:40%\">\n<h2 class=\"ls__heading wp-block-heading has-color-2-color has-text-color\">Camping met animaties<\/h2>\n\n\n\n<p class=\"ls-paragraph\">De camping organiseert talrijke activiteiten en animaties voor iedereen. Kom met vrienden of familie en uw kinderen genieten van de camping, voor activiteiten &#8217;s avonds of overdag, sport, plezier en gezelligheid.<\/p>\n\n\n\n<p class=\"ls-paragraph\">Ontdek onze sportfaciliteiten, van de tennisbaan tot de boulodrome voor het onvermijdelijke spelletje petanque.<\/p>\n\n\n\n<p class=\"ls-paragraph\">Natuurliefhebbers kunnen de Pyrenee\u00ebn ontdekken door te wandelen, trektochten te maken, te fietsen of te canyoning. Er is voor elk wat wils!<\/p>\n<\/div>\n\n\n\n<div class=\"wp-block-column is-vertically-aligned-center is-layout-flow wp-block-column-is-layout-flow\" style=\"flex-basis:60%\">\n<div class=\"wp-block-columns fancybox is-layout-flex wp-container-core-columns-is-layout-6 wp-block-columns-is-layout-flex\">\n<div class=\"wp-block-column is-layout-flow wp-block-column-is-layout-flow\">\n<figure class=\"wp-block-image size-large\"><a href=\"https:\/\/www.campingvallespir.com\/wp-content\/uploads\/2021\/11\/camping-vallespir-images-section-animation-2.jpg\"><img decoding=\"async\" width=\"484\" height=\"616\" src=\"https:\/\/www.campingvallespir.com\/wp-content\/uploads\/2021\/11\/camping-vallespir-images-section-animation-2.jpg\" alt=\"camping vallespir images section animation 2\" class=\"wp-image-1573\" srcset=\"https:\/\/www.campingvallespir.com\/wp-content\/uploads\/2021\/11\/camping-vallespir-images-section-animation-2.jpg 484w, https:\/\/www.campingvallespir.com\/wp-content\/uploads\/2021\/11\/camping-vallespir-images-section-animation-2-236x300.jpg 236w\" sizes=\"(max-width: 484px) 100vw, 484px\" \/><\/a><\/figure>\n<\/div>\n\n\n\n<div class=\"wp-block-column is-layout-flow wp-block-column-is-layout-flow\">\n<figure class=\"wp-block-image size-full\"><a href=\"https:\/\/www.campingvallespir.com\/wp-content\/uploads\/2024\/12\/vallespir-toboggan.jpg\"><img decoding=\"async\" width=\"500\" height=\"650\" src=\"https:\/\/www.campingvallespir.com\/wp-content\/uploads\/2024\/12\/vallespir-toboggan.jpg\" alt=\"\" class=\"wp-image-7350\" srcset=\"https:\/\/www.campingvallespir.com\/wp-content\/uploads\/2024\/12\/vallespir-toboggan.jpg 500w, https:\/\/www.campingvallespir.com\/wp-content\/uploads\/2024\/12\/vallespir-toboggan-231x300.jpg 231w\" sizes=\"(max-width: 500px) 100vw, 500px\" \/><\/a><\/figure>\n<\/div>\n<\/div>\n\n\n\r\n<a href=\"\/nl\/camping-animatie-arles-sur-tech\/#animations\" id=\"ls-button-block_62053ec2ce49fb7d96ff2394ddbcc4cc\" target=\"\" rel=\"\" class=\"ls-button has-text-color has-color-1-color\" ><span>Ontdek de animaties<\/span> <!-- <i class=\"fas fa-angle-right\"><\/i> --><\/a>\r\n<\/div>\n<\/div>\n\n\n    <\/div>\n<\/section>\n\n<section id=\"ls-section-block_303b334d6b063bbd3ddda5ec3201b583\" class=\"ls-section  home-fourth has-background has-color-4-background-color\" >\n        <div class=\"container container--full\">\n        \n\n<div class=\"wp-block-columns are-vertically-aligned-center is-layout-flex wp-container-core-columns-is-layout-9 wp-block-columns-is-layout-flex\">\n<div class=\"wp-block-column is-vertically-aligned-center is-layout-flow wp-block-column-is-layout-flow\" style=\"flex-basis:60%\">\n<div class=\"wp-block-columns fancybox is-layout-flex wp-container-core-columns-is-layout-8 wp-block-columns-is-layout-flex\">\n<div class=\"wp-block-column is-layout-flow wp-block-column-is-layout-flow\">\n<figure class=\"wp-block-image size-large\"><a href=\"https:\/\/www.campingvallespir.com\/wp-content\/uploads\/2021\/11\/camping-vallespir-images-section-riviere.jpg\"><img decoding=\"async\" width=\"493\" height=\"313\" src=\"https:\/\/www.campingvallespir.com\/wp-content\/uploads\/2021\/11\/camping-vallespir-images-section-riviere.jpg\" alt=\"camping vallespir images section riviere\" class=\"wp-image-1579\" srcset=\"https:\/\/www.campingvallespir.com\/wp-content\/uploads\/2021\/11\/camping-vallespir-images-section-riviere.jpg 493w, https:\/\/www.campingvallespir.com\/wp-content\/uploads\/2021\/11\/camping-vallespir-images-section-riviere-300x190.jpg 300w\" sizes=\"(max-width: 493px) 100vw, 493px\" \/><\/a><\/figure>\n\n\n\n<figure class=\"wp-block-image size-large\"><a href=\"https:\/\/www.campingvallespir.com\/wp-content\/uploads\/2021\/11\/camping-vallespir-images-section-riviere-2-1.jpg\"><img decoding=\"async\" width=\"492\" height=\"370\" src=\"https:\/\/www.campingvallespir.com\/wp-content\/uploads\/2021\/11\/camping-vallespir-images-section-riviere-2-1.jpg\" alt=\"camping vallespir images section riviere 2 1\" class=\"wp-image-1585\" srcset=\"https:\/\/www.campingvallespir.com\/wp-content\/uploads\/2021\/11\/camping-vallespir-images-section-riviere-2-1.jpg 492w, https:\/\/www.campingvallespir.com\/wp-content\/uploads\/2021\/11\/camping-vallespir-images-section-riviere-2-1-300x226.jpg 300w\" sizes=\"(max-width: 492px) 100vw, 492px\" \/><\/a><\/figure>\n<\/div>\n\n\n\n<div class=\"wp-block-column is-layout-flow wp-block-column-is-layout-flow\">\n<figure class=\"wp-block-image size-large\"><a href=\"https:\/\/www.campingvallespir.com\/wp-content\/uploads\/2021\/11\/camping-vallespir-images-section-riviere-3.jpg\"><img decoding=\"async\" width=\"591\" height=\"694\" src=\"https:\/\/www.campingvallespir.com\/wp-content\/uploads\/2021\/11\/camping-vallespir-images-section-riviere-3.jpg\" alt=\"camping vallespir images section riviere 3\" class=\"wp-image-1582\" srcset=\"https:\/\/www.campingvallespir.com\/wp-content\/uploads\/2021\/11\/camping-vallespir-images-section-riviere-3.jpg 591w, https:\/\/www.campingvallespir.com\/wp-content\/uploads\/2021\/11\/camping-vallespir-images-section-riviere-3-255x300.jpg 255w\" sizes=\"(max-width: 591px) 100vw, 591px\" \/><\/a><\/figure>\n<\/div>\n<\/div>\n<\/div>\n\n\n\n<div class=\"wp-block-column is-vertically-aligned-center is-layout-flow wp-block-column-is-layout-flow\" style=\"flex-basis:40%\">\n<h2 class=\"ls__heading wp-block-heading has-color-1-color has-text-color\">Uw camping aan de rivier<\/h2>\n\n\n\n<p class=\"ls-paragraph\">Onze camping in de Pyr\u00e9n\u00e9es-Orientales aan de oever van de Tech is een ideale vakantiebestemming voor onze visvrienden. Het enige wat je nodig hebt is een visvergunning om te genieten van een coole vistrip!<\/p>\n\n\n\n<p class=\"ls-paragraph\">Onze uitzonderlijke ligging biedt onze kampeerders de mogelijkheid om midden in de natuur te zwemmen op een steenworp afstand van hun accommodatie.<\/p>\n\n\n\n<p class=\"ls-paragraph\">Volg de loop van deze kustrivier door de groene weg naar Ceret te nemen om onze groene omgeving op het Catalaanse platteland te ontdekken.<\/p>\n\n\n\n<p class=\"ls-paragraph\"><\/p>\n\n\n\r\n<a href=\"\/nl\/kampeerterrein-riverside-arles-sur-tech\/\" id=\"ls-button-block_d9e153f14bec040401de960d2670937f\" target=\"\" rel=\"\" class=\"ls-button has-text-color has-color-1-color\" ><span>de rivier<\/span> <!-- <i class=\"fas fa-angle-right\"><\/i> --><\/a>\r\n<\/div>\n<\/div>\n\n\n    <\/div>\n<\/section>\n\n<section id=\"ls-section-block_8e756d2366cda81a866dd496e9b11f05\" class=\"ls-section  home-sixth morePaddingLeft \" >\n        <div class=\"container container--full\">\n        \n\n<div class=\"wp-block-columns are-vertically-aligned-center is-layout-flex wp-container-core-columns-is-layout-10 wp-block-columns-is-layout-flex\">\n<div class=\"wp-block-column is-vertically-aligned-center is-layout-flow wp-block-column-is-layout-flow\">\n<h2 class=\"ls__heading wp-block-heading has-text-align-center has-color-2-color has-color-4-background-color has-text-color has-background\">accommodatie<\/h2>\n\n\n\n<h2 class=\"ls__heading wp-block-heading has-color-1-color has-text-color\">Stacaravan verhuur languedoc<\/h2>\n\n\n\n<p class=\"ls-paragraph\">Plan uw vakantie in de Catalaanse zon en reserveer onmiddellijk \u00e9\u00e9n van onze 76 stacaravans.<\/p>\n\n\n\n<p class=\"ls-paragraph\">Maak uw keuze uit onze 8 verblijfsmogelijkheden voor een geslaagde vakantie met uw gezin of met vrienden op onze camping in de buurt van de bergen en de Middellandse Zee.<\/p>\n\n\n\n<p class=\"ls-paragraph\">Voor onze traditionele kampeerders of onze vrienden van de camper, bieden wij niet minder dan 84 plaatsen uitgerust met een waterpunt en een elektrische aansluiting. Ontdek de voordelen van onze camping en breng uw vakantie door in Arles-sur-Tech tegen de beste prijs.<\/p>\n<\/div>\n\n\n\n<div class=\"wp-block-column is-vertically-aligned-center is-layout-flow wp-block-column-is-layout-flow\">\r\n<div id=\"ls-cta-block_61032be3f889e06dc2b1397dac1b365b\" class=\"ls-cta\">  \r\n    \r\n<a href=\"\/nl\/goedkope-camping-arles-sur-tech\/\" target=\"\" rel=\"noopener\" class=\"ls-cta__link\">\r\n\r\n\t<div class=\"ls-cta__image\"><img decoding=\"async\" src=\"https:\/\/www.campingvallespir.com\/wp-content\/uploads\/2021\/11\/camping-vallespir-images-section-hebergements.jpg\" alt=\"camping-vallespir-images-section-hebergements\"><\/div>\r\n\t<div class=\"ls-cta__title\">\r\n\t\tde tarieven\t<\/div>\r\n\r\n\t\t\r\n<\/a><\/div><\/div>\n\n\n\n<div class=\"wp-block-column is-vertically-aligned-center is-layout-flow wp-block-column-is-layout-flow\">\r\n<div id=\"ls-cta-block_0ed977d54447534752d4a84d8734d5cf\" class=\"ls-cta\">  \r\n    \r\n<a href=\"\/nl\/verhuur-van-stacaravans-arles-sur-tech\/\" target=\"\" rel=\"noopener\" class=\"ls-cta__link\">\r\n\r\n\t<div class=\"ls-cta__image\"><img decoding=\"async\" src=\"https:\/\/www.campingvallespir.com\/wp-content\/uploads\/2021\/11\/camping-vallespir-images-section-hebergements-2.jpg\" alt=\"camping-vallespir-images-section-hebergements-2\"><\/div>\r\n\t<div class=\"ls-cta__title\">\r\n\t\tverhuur\t<\/div>\r\n\r\n\t\t\r\n<\/a><\/div><\/div>\n\n\n\n<div class=\"wp-block-column is-vertically-aligned-center is-layout-flow wp-block-column-is-layout-flow\">\r\n<div id=\"ls-cta-block_f4c9ab473d413c44bb3583a4b81121e3\" class=\"ls-cta\">  \r\n    \r\n<a href=\"\/nl\/plaats-arles-sur-tech\/\" target=\"\" rel=\"noopener\" class=\"ls-cta__link\">\r\n\r\n\t<div class=\"ls-cta__image\"><img decoding=\"async\" src=\"https:\/\/www.campingvallespir.com\/wp-content\/uploads\/2021\/11\/camping-vallespir-images-section-hebergements-3.jpg\" alt=\"camping-vallespir-images-section-hebergements-3\"><\/div>\r\n\t<div class=\"ls-cta__title\">\r\n\t\tkampeerplaatsen\t<\/div>\r\n\r\n\t\t\r\n<\/a><\/div><\/div>\n<\/div>\n\n\n    <\/div>\n<\/section>\n\n<section id=\"ls-section-block_25a2fd1f0b4f4133251b838ff15480cf\" class=\"ls-section  home-seventh has-background has-color-4-background-color\" >\n        <div class=\"container container--full\">\n        \n\n<div class=\"wp-block-columns are-vertically-aligned-center is-layout-flex wp-container-core-columns-is-layout-11 wp-block-columns-is-layout-flex\">\n<div class=\"wp-block-column is-vertically-aligned-center is-layout-flow wp-block-column-is-layout-flow\" style=\"flex-basis:60%\">\r\n<div id=\"ls-cta-block_52c597c472b9e313ee33c3849c7769f8\" class=\"ls-cta\">  \r\n    \r\n<a href=\"\/nl\/de-omgeving-van-de-camping\/\" target=\"\" rel=\"noopener\" class=\"ls-cta__link\">\r\n\r\n\t<div class=\"ls-cta__image\"><img decoding=\"async\" src=\"https:\/\/www.campingvallespir.com\/wp-content\/uploads\/2021\/11\/camping-vallespir-images-section-alentours-768x602.jpg\" alt=\"camping-vallespir-images-section-alentours\"><\/div>\r\n\t<div class=\"ls-cta__title\">\r\n\t\tOntdek de omgeving\t<\/div>\r\n\r\n\t\t\r\n<\/a><\/div><\/div>\n\n\n\n<div class=\"wp-block-column is-vertically-aligned-center is-layout-flow wp-block-column-is-layout-flow\" style=\"flex-basis:40%\">\n<h2 class=\"ls__heading wp-block-heading has-color-2-color has-text-color\">Occitani\u00eb, een rijke regio<\/h2>\n\n\n\n<p class=\"ls-paragraph\">Occitani\u00eb heeft een rijk historisch architecturaal erfgoed dat teruggaat tot de Romeinse tijd, verspreid over zijn charmante dorpen en steden.<\/p>\n\n\n\n<p class=\"ls-paragraph\">Wek uw nieuwsgierigheid en uw smaakpapillen! Onze streek staat bekend om zijn lokale specialiteiten, die op de markten kunnen worden geproefd. De reputatie van ons wijnbouwerfgoed berust op een duizend jaar oude knowhow die u kunt ontdekken tijdens een bezoek aan onze domeinen.<\/p>\n\n\n\n<p class=\"ls-paragraph\">Onze camping in Arles-sur-Tech is een uitstekende uitvalsbasis voor het verkennen van Cataloni\u00eb, van Perpignan tot Spanje. Geniet van culturele activiteiten zoals het beroemde Dali Museum Theater, bedwing de Pic du Canigou of beleef een gezinsavontuur in een van de vele parken in de regio.<\/p>\n<\/div>\n<\/div>\n\n\n    <\/div>\n<\/section>\n\n<section id=\"ls-section-block_ce463d431b9e5bd67f1d0771c92c9d7f\" class=\"ls-section  home-seventh-2\" >\n        <div class=\"container container--wide\">\n        \n<div class=\"wp-block-image\">\n<figure class=\"aligncenter size-large\"><img decoding=\"async\" width=\"1024\" height=\"485\" src=\"https:\/\/www.campingvallespir.com\/wp-content\/uploads\/2021\/11\/camping-vallespir-images-section-alentours-3-1024x485.jpg\" alt=\"camping vallespir images section alentours 3\" class=\"wp-image-1609\" srcset=\"https:\/\/www.campingvallespir.com\/wp-content\/uploads\/2021\/11\/camping-vallespir-images-section-alentours-3-1024x485.jpg 1024w, https:\/\/www.campingvallespir.com\/wp-content\/uploads\/2021\/11\/camping-vallespir-images-section-alentours-3-300x142.jpg 300w, https:\/\/www.campingvallespir.com\/wp-content\/uploads\/2021\/11\/camping-vallespir-images-section-alentours-3-768x364.jpg 768w, https:\/\/www.campingvallespir.com\/wp-content\/uploads\/2021\/11\/camping-vallespir-images-section-alentours-3.jpg 1323w\" sizes=\"(max-width: 1024px) 100vw, 1024px\" \/><\/figure><\/div>\n\n    <\/div>\n<\/section>\n\n<section id=\"ls-section-block_0d8696a5ac3fe10d918665e38e15516f\" class=\"ls-section  home-eight\" >\n        <div class=\"container container--wide\">\n        \n\n<h2 class=\"ls__heading wp-block-heading has-text-align-center ursula has-color-2-color has-text-color\">De diensten van de camping<\/h2>\n\n\n\n<div class=\"wp-block-columns is-layout-flex wp-container-core-columns-is-layout-12 wp-block-columns-is-layout-flex\">\n<div class=\"wp-block-column is-layout-flow wp-block-column-is-layout-flow\" style=\"flex-basis:20%\">\n<p class=\"ls-paragraph has-text-align-center icon-laverie-neer\"><\/p>\n<\/div>\n\n\n\n<div class=\"wp-block-column is-layout-flow wp-block-column-is-layout-flow\" style=\"flex-basis:20%\">\n<p class=\"ls-paragraph has-text-align-center icon-wifi\"><\/p>\n<\/div>\n\n\n\n<div class=\"wp-block-column is-layout-flow wp-block-column-is-layout-flow\" style=\"flex-basis:20%\">\n<p class=\"ls-paragraph has-text-align-center icon-gardiennage-neer\"><\/p>\n<\/div>\n\n\n\n<div class=\"wp-block-column is-layout-flow wp-block-column-is-layout-flow\" style=\"flex-basis:20%\">\n<p class=\"ls-paragraph has-text-align-center icon-DETENTE-neer\"><\/p>\n<\/div>\n\n\n\n<div class=\"wp-block-column is-layout-flow wp-block-column-is-layout-flow\" style=\"flex-basis:20%\">\n<p class=\"ls-paragraph has-text-align-center icon-navette-neer\"><\/p>\n<\/div>\n<\/div>\n\n\n    <\/div>\n<\/section>","protected":false},"excerpt":{"rendered":"","protected":false},"author":1,"featured_media":0,"parent":0,"menu_order":0,"comment_status":"closed","ping_status":"closed","template":"","meta":{"_acf_changed":false,"footnotes":""},"sujet":[],"class_list":["post-2873","page","type-page","status-publish","hentry"],"acf":[],"yoast_head":"<!-- This site is optimized with the Yoast SEO plugin v23.4 - https:\/\/yoast.com\/wordpress\/plugins\/seo\/ -->\n<title>Camping Paradis Le Vallespir | 3 sterren camping in Arles-sur-Tech (66)<\/title>\n<meta name=\"robots\" content=\"index, follow, max-snippet:-1, max-image-preview:large, max-video-preview:-1\" \/>\n<link rel=\"canonical\" href=\"https:\/\/www.campingvallespir.com\/nl\/\" \/>\n<meta property=\"og:locale\" content=\"nl_NL\" \/>\n<meta property=\"og:type\" content=\"article\" \/>\n<meta property=\"og:title\" content=\"Camping Paradis Le Vallespir | 3 sterren camping in Arles-sur-Tech (66)\" \/>\n<meta property=\"og:url\" content=\"https:\/\/www.campingvallespir.com\/nl\/\" \/>\n<meta property=\"og:site_name\" content=\"Camping Vallespir\" \/>\n<meta property=\"article:modified_time\" content=\"2024-12-19T14:27:20+00:00\" \/>\n<meta property=\"og:image\" content=\"https:\/\/www.campingvallespir.com\/wp-content\/uploads\/2021\/11\/camping-vallespir-logo.png\" \/>\n<meta name=\"twitter:card\" content=\"summary_large_image\" \/>\n<meta name=\"twitter:label1\" content=\"Geschatte leestijd\" \/>\n\t<meta name=\"twitter:data1\" content=\"6 minuten\" \/>\n<script type=\"application\/ld+json\" class=\"yoast-schema-graph\">{\"@context\":\"https:\/\/schema.org\",\"@graph\":[{\"@type\":\"WebPage\",\"@id\":\"https:\/\/www.campingvallespir.com\/nl\/\",\"url\":\"https:\/\/www.campingvallespir.com\/nl\/\",\"name\":\"Camping Paradis Le Vallespir | 3 sterren camping in Arles-sur-Tech (66)\",\"isPartOf\":{\"@id\":\"https:\/\/www.campingvallespir.com\/nl\/#website\"},\"primaryImageOfPage\":{\"@id\":\"https:\/\/www.campingvallespir.com\/nl\/#primaryimage\"},\"image\":{\"@id\":\"https:\/\/www.campingvallespir.com\/nl\/#primaryimage\"},\"thumbnailUrl\":\"https:\/\/www.campingvallespir.com\/wp-content\/uploads\/2021\/11\/camping-vallespir-logo.png\",\"datePublished\":\"2021-11-18T06:12:31+00:00\",\"dateModified\":\"2024-12-19T14:27:20+00:00\",\"breadcrumb\":{\"@id\":\"https:\/\/www.campingvallespir.com\/nl\/#breadcrumb\"},\"inLanguage\":\"nl-NL\",\"potentialAction\":[{\"@type\":\"ReadAction\",\"target\":[\"https:\/\/www.campingvallespir.com\/nl\/\"]}]},{\"@type\":\"ImageObject\",\"inLanguage\":\"nl-NL\",\"@id\":\"https:\/\/www.campingvallespir.com\/nl\/#primaryimage\",\"url\":\"https:\/\/www.campingvallespir.com\/wp-content\/uploads\/2021\/11\/camping-vallespir-logo.png\",\"contentUrl\":\"https:\/\/www.campingvallespir.com\/wp-content\/uploads\/2021\/11\/camping-vallespir-logo.png\"},{\"@type\":\"BreadcrumbList\",\"@id\":\"https:\/\/www.campingvallespir.com\/nl\/#breadcrumb\",\"itemListElement\":[{\"@type\":\"ListItem\",\"position\":1,\"name\":\"Camping Am\u00e9lie les Bains\",\"item\":\"https:\/\/www.campingvallespir.com\/nl\/\"},{\"@type\":\"ListItem\",\"position\":2,\"name\":\"Accueil\"}]},{\"@type\":\"WebSite\",\"@id\":\"https:\/\/www.campingvallespir.com\/nl\/#website\",\"url\":\"https:\/\/www.campingvallespir.com\/nl\/\",\"name\":\"Camping Vallespir\",\"description\":\"\",\"publisher\":{\"@id\":\"https:\/\/www.campingvallespir.com\/nl\/#organization\"},\"potentialAction\":[{\"@type\":\"SearchAction\",\"target\":{\"@type\":\"EntryPoint\",\"urlTemplate\":\"https:\/\/www.campingvallespir.com\/nl\/?s={search_term_string}\"},\"query-input\":{\"@type\":\"PropertyValueSpecification\",\"valueRequired\":true,\"valueName\":\"search_term_string\"}}],\"inLanguage\":\"nl-NL\"},{\"@type\":\"Organization\",\"@id\":\"https:\/\/www.campingvallespir.com\/nl\/#organization\",\"name\":\"Camping Vallespir\",\"url\":\"https:\/\/www.campingvallespir.com\/nl\/\",\"logo\":{\"@type\":\"ImageObject\",\"inLanguage\":\"nl-NL\",\"@id\":\"https:\/\/www.campingvallespir.com\/nl\/#\/schema\/logo\/image\/\",\"url\":\"https:\/\/www.campingvallespir.com\/wp-content\/uploads\/2021\/11\/camping-vallespir-logo.png\",\"contentUrl\":\"https:\/\/www.campingvallespir.com\/wp-content\/uploads\/2021\/11\/camping-vallespir-logo.png\",\"width\":680,\"height\":500,\"caption\":\"Camping Vallespir\"},\"image\":{\"@id\":\"https:\/\/www.campingvallespir.com\/nl\/#\/schema\/logo\/image\/\"}}]}<\/script>\n<!-- \/ Yoast SEO plugin. -->","yoast_head_json":{"title":"Camping Paradis Le Vallespir | 3 sterren camping in Arles-sur-Tech (66)","robots":{"index":"index","follow":"follow","max-snippet":"max-snippet:-1","max-image-preview":"max-image-preview:large","max-video-preview":"max-video-preview:-1"},"canonical":"https:\/\/www.campingvallespir.com\/nl\/","og_locale":"nl_NL","og_type":"article","og_title":"Camping Paradis Le Vallespir | 3 sterren camping in Arles-sur-Tech (66)","og_url":"https:\/\/www.campingvallespir.com\/nl\/","og_site_name":"Camping Vallespir","article_modified_time":"2024-12-19T14:27:20+00:00","og_image":[{"url":"https:\/\/www.campingvallespir.com\/wp-content\/uploads\/2021\/11\/camping-vallespir-logo.png"}],"twitter_card":"summary_large_image","twitter_misc":{"Geschatte leestijd":"6 minuten"},"schema":{"@context":"https:\/\/schema.org","@graph":[{"@type":"WebPage","@id":"https:\/\/www.campingvallespir.com\/nl\/","url":"https:\/\/www.campingvallespir.com\/nl\/","name":"Camping Paradis Le Vallespir | 3 sterren camping in Arles-sur-Tech (66)","isPartOf":{"@id":"https:\/\/www.campingvallespir.com\/nl\/#website"},"primaryImageOfPage":{"@id":"https:\/\/www.campingvallespir.com\/nl\/#primaryimage"},"image":{"@id":"https:\/\/www.campingvallespir.com\/nl\/#primaryimage"},"thumbnailUrl":"https:\/\/www.campingvallespir.com\/wp-content\/uploads\/2021\/11\/camping-vallespir-logo.png","datePublished":"2021-11-18T06:12:31+00:00","dateModified":"2024-12-19T14:27:20+00:00","breadcrumb":{"@id":"https:\/\/www.campingvallespir.com\/nl\/#breadcrumb"},"inLanguage":"nl-NL","potentialAction":[{"@type":"ReadAction","target":["https:\/\/www.campingvallespir.com\/nl\/"]}]},{"@type":"ImageObject","inLanguage":"nl-NL","@id":"https:\/\/www.campingvallespir.com\/nl\/#primaryimage","url":"https:\/\/www.campingvallespir.com\/wp-content\/uploads\/2021\/11\/camping-vallespir-logo.png","contentUrl":"https:\/\/www.campingvallespir.com\/wp-content\/uploads\/2021\/11\/camping-vallespir-logo.png"},{"@type":"BreadcrumbList","@id":"https:\/\/www.campingvallespir.com\/nl\/#breadcrumb","itemListElement":[{"@type":"ListItem","position":1,"name":"Camping Am\u00e9lie les Bains","item":"https:\/\/www.campingvallespir.com\/nl\/"},{"@type":"ListItem","position":2,"name":"Accueil"}]},{"@type":"WebSite","@id":"https:\/\/www.campingvallespir.com\/nl\/#website","url":"https:\/\/www.campingvallespir.com\/nl\/","name":"Camping Vallespir","description":"","publisher":{"@id":"https:\/\/www.campingvallespir.com\/nl\/#organization"},"potentialAction":[{"@type":"SearchAction","target":{"@type":"EntryPoint","urlTemplate":"https:\/\/www.campingvallespir.com\/nl\/?s={search_term_string}"},"query-input":{"@type":"PropertyValueSpecification","valueRequired":true,"valueName":"search_term_string"}}],"inLanguage":"nl-NL"},{"@type":"Organization","@id":"https:\/\/www.campingvallespir.com\/nl\/#organization","name":"Camping Vallespir","url":"https:\/\/www.campingvallespir.com\/nl\/","logo":{"@type":"ImageObject","inLanguage":"nl-NL","@id":"https:\/\/www.campingvallespir.com\/nl\/#\/schema\/logo\/image\/","url":"https:\/\/www.campingvallespir.com\/wp-content\/uploads\/2021\/11\/camping-vallespir-logo.png","contentUrl":"https:\/\/www.campingvallespir.com\/wp-content\/uploads\/2021\/11\/camping-vallespir-logo.png","width":680,"height":500,"caption":"Camping Vallespir"},"image":{"@id":"https:\/\/www.campingvallespir.com\/nl\/#\/schema\/logo\/image\/"}}]}},"_links":{"self":[{"href":"https:\/\/www.campingvallespir.com\/nl\/wp-json\/wp\/v2\/pages\/2873"}],"collection":[{"href":"https:\/\/www.campingvallespir.com\/nl\/wp-json\/wp\/v2\/pages"}],"about":[{"href":"https:\/\/www.campingvallespir.com\/nl\/wp-json\/wp\/v2\/types\/page"}],"author":[{"embeddable":true,"href":"https:\/\/www.campingvallespir.com\/nl\/wp-json\/wp\/v2\/users\/1"}],"replies":[{"embeddable":true,"href":"https:\/\/www.campingvallespir.com\/nl\/wp-json\/wp\/v2\/comments?post=2873"}],"version-history":[{"count":29,"href":"https:\/\/www.campingvallespir.com\/nl\/wp-json\/wp\/v2\/pages\/2873\/revisions"}],"predecessor-version":[{"id":7354,"href":"https:\/\/www.campingvallespir.com\/nl\/wp-json\/wp\/v2\/pages\/2873\/revisions\/7354"}],"wp:attachment":[{"href":"https:\/\/www.campingvallespir.com\/nl\/wp-json\/wp\/v2\/media?parent=2873"}],"wp:term":[{"taxonomy":"sujet","embeddable":true,"href":"https:\/\/www.campingvallespir.com\/nl\/wp-json\/wp\/v2\/sujet?post=2873"}],"curies":[{"name":"wp","href":"https:\/\/api.w.org\/{rel}","templated":true}]}}