{"id":2847,"date":"2021-11-18T07:15:50","date_gmt":"2021-11-18T06:15:50","guid":{"rendered":"https:\/\/www.campingvallespir.com\/les-alentours-du-camping\/"},"modified":"2022-01-17T14:27:25","modified_gmt":"2022-01-17T13:27:25","slug":"de-omgeving-van-de-camping","status":"publish","type":"page","link":"https:\/\/www.campingvallespir.com\/nl\/de-omgeving-van-de-camping\/","title":{"rendered":"Les alentours du camping"},"content":{"rendered":"\n<h1 class=\"ls__heading has-text-align-center m-t-10 m-b-0 ursula has-color-1-color has-text-color has-large-font-size wp-block-heading\">De omgeving van onze camping in de Pyr\u00e9n\u00e9es-Orientales<\/h1>\n\n\n<section id=\"ls-section-block_619cbba3c02a5\" class=\"ls-section \" >\n        <div class=\"container container--wide\">\n        \n\n<div class=\"wp-block-columns are-vertically-aligned-center is-layout-flex wp-container-core-columns-is-layout-2 wp-block-columns-is-layout-flex\">\n<div class=\"wp-block-column is-vertically-aligned-center is-layout-flow wp-block-column-is-layout-flow\">\n<div class=\"wp-block-columns fancybox is-layout-flex wp-container-core-columns-is-layout-1 wp-block-columns-is-layout-flex\">\n<div class=\"wp-block-column is-layout-flow wp-block-column-is-layout-flow\">\n<figure class=\"wp-block-image size-large\"><a href=\"https:\/\/www.campingvallespir.com\/wp-content\/uploads\/2021\/12\/haut-vallespir-1024x683.jpg\"><img decoding=\"async\" width=\"1024\" height=\"683\" src=\"https:\/\/www.campingvallespir.com\/wp-content\/uploads\/2021\/12\/haut-vallespir-1024x683.jpg\" alt=\"haut vallespir\" class=\"wp-image-2092\" srcset=\"https:\/\/www.campingvallespir.com\/wp-content\/uploads\/2021\/12\/haut-vallespir-1024x683.jpg 1024w, https:\/\/www.campingvallespir.com\/wp-content\/uploads\/2021\/12\/haut-vallespir-300x200.jpg 300w, https:\/\/www.campingvallespir.com\/wp-content\/uploads\/2021\/12\/haut-vallespir-768x512.jpg 768w, https:\/\/www.campingvallespir.com\/wp-content\/uploads\/2021\/12\/haut-vallespir.jpg 1200w\" sizes=\"(max-width: 1024px) 100vw, 1024px\" \/><\/a><\/figure>\n\n\n\n<figure class=\"wp-block-image size-large\"><a href=\"https:\/\/www.campingvallespir.com\/wp-content\/uploads\/2021\/12\/camping-musee-dali-figueras-1024x683.jpg\"><img decoding=\"async\" width=\"1024\" height=\"683\" src=\"https:\/\/www.campingvallespir.com\/wp-content\/uploads\/2021\/12\/camping-musee-dali-figueras-1024x683.jpg\" alt=\"camping musee dali figueras\" class=\"wp-image-2095\" srcset=\"https:\/\/www.campingvallespir.com\/wp-content\/uploads\/2021\/12\/camping-musee-dali-figueras-1024x683.jpg 1024w, https:\/\/www.campingvallespir.com\/wp-content\/uploads\/2021\/12\/camping-musee-dali-figueras-300x200.jpg 300w, https:\/\/www.campingvallespir.com\/wp-content\/uploads\/2021\/12\/camping-musee-dali-figueras-768x512.jpg 768w, https:\/\/www.campingvallespir.com\/wp-content\/uploads\/2021\/12\/camping-musee-dali-figueras.jpg 1200w\" sizes=\"(max-width: 1024px) 100vw, 1024px\" \/><\/a><\/figure>\n<\/div>\n\n\n\n<div class=\"wp-block-column is-layout-flow wp-block-column-is-layout-flow\">\n<figure class=\"wp-block-image size-large\"><a href=\"https:\/\/www.campingvallespir.com\/wp-content\/uploads\/2021\/12\/camping-collioure-683x1024.jpg\"><img decoding=\"async\" width=\"683\" height=\"1024\" src=\"https:\/\/www.campingvallespir.com\/wp-content\/uploads\/2021\/12\/camping-collioure-683x1024.jpg\" alt=\"camping collioure\" class=\"wp-image-2098\" srcset=\"https:\/\/www.campingvallespir.com\/wp-content\/uploads\/2021\/12\/camping-collioure-683x1024.jpg 683w, https:\/\/www.campingvallespir.com\/wp-content\/uploads\/2021\/12\/camping-collioure-200x300.jpg 200w, https:\/\/www.campingvallespir.com\/wp-content\/uploads\/2021\/12\/camping-collioure-768x1152.jpg 768w, https:\/\/www.campingvallespir.com\/wp-content\/uploads\/2021\/12\/camping-collioure.jpg 800w\" sizes=\"(max-width: 683px) 100vw, 683px\" \/><\/a><\/figure>\n<\/div>\n<\/div>\n<\/div>\n\n\n\n<div class=\"wp-block-column is-vertically-aligned-center is-layout-flow wp-block-column-is-layout-flow\" style=\"flex-basis:40%\">\n<h2 class=\"ls__heading has-color-1-color has-text-color wp-block-heading\">De Hoge Vallespir<\/h2>\n\n\n\n<p class=\"ls-paragraph\"><strong><span class=\"has-inline-color has-color-5-color\">De Haut-Vallespir bestaat uit drie valleien die parallel aan elkaar lopen en samenkomen bij de samenvloeiing van de Tech. Het strekt zich uit van west naar oost over een lengte van 45 kilometer en een breedte van 10 tot 20 kilometer. De vallei heeft een microklimaat dat sterk wordt be\u00efnvloed door het reli\u00ebf.<\/span><\/strong><\/p>\n\n\n\n<h2 class=\"ls__heading has-large-font-size wp-block-heading\"><span style=\"color:#3cbdee\" class=\"tadv-color\">De must-haves<\/span><\/h2>\n\n\n\n<p class=\"ls-paragraph\">De kust van de Roussillon met zijn fijne zandstranden bij Argel\u00e8s sur mer en Canet Plages.<br>De C\u00f4te Vermeille van Collioure tot Cerb\u00e8re met zijn kreken van smaragdgroen water.<br>Spanje ligt op een steenworp afstand met zijn plaatselijke tradities, grenswinkels in Le Perthus en tapasbars.<br>Het Museu Dali Theater in Figueras, gevormd door de handen van de kunstenaar.<\/p>\n<\/div>\n<\/div>\n\n\n    <\/div>\n<\/section>\n\n<section id=\"ls-section-block_619cbcc6c02a6\" class=\"ls-section  section-depassement has-background has-color-4-background-color\" >\n        <div class=\"container container--wide\">\n        \n\n<div class=\"wp-block-columns are-vertically-aligned-center is-layout-flex wp-container-core-columns-is-layout-4 wp-block-columns-is-layout-flex\" id=\"patrimoine\">\n<div class=\"wp-block-column is-vertically-aligned-center is-layout-flow wp-block-column-is-layout-flow\" style=\"flex-basis:40%\">\n<h2 class=\"ls__heading has-color-2-color has-text-color wp-block-heading\">Monumenten en erfgoed<\/h2>\n\n\n\n<p class=\"ls-paragraph\">Liefhebbers van Romaanse kunst kunnen hun hart ophalen. Een groot aantal plaatsen kan worden bezocht langs een ge\u00efmproviseerd pad of tijdens een georganiseerde rondleiding langs een van de hoogtepunten van de Romaanse bouwkunst in het departement.<\/p>\n\n\n\n<h2 class=\"ls__heading has-color-2-color has-text-color wp-block-heading\">De kleine gele trein<\/h2>\n\n\n\n<p class=\"ls-paragraph\">In 63 km verbindt de Gele Trein Villefranche-de-Conflent met Latour-de-Carol. De route, soms hoog, biedt een uitzonderlijk uitzicht op de vallei van de T\u00eat en het plateau van de Cerdagne.<br>Villefranche de Conflent &#8211; Tel : 33 (0)4 68 96 63 64 De toeristische trein van het Katharenland en Fenouill\u00e8des<br>Eeuwfeestelijke spoorwegverbinding tussen Rivesaltes en de Gorges de l&#8217;Aude. St Paul de Fenouillet &#8211; Tel : 33 (0)4 68 20 04 00<\/p>\n<\/div>\n\n\n\n<div class=\"wp-block-column is-vertically-aligned-center fancybox is-layout-flow wp-block-column-is-layout-flow\" style=\"flex-basis:60%\">\n<div class=\"wp-block-columns is-layout-flex wp-container-core-columns-is-layout-3 wp-block-columns-is-layout-flex\">\n<div class=\"wp-block-column is-layout-flow wp-block-column-is-layout-flow\">\n<figure class=\"wp-block-image size-large\"><a href=\"https:\/\/www.campingvallespir.com\/wp-content\/uploads\/2021\/12\/camping-tourisme-cuxa-683x1024.jpg\"><img decoding=\"async\" width=\"683\" height=\"1024\" src=\"https:\/\/www.campingvallespir.com\/wp-content\/uploads\/2021\/12\/camping-tourisme-cuxa-683x1024.jpg\" alt=\"camping tourisme cuxa\" class=\"wp-image-2101\" srcset=\"https:\/\/www.campingvallespir.com\/wp-content\/uploads\/2021\/12\/camping-tourisme-cuxa-683x1024.jpg 683w, https:\/\/www.campingvallespir.com\/wp-content\/uploads\/2021\/12\/camping-tourisme-cuxa-200x300.jpg 200w, https:\/\/www.campingvallespir.com\/wp-content\/uploads\/2021\/12\/camping-tourisme-cuxa-768x1152.jpg 768w, https:\/\/www.campingvallespir.com\/wp-content\/uploads\/2021\/12\/camping-tourisme-cuxa.jpg 800w\" sizes=\"(max-width: 683px) 100vw, 683px\" \/><\/a><\/figure>\n<\/div>\n\n\n\n<div class=\"wp-block-column is-layout-flow wp-block-column-is-layout-flow\">\n<figure class=\"wp-block-image size-large\"><a href=\"https:\/\/www.campingvallespir.com\/wp-content\/uploads\/2021\/12\/camping-villelongue-dels-monts-683x1024.jpg\"><img decoding=\"async\" width=\"683\" height=\"1024\" src=\"https:\/\/www.campingvallespir.com\/wp-content\/uploads\/2021\/12\/camping-villelongue-dels-monts-683x1024.jpg\" alt=\"camping villelongue dels monts\" class=\"wp-image-2104\" srcset=\"https:\/\/www.campingvallespir.com\/wp-content\/uploads\/2021\/12\/camping-villelongue-dels-monts-683x1024.jpg 683w, https:\/\/www.campingvallespir.com\/wp-content\/uploads\/2021\/12\/camping-villelongue-dels-monts-200x300.jpg 200w, https:\/\/www.campingvallespir.com\/wp-content\/uploads\/2021\/12\/camping-villelongue-dels-monts-768x1152.jpg 768w, https:\/\/www.campingvallespir.com\/wp-content\/uploads\/2021\/12\/camping-villelongue-dels-monts.jpg 800w\" sizes=\"(max-width: 683px) 100vw, 683px\" \/><\/a><\/figure>\n<\/div>\n<\/div>\n\n\n\n<figure class=\"wp-block-image size-large\"><a href=\"https:\/\/www.campingvallespir.com\/wp-content\/uploads\/2021\/12\/camping-petit-train-jaune-pyrenees-orientales-1024x378.jpg\"><img decoding=\"async\" width=\"1024\" height=\"378\" src=\"https:\/\/www.campingvallespir.com\/wp-content\/uploads\/2021\/12\/camping-petit-train-jaune-pyrenees-orientales-1024x378.jpg\" alt=\"camping petit train jaune pyrenees orientales\" class=\"wp-image-2107\" srcset=\"https:\/\/www.campingvallespir.com\/wp-content\/uploads\/2021\/12\/camping-petit-train-jaune-pyrenees-orientales-1024x378.jpg 1024w, https:\/\/www.campingvallespir.com\/wp-content\/uploads\/2021\/12\/camping-petit-train-jaune-pyrenees-orientales-300x111.jpg 300w, https:\/\/www.campingvallespir.com\/wp-content\/uploads\/2021\/12\/camping-petit-train-jaune-pyrenees-orientales-768x284.jpg 768w, https:\/\/www.campingvallespir.com\/wp-content\/uploads\/2021\/12\/camping-petit-train-jaune-pyrenees-orientales.jpg 1200w\" sizes=\"(max-width: 1024px) 100vw, 1024px\" \/><\/a><\/figure>\n<\/div>\n<\/div>\n\n\n    <\/div>\n<\/section>\n\n<section id=\"ls-section-block_61b9b9b48737f\" class=\"ls-section  has-background-image has-parallax has-background has-color-black-background-color has-text-color has-color-white-color has-m-t m-t-10\" >\n    <div class=\"ls-section__background-image opacity-50\"><img decoding=\"async\" src=\"https:\/\/www.campingvallespir.com\/wp-content\/uploads\/2021\/12\/camping-chateau-royal-collioure.jpg\" alt=\"camping-chateau-royal-collioure\"><\/div>    <div class=\"container \">\n        \n\n<h2 class=\"ls__heading has-text-align-center wp-block-heading\"><span class=\"has-inline-color has-color-white-color\">Forten en kastelen<\/span><\/h2>\n\n\n\n<p class=\"ls-paragraph has-text-align-center\"><span class=\"has-inline-color has-color-white-color\">In de voetsporen van onze voorouders kunnen jong en oud dromen en de geschiedenis naspelen in de schoenen van een denkbeeldige of een echte held.<\/span><\/p>\n\n\n    <\/div>\n<\/section>\n\n<section id=\"ls-section-block_619cc27e0231b\" class=\"ls-section \" >\n        <div class=\"container container--wide\">\n        \n\n<div class=\"wp-block-columns are-vertically-aligned-center is-layout-flex wp-container-core-columns-is-layout-6 wp-block-columns-is-layout-flex\">\n<div class=\"wp-block-column is-vertically-aligned-center is-layout-flow wp-block-column-is-layout-flow\" style=\"flex-basis:60%\">\n<div class=\"wp-block-columns fancybox is-layout-flex wp-container-core-columns-is-layout-5 wp-block-columns-is-layout-flex\">\n<div class=\"wp-block-column is-layout-flow wp-block-column-is-layout-flow\">\n<figure class=\"wp-block-image size-large\"><a href=\"https:\/\/www.campingvallespir.com\/wp-content\/uploads\/2021\/12\/camping-perpignan-1024x683.jpg\"><img decoding=\"async\" width=\"1024\" height=\"683\" src=\"https:\/\/www.campingvallespir.com\/wp-content\/uploads\/2021\/12\/camping-perpignan-1024x683.jpg\" alt=\"camping perpignan\" class=\"wp-image-2113\" srcset=\"https:\/\/www.campingvallespir.com\/wp-content\/uploads\/2021\/12\/camping-perpignan-1024x683.jpg 1024w, https:\/\/www.campingvallespir.com\/wp-content\/uploads\/2021\/12\/camping-perpignan-300x200.jpg 300w, https:\/\/www.campingvallespir.com\/wp-content\/uploads\/2021\/12\/camping-perpignan-768x512.jpg 768w, https:\/\/www.campingvallespir.com\/wp-content\/uploads\/2021\/12\/camping-perpignan.jpg 1200w\" sizes=\"(max-width: 1024px) 100vw, 1024px\" \/><\/a><\/figure>\n\n\n\n<figure class=\"wp-block-image size-large\"><a href=\"https:\/\/www.campingvallespir.com\/wp-content\/uploads\/2021\/12\/camping-gorges-de-galamus-1024x683.jpg\"><img decoding=\"async\" width=\"1024\" height=\"683\" src=\"https:\/\/www.campingvallespir.com\/wp-content\/uploads\/2021\/12\/camping-gorges-de-galamus-1024x683.jpg\" alt=\"camping gorges de galamus\" class=\"wp-image-2116\" srcset=\"https:\/\/www.campingvallespir.com\/wp-content\/uploads\/2021\/12\/camping-gorges-de-galamus-1024x683.jpg 1024w, https:\/\/www.campingvallespir.com\/wp-content\/uploads\/2021\/12\/camping-gorges-de-galamus-300x200.jpg 300w, https:\/\/www.campingvallespir.com\/wp-content\/uploads\/2021\/12\/camping-gorges-de-galamus-768x512.jpg 768w, https:\/\/www.campingvallespir.com\/wp-content\/uploads\/2021\/12\/camping-gorges-de-galamus.jpg 1200w\" sizes=\"(max-width: 1024px) 100vw, 1024px\" \/><\/a><\/figure>\n<\/div>\n\n\n\n<div class=\"wp-block-column is-layout-flow wp-block-column-is-layout-flow\">\n<figure class=\"wp-block-image size-large\"><a href=\"https:\/\/www.campingvallespir.com\/wp-content\/uploads\/2021\/12\/camping-thuir-683x1024.jpg\"><img decoding=\"async\" width=\"683\" height=\"1024\" src=\"https:\/\/www.campingvallespir.com\/wp-content\/uploads\/2021\/12\/camping-thuir-683x1024.jpg\" alt=\"camping thuir\" class=\"wp-image-2119\" srcset=\"https:\/\/www.campingvallespir.com\/wp-content\/uploads\/2021\/12\/camping-thuir-683x1024.jpg 683w, https:\/\/www.campingvallespir.com\/wp-content\/uploads\/2021\/12\/camping-thuir-200x300.jpg 200w, https:\/\/www.campingvallespir.com\/wp-content\/uploads\/2021\/12\/camping-thuir-768x1151.jpg 768w, https:\/\/www.campingvallespir.com\/wp-content\/uploads\/2021\/12\/camping-thuir.jpg 800w\" sizes=\"(max-width: 683px) 100vw, 683px\" \/><\/a><\/figure>\n<\/div>\n<\/div>\n<\/div>\n\n\n\n<div class=\"wp-block-column is-vertically-aligned-center is-layout-flow wp-block-column-is-layout-flow\" style=\"flex-basis:40%\">\n<h2 class=\"ls__heading has-color-1-color has-text-color wp-block-heading\">Catalaanse steden en dorpen<\/h2>\n\n\n\n<p class=\"ls-paragraph\">In de bocht van de weg kunt u de schoonheid van de Catalaanse dorpen ontdekken, vol geschiedenis en tradities die ook nu nog springlevend zijn.<\/p>\n\n\n\n<h2 class=\"ls__heading has-color-1-color has-text-color wp-block-heading\">Natuurlijke sites<\/h2>\n\n\n\n<p class=\"ls-paragraph\">Natuurgebieden De diversiteit van de landschappen en de wildheid van de Pyrenee\u00ebn zullen u bekoren. In de grotten en kloven van de streek kunt u genieten van de natuurlijke koelte, zelfs in de warmste seizoenen van het jaar.<\/p>\n\n\n\n<h2 class=\"ls__heading has-color-1-color has-text-color wp-block-heading\">Ontdekkingsreis<\/h2>\n\n\n\n<p class=\"ls-paragraph\">Voor het plezier van de ogen, de neus en de smaakpapillen, een veelheid aan activiteiten te ontdekken om uw verblijf te verrijken.<\/p>\n<\/div>\n<\/div>\n\n\n    <\/div>\n<\/section>\n\n<section id=\"ls-section-block_61b9b6f68737e\" class=\"ls-section  section-depassement has-background has-color-4-background-color\" >\n        <div class=\"container container--wide\">\n        \n\n<div class=\"wp-block-columns are-vertically-aligned-center is-layout-flex wp-container-core-columns-is-layout-8 wp-block-columns-is-layout-flex\">\n<div class=\"wp-block-column is-vertically-aligned-center is-layout-flow wp-block-column-is-layout-flow\" style=\"flex-basis:40%\">\n<h2 class=\"ls__heading has-color-2-color has-text-color wp-block-heading\">Activiteiten in de omgeving<\/h2>\n\n\n\n<h3 class=\"ls__heading has-color-2-color has-text-color wp-block-heading\">Pretparken<\/h3>\n\n\n\n<p class=\"ls-paragraph\">Er is voor elk wat wils, van het park voor een rustig gezinsuitstapje, over het sportpark voor de avonturiers in spe, tot de betoverende parken die u met hun magie wegvoeren van alle drukte.<\/p>\n\n\n\n<h3 class=\"ls__heading has-color-2-color has-text-color wp-block-heading\">Culturele activiteiten<\/h3>\n\n\n\n<p class=\"ls-paragraph\"><span class=\"has-inline-color has-color-2-color\">Musea De geschiedenis van de mensheid en de kunst heeft in de regio een pauze ingelast om u enkele echte juweeltjes te bieden die u zonder mate kunt ontdekken.<\/span><\/p>\n\n\n\n<h3 class=\"ls__heading has-color-2-color has-text-color wp-block-heading\">Activiteiten in de open lucht<\/h3>\n\n\n\n<p class=\"ls-paragraph\"><span class=\"has-inline-color has-color-2-color\">Canyoning, Watertrekking, Via-ferrata, Klimmen, Wandelen en Mountainbiken met een gediplomeerde instructeur van de Franse staat.<\/span><\/p>\n<\/div>\n\n\n\n<div class=\"wp-block-column is-vertically-aligned-center fancybox is-layout-flow wp-block-column-is-layout-flow\" style=\"flex-basis:60%\">\n<div class=\"wp-block-columns is-layout-flex wp-container-core-columns-is-layout-7 wp-block-columns-is-layout-flex\">\n<div class=\"wp-block-column is-layout-flow wp-block-column-is-layout-flow\">\n<figure class=\"wp-block-image size-large\"><a href=\"https:\/\/www.campingvallespir.com\/wp-content\/uploads\/2021\/12\/camping-port-aventura-683x1024.jpg\"><img decoding=\"async\" width=\"683\" height=\"1024\" src=\"https:\/\/www.campingvallespir.com\/wp-content\/uploads\/2021\/12\/camping-port-aventura-683x1024.jpg\" alt=\"camping port aventura\" class=\"wp-image-2122\" srcset=\"https:\/\/www.campingvallespir.com\/wp-content\/uploads\/2021\/12\/camping-port-aventura-683x1024.jpg 683w, https:\/\/www.campingvallespir.com\/wp-content\/uploads\/2021\/12\/camping-port-aventura-200x300.jpg 200w, https:\/\/www.campingvallespir.com\/wp-content\/uploads\/2021\/12\/camping-port-aventura-768x1152.jpg 768w, https:\/\/www.campingvallespir.com\/wp-content\/uploads\/2021\/12\/camping-port-aventura.jpg 800w\" sizes=\"(max-width: 683px) 100vw, 683px\" \/><\/a><\/figure>\n<\/div>\n\n\n\n<div class=\"wp-block-column is-layout-flow wp-block-column-is-layout-flow\">\n<figure class=\"wp-block-image size-large\"><a href=\"https:\/\/www.campingvallespir.com\/wp-content\/uploads\/2021\/12\/camping-pic-du-canigou-683x1024.jpg\"><img decoding=\"async\" width=\"683\" height=\"1024\" src=\"https:\/\/www.campingvallespir.com\/wp-content\/uploads\/2021\/12\/camping-pic-du-canigou-683x1024.jpg\" alt=\"camping pic du canigou\" class=\"wp-image-2125\" srcset=\"https:\/\/www.campingvallespir.com\/wp-content\/uploads\/2021\/12\/camping-pic-du-canigou-683x1024.jpg 683w, https:\/\/www.campingvallespir.com\/wp-content\/uploads\/2021\/12\/camping-pic-du-canigou-200x300.jpg 200w, https:\/\/www.campingvallespir.com\/wp-content\/uploads\/2021\/12\/camping-pic-du-canigou-768x1152.jpg 768w, https:\/\/www.campingvallespir.com\/wp-content\/uploads\/2021\/12\/camping-pic-du-canigou.jpg 800w\" sizes=\"(max-width: 683px) 100vw, 683px\" \/><\/a><\/figure>\n<\/div>\n<\/div>\n\n\n\n<figure class=\"wp-block-image size-large\"><a href=\"https:\/\/www.campingvallespir.com\/wp-content\/uploads\/2021\/12\/camping-ceret-1024x377.jpg\"><img decoding=\"async\" width=\"1024\" height=\"377\" src=\"https:\/\/www.campingvallespir.com\/wp-content\/uploads\/2021\/12\/camping-ceret-1024x377.jpg\" alt=\"camping ceret\" class=\"wp-image-2128\" srcset=\"https:\/\/www.campingvallespir.com\/wp-content\/uploads\/2021\/12\/camping-ceret-1024x377.jpg 1024w, https:\/\/www.campingvallespir.com\/wp-content\/uploads\/2021\/12\/camping-ceret-300x111.jpg 300w, https:\/\/www.campingvallespir.com\/wp-content\/uploads\/2021\/12\/camping-ceret-768x283.jpg 768w, https:\/\/www.campingvallespir.com\/wp-content\/uploads\/2021\/12\/camping-ceret.jpg 1200w\" sizes=\"(max-width: 1024px) 100vw, 1024px\" \/><\/a><\/figure>\n<\/div>\n<\/div>\n\n\n    <\/div>\n<\/section>\n\n<section id=\"ls-section-block_61b9bd4487380\" class=\"ls-section  has-background-image has-parallax has-background has-color-black-background-color has-text-color has-color-white-color has-m-t m-t-10\" >\n    <div class=\"ls-section__background-image opacity-50\"><img decoding=\"async\" src=\"https:\/\/www.campingvallespir.com\/wp-content\/uploads\/2021\/12\/camping-argeles-sur-mer.jpg\" alt=\"camping-argeles-sur-mer\"><\/div>    <div class=\"container \">\n        \n\n<h3 class=\"ls__heading has-text-align-center has-large-font-size wp-block-heading\"><span class=\"has-inline-color has-color-white-color\">Vrije tijd<\/span><\/h3>\n\n\n\n<p class=\"ls-paragraph has-text-align-center\">Buggy verhuur:<br>Panoramische ontdekking van de Vallespir, begeleide ontdekking van 4 uur, 60 km waarvan 50 km over onverharde weg.<br>Rue du 14 juillet &#8211; 66150 Arles sur Tech &#8211; Tel : 33 (0)4 68 54 90 87<br>Wandelen en vissen op zee<br>Wandelingen langs het water op verschillende routes \/ Zeevissen.<br>Port Argel\u00e8s &#8211; Tel : 33 (0)6 33 04 21 37<\/p>\n\n\n    <\/div>\n<\/section>\n\n<section id=\"marche\" class=\"ls-section  has-p-b p-b-0\" >\n        <div class=\"container container--wide\">\n        \n\n<div class=\"wp-block-columns are-vertically-aligned-top is-layout-flex wp-container-core-columns-is-layout-10 wp-block-columns-is-layout-flex\">\n<div class=\"wp-block-column is-vertically-aligned-top is-layout-flow wp-block-column-is-layout-flow\">\n<div class=\"wp-block-columns fancybox is-layout-flex wp-container-core-columns-is-layout-9 wp-block-columns-is-layout-flex\">\n<div class=\"wp-block-column is-layout-flow wp-block-column-is-layout-flow\">\n<figure class=\"wp-block-image size-large\"><a href=\"https:\/\/www.campingvallespir.com\/wp-content\/uploads\/2021\/12\/camping-marche-produits-catalans-1024x683.jpg\"><img decoding=\"async\" width=\"1024\" height=\"683\" src=\"https:\/\/www.campingvallespir.com\/wp-content\/uploads\/2021\/12\/camping-marche-produits-catalans-1024x683.jpg\" alt=\"camping marche produits catalans\" class=\"wp-image-2134\" srcset=\"https:\/\/www.campingvallespir.com\/wp-content\/uploads\/2021\/12\/camping-marche-produits-catalans-1024x683.jpg 1024w, https:\/\/www.campingvallespir.com\/wp-content\/uploads\/2021\/12\/camping-marche-produits-catalans-300x200.jpg 300w, https:\/\/www.campingvallespir.com\/wp-content\/uploads\/2021\/12\/camping-marche-produits-catalans-768x512.jpg 768w, https:\/\/www.campingvallespir.com\/wp-content\/uploads\/2021\/12\/camping-marche-produits-catalans.jpg 1200w\" sizes=\"(max-width: 1024px) 100vw, 1024px\" \/><\/a><\/figure>\n\n\n\n<figure class=\"wp-block-image size-large\"><a href=\"https:\/\/www.campingvallespir.com\/wp-content\/uploads\/2021\/12\/camping-marche-specialites-catalanes-1024x683.jpg\"><img decoding=\"async\" width=\"1024\" height=\"683\" src=\"https:\/\/www.campingvallespir.com\/wp-content\/uploads\/2021\/12\/camping-marche-specialites-catalanes-1024x683.jpg\" alt=\"camping marche specialites catalanes\" class=\"wp-image-2137\" srcset=\"https:\/\/www.campingvallespir.com\/wp-content\/uploads\/2021\/12\/camping-marche-specialites-catalanes-1024x683.jpg 1024w, https:\/\/www.campingvallespir.com\/wp-content\/uploads\/2021\/12\/camping-marche-specialites-catalanes-300x200.jpg 300w, https:\/\/www.campingvallespir.com\/wp-content\/uploads\/2021\/12\/camping-marche-specialites-catalanes-768x512.jpg 768w, https:\/\/www.campingvallespir.com\/wp-content\/uploads\/2021\/12\/camping-marche-specialites-catalanes.jpg 1200w\" sizes=\"(max-width: 1024px) 100vw, 1024px\" \/><\/a><\/figure>\n<\/div>\n\n\n\n<div class=\"wp-block-column is-layout-flow wp-block-column-is-layout-flow\">\n<figure class=\"wp-block-image size-large\"><a href=\"https:\/\/www.campingvallespir.com\/wp-content\/uploads\/2021\/12\/camping-proche-marche-arles-sur-tech-683x1024.jpg\"><img decoding=\"async\" width=\"683\" height=\"1024\" src=\"https:\/\/www.campingvallespir.com\/wp-content\/uploads\/2021\/12\/camping-proche-marche-arles-sur-tech-683x1024.jpg\" alt=\"camping proche marche arles sur tech\" class=\"wp-image-2140\" srcset=\"https:\/\/www.campingvallespir.com\/wp-content\/uploads\/2021\/12\/camping-proche-marche-arles-sur-tech-683x1024.jpg 683w, https:\/\/www.campingvallespir.com\/wp-content\/uploads\/2021\/12\/camping-proche-marche-arles-sur-tech-200x300.jpg 200w, https:\/\/www.campingvallespir.com\/wp-content\/uploads\/2021\/12\/camping-proche-marche-arles-sur-tech-768x1152.jpg 768w, https:\/\/www.campingvallespir.com\/wp-content\/uploads\/2021\/12\/camping-proche-marche-arles-sur-tech.jpg 800w\" sizes=\"(max-width: 683px) 100vw, 683px\" \/><\/a><\/figure>\n<\/div>\n<\/div>\n<\/div>\n\n\n\n<div class=\"wp-block-column is-vertically-aligned-top is-layout-flow wp-block-column-is-layout-flow\" style=\"flex-basis:40%\">\n<h2 class=\"ls__heading has-color-1-color has-text-color wp-block-heading\">De Markten<\/h2>\n\n\n\n<p class=\"ls-paragraph\">Wekelijkse markten :<\/p>\n\n\n\n<ul class=\"ls-list wp-block-list\" value=\"<li class=&quot;ls__list-item is-item-undefined&quot;&gt;In Arles sur Tech, Place Joseph Monin op woensdagmorgen.<\/li&gt;<li class=&quot;ls__list-item is-item-undefined&quot;&gt;In Am\u00e9lie les Bains - Place de la Sardane op donderdagmorgen.<\/li&gt;<li class=&quot;ls__list-item is-item-undefined&quot;&gt;In C\u00e9ret op zaterdagmorgen.<\/li&gt;<li class=&quot;ls__list-item is-item-undefined&quot;&gt;Avondmarkt in C\u00e9ret, dinsdags van 19.00 tot 23.00 uur (in het seizoen).<\/li&gt;<li class=&quot;ls__list-item is-item-undefined&quot;&gt;Een Palalda op de middag.<\/li&gt;\"><li>In Arles sur Tech, Place Joseph Monin op woensdagmorgen.<\/li><li>In Am\u00e9lie les Bains &#8211; Place de la Sardane op donderdagmorgen.<\/li><li>In C\u00e9ret op zaterdagmorgen.<\/li><li>Avondmarkt in C\u00e9ret, dinsdags van 19.00 tot 23.00 uur (in het seizoen).<\/li><li>Een Palalda op de middag.<\/li><\/ul>\n<\/div>\n<\/div>\n\n\n    <\/div>\n<\/section>\n\n<section id=\"ls-section-block_61b32d43dcdcb\" class=\"ls-section \" >\n        <div class=\"container container--wide\">\n        \n\n<div id=\"ls-heading ls-titre-div-block_61b32d57dcdcc\" class=\"ls-titre-div ls__heading has-color-1-color has-text-color aligncenter h2-like\" >\n    Ontdek de andere diensten van de camping<\/div>\n\n\n\n<div class=\"wp-block-columns is-layout-flex wp-container-core-columns-is-layout-11 wp-block-columns-is-layout-flex\">\n<div class=\"wp-block-column ls-cta is-layout-flow wp-block-column-is-layout-flow\"><div id=\"ls-maillage-block_61b32d91dcdcd\" class=\"ls-maillage cta-style-normal\" data-rows=\"3\">\r\n    <div class=\"wp-block-columns\"><div class=\"wp-block-column\">\r\n<a href=\"https:\/\/www.campingvallespir.com\/nl\/camping-animatie-arles-sur-tech\/\" target=\"\" rel=\"noopener\" class=\"ls-cta__link\">\r\n\r\n\t<div class=\"ls-cta__image\"><img decoding=\"async\" src=\"https:\/\/www.campingvallespir.com\/wp-content\/uploads\/2021\/12\/camping-animations-arles-sur-tech-768x512.jpg\" alt=\"camping-animations-arles-sur-tech\"><\/div>\r\n\t<div class=\"ls-cta__title\">\r\n\t\tAnimaties\t<\/div>\r\n\r\n\t\t\r\n<\/a><\/div><\/div><\/div><\/div>\n\n\n\n<div class=\"wp-block-column ls-cta is-layout-flow wp-block-column-is-layout-flow\"><div id=\"ls-maillage-block_61b32d96dcdce\" class=\"ls-maillage cta-style-normal\" data-rows=\"3\">\r\n    <div class=\"wp-block-columns\"><div class=\"wp-block-column\">\r\n<a href=\"https:\/\/www.campingvallespir.com\/nl\/camping-verwarmd-zwembad-arles-sur-tech\/\" target=\"\" rel=\"noopener\" class=\"ls-cta__link\">\r\n\r\n\t<div class=\"ls-cta__image\"><img decoding=\"async\" src=\"https:\/\/www.campingvallespir.com\/wp-content\/uploads\/2021\/11\/camping-vallespir-header-img-768x454.jpg\" alt=\"camping-vallespir-header-img\"><\/div>\r\n\t<div class=\"ls-cta__title\">\r\n\t\tZwembad\t<\/div>\r\n\r\n\t\t\r\n<\/a><\/div><\/div><\/div><\/div>\n\n\n\n<div class=\"wp-block-column ls-cta is-layout-flow wp-block-column-is-layout-flow\"><div id=\"ls-maillage-block_61b32d9cdcdcf\" class=\"ls-maillage cta-style-normal\" data-rows=\"3\">\r\n    <div class=\"wp-block-columns\"><div class=\"wp-block-column\">\r\n<a href=\"https:\/\/www.campingvallespir.com\/nl\/kampeerterrein-riverside-arles-sur-tech\/\" target=\"\" rel=\"noopener\" class=\"ls-cta__link\">\r\n\r\n\t<div class=\"ls-cta__image\"><img decoding=\"async\" src=\"https:\/\/www.campingvallespir.com\/wp-content\/uploads\/2021\/12\/camping-riviere-arles-sur-tech.jpg\" alt=\"camping-riviere-arles-sur-tech\"><\/div>\r\n\t<div class=\"ls-cta__title\">\r\n\t\tRivier\t<\/div>\r\n\r\n\t\t\r\n<\/a><\/div><\/div><\/div><\/div>\n<\/div>\n\n\n    <\/div>\n<\/section>","protected":false},"excerpt":{"rendered":"<p>De omgeving van onze camping in de Pyr\u00e9n\u00e9es-Orientales<\/p>\n","protected":false},"author":1,"featured_media":2143,"parent":0,"menu_order":0,"comment_status":"closed","ping_status":"closed","template":"","meta":{"_acf_changed":false,"footnotes":""},"sujet":[],"class_list":["post-2847","page","type-page","status-publish","has-post-thumbnail","hentry"],"acf":[],"yoast_head":"<!-- This site is optimized with the Yoast SEO plugin v23.4 - https:\/\/yoast.com\/wordpress\/plugins\/seo\/ -->\n<title>Camping dichtbij toeristische plaatsen in Pyr\u00e9n\u00e9es-Orientales<\/title>\n<meta name=\"robots\" content=\"index, follow, max-snippet:-1, max-image-preview:large, max-video-preview:-1\" \/>\n<link rel=\"canonical\" href=\"https:\/\/www.campingvallespir.com\/nl\/de-omgeving-van-de-camping\/\" \/>\n<meta property=\"og:locale\" content=\"nl_NL\" \/>\n<meta property=\"og:type\" content=\"article\" \/>\n<meta property=\"og:title\" content=\"Camping dichtbij toeristische plaatsen in Pyr\u00e9n\u00e9es-Orientales\" \/>\n<meta property=\"og:description\" content=\"De omgeving van onze camping in de Pyr\u00e9n\u00e9es-Orientales\" \/>\n<meta property=\"og:url\" content=\"https:\/\/www.campingvallespir.com\/nl\/de-omgeving-van-de-camping\/\" \/>\n<meta property=\"og:site_name\" content=\"Camping Vallespir\" \/>\n<meta property=\"article:modified_time\" content=\"2022-01-17T13:27:25+00:00\" \/>\n<meta property=\"og:image\" content=\"https:\/\/www.campingvallespir.com\/wp-content\/uploads\/2021\/12\/camping-pyrenees-orientales.jpg\" \/>\n\t<meta property=\"og:image:width\" content=\"1900\" \/>\n\t<meta property=\"og:image:height\" content=\"701\" \/>\n\t<meta property=\"og:image:type\" content=\"image\/jpeg\" \/>\n<meta name=\"twitter:card\" content=\"summary_large_image\" \/>\n<meta name=\"twitter:label1\" content=\"Geschatte leestijd\" \/>\n\t<meta name=\"twitter:data1\" content=\"6 minuten\" \/>\n<script type=\"application\/ld+json\" class=\"yoast-schema-graph\">{\"@context\":\"https:\/\/schema.org\",\"@graph\":[{\"@type\":\"WebPage\",\"@id\":\"https:\/\/www.campingvallespir.com\/nl\/de-omgeving-van-de-camping\/\",\"url\":\"https:\/\/www.campingvallespir.com\/nl\/de-omgeving-van-de-camping\/\",\"name\":\"Camping dichtbij toeristische plaatsen in Pyr\u00e9n\u00e9es-Orientales\",\"isPartOf\":{\"@id\":\"https:\/\/www.campingvallespir.com\/nl\/#website\"},\"primaryImageOfPage\":{\"@id\":\"https:\/\/www.campingvallespir.com\/nl\/de-omgeving-van-de-camping\/#primaryimage\"},\"image\":{\"@id\":\"https:\/\/www.campingvallespir.com\/nl\/de-omgeving-van-de-camping\/#primaryimage\"},\"thumbnailUrl\":\"https:\/\/www.campingvallespir.com\/wp-content\/uploads\/2021\/12\/camping-pyrenees-orientales.jpg\",\"datePublished\":\"2021-11-18T06:15:50+00:00\",\"dateModified\":\"2022-01-17T13:27:25+00:00\",\"breadcrumb\":{\"@id\":\"https:\/\/www.campingvallespir.com\/nl\/de-omgeving-van-de-camping\/#breadcrumb\"},\"inLanguage\":\"nl-NL\",\"potentialAction\":[{\"@type\":\"ReadAction\",\"target\":[\"https:\/\/www.campingvallespir.com\/nl\/de-omgeving-van-de-camping\/\"]}]},{\"@type\":\"ImageObject\",\"inLanguage\":\"nl-NL\",\"@id\":\"https:\/\/www.campingvallespir.com\/nl\/de-omgeving-van-de-camping\/#primaryimage\",\"url\":\"https:\/\/www.campingvallespir.com\/wp-content\/uploads\/2021\/12\/camping-pyrenees-orientales.jpg\",\"contentUrl\":\"https:\/\/www.campingvallespir.com\/wp-content\/uploads\/2021\/12\/camping-pyrenees-orientales.jpg\",\"width\":1900,\"height\":701,\"caption\":\"camping-pyrenees-orientales\"},{\"@type\":\"BreadcrumbList\",\"@id\":\"https:\/\/www.campingvallespir.com\/nl\/de-omgeving-van-de-camping\/#breadcrumb\",\"itemListElement\":[{\"@type\":\"ListItem\",\"position\":1,\"name\":\"Camping Am\u00e9lie les Bains\",\"item\":\"https:\/\/www.campingvallespir.com\/nl\/\"},{\"@type\":\"ListItem\",\"position\":2,\"name\":\"De omgeving van de camping op het Catalaanse platteland\"}]},{\"@type\":\"WebSite\",\"@id\":\"https:\/\/www.campingvallespir.com\/nl\/#website\",\"url\":\"https:\/\/www.campingvallespir.com\/nl\/\",\"name\":\"Camping Vallespir\",\"description\":\"\",\"publisher\":{\"@id\":\"https:\/\/www.campingvallespir.com\/nl\/#organization\"},\"potentialAction\":[{\"@type\":\"SearchAction\",\"target\":{\"@type\":\"EntryPoint\",\"urlTemplate\":\"https:\/\/www.campingvallespir.com\/nl\/?s={search_term_string}\"},\"query-input\":{\"@type\":\"PropertyValueSpecification\",\"valueRequired\":true,\"valueName\":\"search_term_string\"}}],\"inLanguage\":\"nl-NL\"},{\"@type\":\"Organization\",\"@id\":\"https:\/\/www.campingvallespir.com\/nl\/#organization\",\"name\":\"Camping Vallespir\",\"url\":\"https:\/\/www.campingvallespir.com\/nl\/\",\"logo\":{\"@type\":\"ImageObject\",\"inLanguage\":\"nl-NL\",\"@id\":\"https:\/\/www.campingvallespir.com\/nl\/#\/schema\/logo\/image\/\",\"url\":\"https:\/\/www.campingvallespir.com\/wp-content\/uploads\/2021\/11\/camping-vallespir-logo.png\",\"contentUrl\":\"https:\/\/www.campingvallespir.com\/wp-content\/uploads\/2021\/11\/camping-vallespir-logo.png\",\"width\":680,\"height\":500,\"caption\":\"Camping Vallespir\"},\"image\":{\"@id\":\"https:\/\/www.campingvallespir.com\/nl\/#\/schema\/logo\/image\/\"}}]}<\/script>\n<!-- \/ Yoast SEO plugin. -->","yoast_head_json":{"title":"Camping dichtbij toeristische plaatsen in Pyr\u00e9n\u00e9es-Orientales","robots":{"index":"index","follow":"follow","max-snippet":"max-snippet:-1","max-image-preview":"max-image-preview:large","max-video-preview":"max-video-preview:-1"},"canonical":"https:\/\/www.campingvallespir.com\/nl\/de-omgeving-van-de-camping\/","og_locale":"nl_NL","og_type":"article","og_title":"Camping dichtbij toeristische plaatsen in Pyr\u00e9n\u00e9es-Orientales","og_description":"De omgeving van onze camping in de Pyr\u00e9n\u00e9es-Orientales","og_url":"https:\/\/www.campingvallespir.com\/nl\/de-omgeving-van-de-camping\/","og_site_name":"Camping Vallespir","article_modified_time":"2022-01-17T13:27:25+00:00","og_image":[{"width":1900,"height":701,"url":"https:\/\/www.campingvallespir.com\/wp-content\/uploads\/2021\/12\/camping-pyrenees-orientales.jpg","type":"image\/jpeg"}],"twitter_card":"summary_large_image","twitter_misc":{"Geschatte leestijd":"6 minuten"},"schema":{"@context":"https:\/\/schema.org","@graph":[{"@type":"WebPage","@id":"https:\/\/www.campingvallespir.com\/nl\/de-omgeving-van-de-camping\/","url":"https:\/\/www.campingvallespir.com\/nl\/de-omgeving-van-de-camping\/","name":"Camping dichtbij toeristische plaatsen in Pyr\u00e9n\u00e9es-Orientales","isPartOf":{"@id":"https:\/\/www.campingvallespir.com\/nl\/#website"},"primaryImageOfPage":{"@id":"https:\/\/www.campingvallespir.com\/nl\/de-omgeving-van-de-camping\/#primaryimage"},"image":{"@id":"https:\/\/www.campingvallespir.com\/nl\/de-omgeving-van-de-camping\/#primaryimage"},"thumbnailUrl":"https:\/\/www.campingvallespir.com\/wp-content\/uploads\/2021\/12\/camping-pyrenees-orientales.jpg","datePublished":"2021-11-18T06:15:50+00:00","dateModified":"2022-01-17T13:27:25+00:00","breadcrumb":{"@id":"https:\/\/www.campingvallespir.com\/nl\/de-omgeving-van-de-camping\/#breadcrumb"},"inLanguage":"nl-NL","potentialAction":[{"@type":"ReadAction","target":["https:\/\/www.campingvallespir.com\/nl\/de-omgeving-van-de-camping\/"]}]},{"@type":"ImageObject","inLanguage":"nl-NL","@id":"https:\/\/www.campingvallespir.com\/nl\/de-omgeving-van-de-camping\/#primaryimage","url":"https:\/\/www.campingvallespir.com\/wp-content\/uploads\/2021\/12\/camping-pyrenees-orientales.jpg","contentUrl":"https:\/\/www.campingvallespir.com\/wp-content\/uploads\/2021\/12\/camping-pyrenees-orientales.jpg","width":1900,"height":701,"caption":"camping-pyrenees-orientales"},{"@type":"BreadcrumbList","@id":"https:\/\/www.campingvallespir.com\/nl\/de-omgeving-van-de-camping\/#breadcrumb","itemListElement":[{"@type":"ListItem","position":1,"name":"Camping Am\u00e9lie les Bains","item":"https:\/\/www.campingvallespir.com\/nl\/"},{"@type":"ListItem","position":2,"name":"De omgeving van de camping op het Catalaanse platteland"}]},{"@type":"WebSite","@id":"https:\/\/www.campingvallespir.com\/nl\/#website","url":"https:\/\/www.campingvallespir.com\/nl\/","name":"Camping Vallespir","description":"","publisher":{"@id":"https:\/\/www.campingvallespir.com\/nl\/#organization"},"potentialAction":[{"@type":"SearchAction","target":{"@type":"EntryPoint","urlTemplate":"https:\/\/www.campingvallespir.com\/nl\/?s={search_term_string}"},"query-input":{"@type":"PropertyValueSpecification","valueRequired":true,"valueName":"search_term_string"}}],"inLanguage":"nl-NL"},{"@type":"Organization","@id":"https:\/\/www.campingvallespir.com\/nl\/#organization","name":"Camping Vallespir","url":"https:\/\/www.campingvallespir.com\/nl\/","logo":{"@type":"ImageObject","inLanguage":"nl-NL","@id":"https:\/\/www.campingvallespir.com\/nl\/#\/schema\/logo\/image\/","url":"https:\/\/www.campingvallespir.com\/wp-content\/uploads\/2021\/11\/camping-vallespir-logo.png","contentUrl":"https:\/\/www.campingvallespir.com\/wp-content\/uploads\/2021\/11\/camping-vallespir-logo.png","width":680,"height":500,"caption":"Camping Vallespir"},"image":{"@id":"https:\/\/www.campingvallespir.com\/nl\/#\/schema\/logo\/image\/"}}]}},"_links":{"self":[{"href":"https:\/\/www.campingvallespir.com\/nl\/wp-json\/wp\/v2\/pages\/2847"}],"collection":[{"href":"https:\/\/www.campingvallespir.com\/nl\/wp-json\/wp\/v2\/pages"}],"about":[{"href":"https:\/\/www.campingvallespir.com\/nl\/wp-json\/wp\/v2\/types\/page"}],"author":[{"embeddable":true,"href":"https:\/\/www.campingvallespir.com\/nl\/wp-json\/wp\/v2\/users\/1"}],"replies":[{"embeddable":true,"href":"https:\/\/www.campingvallespir.com\/nl\/wp-json\/wp\/v2\/comments?post=2847"}],"version-history":[{"count":9,"href":"https:\/\/www.campingvallespir.com\/nl\/wp-json\/wp\/v2\/pages\/2847\/revisions"}],"predecessor-version":[{"id":3175,"href":"https:\/\/www.campingvallespir.com\/nl\/wp-json\/wp\/v2\/pages\/2847\/revisions\/3175"}],"wp:featuredmedia":[{"embeddable":true,"href":"https:\/\/www.campingvallespir.com\/nl\/wp-json\/wp\/v2\/media\/2143"}],"wp:attachment":[{"href":"https:\/\/www.campingvallespir.com\/nl\/wp-json\/wp\/v2\/media?parent=2847"}],"wp:term":[{"taxonomy":"sujet","embeddable":true,"href":"https:\/\/www.campingvallespir.com\/nl\/wp-json\/wp\/v2\/sujet?post=2847"}],"curies":[{"name":"wp","href":"https:\/\/api.w.org\/{rel}","templated":true}]}}