{"id":2811,"date":"2021-11-18T07:13:19","date_gmt":"2021-11-18T06:13:19","guid":{"rendered":"https:\/\/www.campingvallespir.com\/camping-curistes-arles-sur-tech\/"},"modified":"2022-06-13T11:33:00","modified_gmt":"2022-06-13T09:33:00","slug":"kamperen-curist-arles-sur-tech","status":"publish","type":"page","link":"https:\/\/www.campingvallespir.com\/nl\/kamperen-curist-arles-sur-tech\/","title":{"rendered":"Thermes"},"content":{"rendered":"\n<h1 class=\"ls__heading has-text-align-center m-t-10 m-b-0 ursula has-color-1-color has-text-color has-large-font-size wp-block-heading\">Camping op 5 minuten van de thermale baden van Am\u00e9lie-les-Bains<\/h1>\n\n\n<section id=\"aquagym\" class=\"ls-section \" >\n        <div class=\"container container--wide\">\n        \n\n<div class=\"wp-block-columns are-vertically-aligned-center is-layout-flex wp-container-core-columns-is-layout-2 wp-block-columns-is-layout-flex\">\n<div class=\"wp-block-column is-vertically-aligned-center is-layout-flow wp-block-column-is-layout-flow\">\n<div class=\"wp-block-columns fancybox is-layout-flex wp-container-core-columns-is-layout-1 wp-block-columns-is-layout-flex\">\n<div class=\"wp-block-column is-layout-flow wp-block-column-is-layout-flow\">\n<figure class=\"wp-block-image size-large\"><a href=\"http:\/\/www.campingvallespir.com\/wp-content\/uploads\/2021\/12\/camping-tarif-curiste-arles-sur-tech.jpg\"><img decoding=\"async\" width=\"1024\" height=\"683\" src=\"https:\/\/www.campingvallespir.com\/wp-content\/uploads\/2021\/12\/camping-tarif-curiste-arles-sur-tech-1024x683.jpg\" alt=\"camping tarif curiste arles sur tech\" class=\"wp-image-2158\" srcset=\"https:\/\/www.campingvallespir.com\/wp-content\/uploads\/2021\/12\/camping-tarif-curiste-arles-sur-tech-1024x683.jpg 1024w, https:\/\/www.campingvallespir.com\/wp-content\/uploads\/2021\/12\/camping-tarif-curiste-arles-sur-tech-300x200.jpg 300w, https:\/\/www.campingvallespir.com\/wp-content\/uploads\/2021\/12\/camping-tarif-curiste-arles-sur-tech-768x512.jpg 768w, https:\/\/www.campingvallespir.com\/wp-content\/uploads\/2021\/12\/camping-tarif-curiste-arles-sur-tech.jpg 1200w\" sizes=\"(max-width: 1024px) 100vw, 1024px\" \/><\/a><\/figure>\n\n\n\n<figure class=\"wp-block-image size-large\"><a href=\"http:\/\/www.campingvallespir.com\/wp-content\/uploads\/2021\/12\/camping-navette-thermes-amelie-les-bains.jpg\"><img decoding=\"async\" width=\"1024\" height=\"683\" src=\"https:\/\/www.campingvallespir.com\/wp-content\/uploads\/2021\/12\/camping-navette-thermes-amelie-les-bains-1024x683.jpg\" alt=\"camping navette thermes amelie les bains\" class=\"wp-image-2161\" srcset=\"https:\/\/www.campingvallespir.com\/wp-content\/uploads\/2021\/12\/camping-navette-thermes-amelie-les-bains-1024x683.jpg 1024w, https:\/\/www.campingvallespir.com\/wp-content\/uploads\/2021\/12\/camping-navette-thermes-amelie-les-bains-300x200.jpg 300w, https:\/\/www.campingvallespir.com\/wp-content\/uploads\/2021\/12\/camping-navette-thermes-amelie-les-bains-768x512.jpg 768w, https:\/\/www.campingvallespir.com\/wp-content\/uploads\/2021\/12\/camping-navette-thermes-amelie-les-bains.jpg 1200w\" sizes=\"(max-width: 1024px) 100vw, 1024px\" \/><\/a><\/figure>\n<\/div>\n\n\n\n<div class=\"wp-block-column is-layout-flow wp-block-column-is-layout-flow\">\n<figure class=\"wp-block-image size-large\"><a href=\"http:\/\/www.campingvallespir.com\/wp-content\/uploads\/2021\/12\/camping-hebergement-curiste-thermes-amelie-les-bains.jpg\"><img decoding=\"async\" width=\"682\" height=\"1024\" src=\"https:\/\/www.campingvallespir.com\/wp-content\/uploads\/2021\/12\/camping-hebergement-curiste-thermes-amelie-les-bains-682x1024.jpg\" alt=\"camping hebergement curiste thermes amelie les bains\" class=\"wp-image-2164\" srcset=\"https:\/\/www.campingvallespir.com\/wp-content\/uploads\/2021\/12\/camping-hebergement-curiste-thermes-amelie-les-bains-682x1024.jpg 682w, https:\/\/www.campingvallespir.com\/wp-content\/uploads\/2021\/12\/camping-hebergement-curiste-thermes-amelie-les-bains-200x300.jpg 200w, https:\/\/www.campingvallespir.com\/wp-content\/uploads\/2021\/12\/camping-hebergement-curiste-thermes-amelie-les-bains.jpg 719w\" sizes=\"(max-width: 682px) 100vw, 682px\" \/><\/a><\/figure>\n<\/div>\n<\/div>\n<\/div>\n\n\n\n<div class=\"wp-block-column is-vertically-aligned-center is-layout-flow wp-block-column-is-layout-flow\" style=\"flex-basis:40%\">\n<h2 class=\"ls__heading has-color-1-color has-text-color wp-block-heading\">Ontdek de thermale baden van Am\u00e9lie-les-Bains<\/h2>\n\n\n\n<p class=\"ls-paragraph\">De thermen van Am\u00e9lie-les-Bains in de Pyr\u00e9n\u00e9es-Orientales zijn het grootste deel van het jaar geopend en hebben een ideale ligging: vlakbij de stranden van de Roussillon en aan de poort naar Spanje.<\/p>\n\n\n\n<p class=\"ls-paragraph\">In Am\u00e9lie-les-Bains-Palalda biedt het thermale water uitzonderlijke therapeutische eigenschappen, die zeer op prijs worden gesteld door degenen die van het water gebruik maken: thermale baden, dompeldouches, reumatologie en ademhalingskuren, rugpijnkuren, enz. Een sfeer van gezelligheid en ontspanning maken van de Thermen van Am\u00e9lie-les-Bains een adres dat u niet mag missen in de Pyr\u00e9n\u00e9es-Orientales.<\/p>\n\n\n\n<p class=\"ls-paragraph\">Thermen, fitnessruimte, gezondheidsworkshops, yoga-workshops, natuurgeneeskunde, sofrologie, di\u00ebtetiek\u2026 alles is voorzien om van uw kuur in Am\u00e9lie-les Bains-Palalda een betoverende vakantie te maken.<\/p>\n<\/div>\n<\/div>\n\n\n    <\/div>\n<\/section>\n\n<section id=\"ls-section-block_619cbcc6c02a6\" class=\"ls-section  section-depassement has-background has-color-4-background-color\" >\n        <div class=\"container container--wide\">\n        \n\n<div class=\"wp-block-columns are-vertically-aligned-center is-layout-flex wp-container-core-columns-is-layout-4 wp-block-columns-is-layout-flex\" id=\"pataugeoire\">\n<div class=\"wp-block-column is-vertically-aligned-center is-layout-flow wp-block-column-is-layout-flow\" style=\"flex-basis:40%\">\n<h2 class=\"ls__heading has-color-2-color has-text-color wp-block-heading\">Onze accommodatie voor curisten<\/h2>\n\n\n\n<p class=\"ls-paragraph\">De camping Vallespir ligt op 1,7 km van de Thermen van Am\u00e9lie-les Bains, en biedt huuraccommodaties, diverse diensten en activiteiten, maar vooral ook curistarrangementen, waaronder een pendeldienst die &#8217;s ochtends vanaf de Thermen vertrekt voor 30 \u20ac. Ideaal gelegen in Am\u00e9lie-les Bains-Palalda in de Pyr\u00e9n\u00e9es-Orientales, in het hart van de Languedoc-Roussillon. Neem contact met ons op per telefoon of e-mail om te profiteren van ons speciale aanbod voor curisten.<\/p>\n\n\n\n<p class=\"ls-paragraph\">Kies voor een comfortabele huuraccommodatie dicht bij het kuuroord:<\/p>\n\n\n\n<ul class=\"ls-list wp-block-list\" value=\"<li class=&quot;ls__list-item is-item-undefined&quot;&gt;Verhuur van staanplaatsen voor tenten, caravans of campers.<\/li&gt;<li class=&quot;ls__list-item is-item-undefined&quot;&gt;Stacaravans te huur die comfortabel plaats bieden aan 2 tot 8 personen.<\/li&gt;<li class=&quot;ls__list-item is-item-undefined&quot;&gt;Alle huuraccommodaties worden tegen speciale tarieven aangeboden voor wie het water van Am\u00e9lie-les Bains opgaat.<\/li&gt;\"><li>Verhuur van staanplaatsen voor tenten, caravans of campers.<\/li><li>Stacaravans te huur die comfortabel plaats bieden aan 2 tot 8 personen.<\/li><li>Alle huuraccommodaties worden tegen speciale tarieven aangeboden voor wie het water van Am\u00e9lie-les Bains opgaat.<\/li><\/ul>\n<\/div>\n\n\n\n<div class=\"wp-block-column is-vertically-aligned-center fancybox is-layout-flow wp-block-column-is-layout-flow\" style=\"flex-basis:60%\">\n<div class=\"wp-block-columns is-layout-flex wp-container-core-columns-is-layout-3 wp-block-columns-is-layout-flex\">\n<div class=\"wp-block-column is-layout-flow wp-block-column-is-layout-flow\">\n<figure class=\"wp-block-image size-large\"><a href=\"http:\/\/www.campingvallespir.com\/wp-content\/uploads\/2021\/12\/camping-location-mobil-home-curiste-amelie-les-bains.jpg\"><img decoding=\"async\" width=\"683\" height=\"1024\" src=\"https:\/\/www.campingvallespir.com\/wp-content\/uploads\/2021\/12\/camping-location-mobil-home-curiste-amelie-les-bains-683x1024.jpg\" alt=\"camping location mobil-home curiste amelie les bains\" class=\"wp-image-2176\" srcset=\"https:\/\/www.campingvallespir.com\/wp-content\/uploads\/2021\/12\/camping-location-mobil-home-curiste-amelie-les-bains-683x1024.jpg 683w, https:\/\/www.campingvallespir.com\/wp-content\/uploads\/2021\/12\/camping-location-mobil-home-curiste-amelie-les-bains-200x300.jpg 200w, https:\/\/www.campingvallespir.com\/wp-content\/uploads\/2021\/12\/camping-location-mobil-home-curiste-amelie-les-bains-768x1152.jpg 768w, https:\/\/www.campingvallespir.com\/wp-content\/uploads\/2021\/12\/camping-location-mobil-home-curiste-amelie-les-bains.jpg 800w\" sizes=\"(max-width: 683px) 100vw, 683px\" \/><\/a><\/figure>\n<\/div>\n\n\n\n<div class=\"wp-block-column is-layout-flow wp-block-column-is-layout-flow\">\n<figure class=\"wp-block-image size-large\"><a href=\"http:\/\/www.campingvallespir.com\/wp-content\/uploads\/2021\/12\/camping-hebergement-curiste-amelie-les-bains.jpg\"><img decoding=\"async\" width=\"683\" height=\"1024\" src=\"https:\/\/www.campingvallespir.com\/wp-content\/uploads\/2021\/12\/camping-hebergement-curiste-amelie-les-bains-683x1024.jpg\" alt=\"camping hebergement curiste amelie les bains\" class=\"wp-image-2179\" srcset=\"https:\/\/www.campingvallespir.com\/wp-content\/uploads\/2021\/12\/camping-hebergement-curiste-amelie-les-bains-683x1024.jpg 683w, https:\/\/www.campingvallespir.com\/wp-content\/uploads\/2021\/12\/camping-hebergement-curiste-amelie-les-bains-200x300.jpg 200w, https:\/\/www.campingvallespir.com\/wp-content\/uploads\/2021\/12\/camping-hebergement-curiste-amelie-les-bains-768x1152.jpg 768w, https:\/\/www.campingvallespir.com\/wp-content\/uploads\/2021\/12\/camping-hebergement-curiste-amelie-les-bains.jpg 800w\" sizes=\"(max-width: 683px) 100vw, 683px\" \/><\/a><\/figure>\n<\/div>\n<\/div>\n\n\n\n<figure class=\"wp-block-image size-large\"><a href=\"http:\/\/www.campingvallespir.com\/wp-content\/uploads\/2021\/12\/camping-hebergement-curiste-arles-sur-tech.jpg\"><img decoding=\"async\" width=\"1024\" height=\"377\" src=\"https:\/\/www.campingvallespir.com\/wp-content\/uploads\/2021\/12\/camping-hebergement-curiste-arles-sur-tech-1024x377.jpg\" alt=\"camping hebergement curiste arles sur tech\" class=\"wp-image-2182\" srcset=\"https:\/\/www.campingvallespir.com\/wp-content\/uploads\/2021\/12\/camping-hebergement-curiste-arles-sur-tech-1024x377.jpg 1024w, https:\/\/www.campingvallespir.com\/wp-content\/uploads\/2021\/12\/camping-hebergement-curiste-arles-sur-tech-300x111.jpg 300w, https:\/\/www.campingvallespir.com\/wp-content\/uploads\/2021\/12\/camping-hebergement-curiste-arles-sur-tech-768x283.jpg 768w, https:\/\/www.campingvallespir.com\/wp-content\/uploads\/2021\/12\/camping-hebergement-curiste-arles-sur-tech.jpg 1200w\" sizes=\"(max-width: 1024px) 100vw, 1024px\" \/><\/a><\/figure>\n<\/div>\n<\/div>\n\n\n    <\/div>\n<\/section>\n\n<section id=\"ls-section-block_619cc27e0231b\" class=\"ls-section  has-p-b p-b-0\" >\n        <div class=\"container container--wide\">\n        \n\n<div class=\"wp-block-columns are-vertically-aligned-center is-layout-flex wp-container-core-columns-is-layout-6 wp-block-columns-is-layout-flex\">\n<div class=\"wp-block-column is-vertically-aligned-center fancybox is-layout-flow wp-block-column-is-layout-flow\" style=\"flex-basis:60%\">\n<div class=\"wp-block-columns fancybox is-layout-flex wp-container-core-columns-is-layout-5 wp-block-columns-is-layout-flex\">\n<div class=\"wp-block-column is-layout-flow wp-block-column-is-layout-flow\">\n<figure class=\"wp-block-image size-large\"><a href=\"http:\/\/www.campingvallespir.com\/wp-content\/uploads\/2021\/12\/camping-forfait-curiste-thermes-amelie-les-bains.jpg\"><img decoding=\"async\" width=\"1024\" height=\"683\" src=\"https:\/\/www.campingvallespir.com\/wp-content\/uploads\/2021\/12\/camping-forfait-curiste-thermes-amelie-les-bains-1024x683.jpg\" alt=\"camping forfait curiste thermes amelie les bains\" class=\"wp-image-2167\" srcset=\"https:\/\/www.campingvallespir.com\/wp-content\/uploads\/2021\/12\/camping-forfait-curiste-thermes-amelie-les-bains-1024x683.jpg 1024w, https:\/\/www.campingvallespir.com\/wp-content\/uploads\/2021\/12\/camping-forfait-curiste-thermes-amelie-les-bains-300x200.jpg 300w, https:\/\/www.campingvallespir.com\/wp-content\/uploads\/2021\/12\/camping-forfait-curiste-thermes-amelie-les-bains-768x512.jpg 768w, https:\/\/www.campingvallespir.com\/wp-content\/uploads\/2021\/12\/camping-forfait-curiste-thermes-amelie-les-bains.jpg 1200w\" sizes=\"(max-width: 1024px) 100vw, 1024px\" \/><\/a><\/figure>\n\n\n\n<figure class=\"wp-block-image size-large\"><a href=\"http:\/\/www.campingvallespir.com\/wp-content\/uploads\/2021\/12\/camping-tarif-curiste-amelie-les-bains.jpg\"><img decoding=\"async\" width=\"1024\" height=\"683\" src=\"https:\/\/www.campingvallespir.com\/wp-content\/uploads\/2021\/12\/camping-tarif-curiste-amelie-les-bains-1024x683.jpg\" alt=\"camping tarif curiste amelie les bains\" class=\"wp-image-2170\" srcset=\"https:\/\/www.campingvallespir.com\/wp-content\/uploads\/2021\/12\/camping-tarif-curiste-amelie-les-bains-1024x683.jpg 1024w, https:\/\/www.campingvallespir.com\/wp-content\/uploads\/2021\/12\/camping-tarif-curiste-amelie-les-bains-300x200.jpg 300w, https:\/\/www.campingvallespir.com\/wp-content\/uploads\/2021\/12\/camping-tarif-curiste-amelie-les-bains-768x512.jpg 768w, https:\/\/www.campingvallespir.com\/wp-content\/uploads\/2021\/12\/camping-tarif-curiste-amelie-les-bains.jpg 1200w\" sizes=\"(max-width: 1024px) 100vw, 1024px\" \/><\/a><\/figure>\n<\/div>\n\n\n\n<div class=\"wp-block-column is-layout-flow wp-block-column-is-layout-flow\">\n<figure class=\"wp-block-image size-large\"><a href=\"http:\/\/www.campingvallespir.com\/wp-content\/uploads\/2021\/12\/camping-offre-curiste-thermes-amelie-les-bains.jpg\"><img decoding=\"async\" width=\"682\" height=\"1024\" src=\"https:\/\/www.campingvallespir.com\/wp-content\/uploads\/2021\/12\/camping-offre-curiste-thermes-amelie-les-bains-682x1024.jpg\" alt=\"camping offre curiste thermes amelie les bains\" class=\"wp-image-2173\" srcset=\"https:\/\/www.campingvallespir.com\/wp-content\/uploads\/2021\/12\/camping-offre-curiste-thermes-amelie-les-bains-682x1024.jpg 682w, https:\/\/www.campingvallespir.com\/wp-content\/uploads\/2021\/12\/camping-offre-curiste-thermes-amelie-les-bains-200x300.jpg 200w, https:\/\/www.campingvallespir.com\/wp-content\/uploads\/2021\/12\/camping-offre-curiste-thermes-amelie-les-bains.jpg 716w\" sizes=\"(max-width: 682px) 100vw, 682px\" \/><\/a><\/figure>\n<\/div>\n<\/div>\n<\/div>\n\n\n\n<div class=\"wp-block-column is-vertically-aligned-center is-layout-flow wp-block-column-is-layout-flow\" style=\"flex-basis:40%\">\n<h2 class=\"ls__heading has-color-1-color has-text-color wp-block-heading\">Camping bij de thermale baden van Am\u00e9lie-les-Bains<\/h2>\n\n\n\n<p class=\"ls-paragraph\">Camping Paradis Le Vallespir ligt in de buurt van de thermale baden van Am\u00e9lie-les-Bains, in Arles sur Tech, in het departement Pyr\u00e9n\u00e9es-Orientales. De camping ligt op slechts 2 km van de camping, op 5 minuten rijden, en is een ideale locatie voor wie het water van het kuuroord van Am\u00e9lie-les-Bains wil inademen. Kwaliteitsaccommodatie, speciale aanbiedingen voor kuurgasten, speciale pendelbus tussen de camping en de thermen (30 \u20ac met het kuurarrangement), alles wordt in het werk gesteld zodat u kunt genieten van uw kuur, de zon, de zee en de bergen, terwijl u uw koffers neerzet op de camping vlakbij de thermen van Am\u00e9lie-les-Bains.<\/p>\n<\/div>\n<\/div>\n\n\n    <\/div>\n<\/section>\n\n<section id=\"ls-section-block_61b32d43dcdcb\" class=\"ls-section \" >\n        <div class=\"container container--wide\">\n        \n\n<div id=\"ls-heading ls-titre-div-block_61b32d57dcdcc\" class=\"ls-titre-div ls__heading has-color-1-color has-text-color aligncenter h2-like\" >\n    Ontdek het restaurant en de activiteiten van onze camping<\/div>\n\n\n\n<div class=\"wp-block-columns is-layout-flex wp-container-core-columns-is-layout-7 wp-block-columns-is-layout-flex\">\n<div class=\"wp-block-column ls-cta is-layout-flow wp-block-column-is-layout-flow\"><div id=\"ls-maillage-block_61b32d91dcdcd\" class=\"ls-maillage cta-style-normal\" data-rows=\"3\">\r\n    <div class=\"wp-block-columns\"><div class=\"wp-block-column\">\r\n<a href=\"https:\/\/www.campingvallespir.com\/nl\/camping-animatie-arles-sur-tech\/\" target=\"\" rel=\"noopener\" class=\"ls-cta__link\">\r\n\r\n\t<div class=\"ls-cta__image\"><img decoding=\"async\" src=\"https:\/\/www.campingvallespir.com\/wp-content\/uploads\/2021\/12\/camping-animations-arles-sur-tech-768x512.jpg\" alt=\"camping-animations-arles-sur-tech\"><\/div>\r\n\t<div class=\"ls-cta__title\">\r\n\t\tAnimaties\t<\/div>\r\n\r\n\t\t\r\n<\/a><\/div><\/div><\/div><\/div>\n\n\n\n<div class=\"wp-block-column ls-cta is-layout-flow wp-block-column-is-layout-flow\"><div id=\"ls-maillage-block_61b32d96dcdce\" class=\"ls-maillage cta-style-normal\" data-rows=\"3\">\r\n    <div class=\"wp-block-columns\"><div class=\"wp-block-column\">\r\n<a href=\"https:\/\/www.campingvallespir.com\/nl\/camping-verwarmd-zwembad-arles-sur-tech\/\" target=\"\" rel=\"noopener\" class=\"ls-cta__link\">\r\n\r\n\t<div class=\"ls-cta__image\"><img decoding=\"async\" src=\"https:\/\/www.campingvallespir.com\/wp-content\/uploads\/2021\/11\/camping-vallespir-header-img-768x454.jpg\" alt=\"camping-vallespir-header-img\"><\/div>\r\n\t<div class=\"ls-cta__title\">\r\n\t\tZwembad\t<\/div>\r\n\r\n\t\t\r\n<\/a><\/div><\/div><\/div><\/div>\n\n\n\n<div class=\"wp-block-column ls-cta is-layout-flow wp-block-column-is-layout-flow\"><div id=\"ls-maillage-block_61b32d9cdcdcf\" class=\"ls-maillage cta-style-normal\" data-rows=\"3\">\r\n    <div class=\"wp-block-columns\"><div class=\"wp-block-column\">\r\n<a href=\"https:\/\/www.campingvallespir.com\/nl\/kampeerterrein-riverside-arles-sur-tech\/\" target=\"\" rel=\"noopener\" class=\"ls-cta__link\">\r\n\r\n\t<div class=\"ls-cta__image\"><img decoding=\"async\" src=\"https:\/\/www.campingvallespir.com\/wp-content\/uploads\/2021\/12\/camping-riviere-arles-sur-tech.jpg\" alt=\"camping-riviere-arles-sur-tech\"><\/div>\r\n\t<div class=\"ls-cta__title\">\r\n\t\tRivier\t<\/div>\r\n\r\n\t\t\r\n<\/a><\/div><\/div><\/div><\/div>\n<\/div>\n\n\n    <\/div>\n<\/section>","protected":false},"excerpt":{"rendered":"<p>Camping op 5 minuten van de thermale baden van Am\u00e9lie-les-Bains<\/p>\n","protected":false},"author":1,"featured_media":2185,"parent":0,"menu_order":0,"comment_status":"closed","ping_status":"closed","template":"","meta":{"_acf_changed":false,"footnotes":""},"sujet":[],"class_list":["post-2811","page","type-page","status-publish","has-post-thumbnail","hentry"],"acf":[],"yoast_head":"<!-- This site is optimized with the Yoast SEO plugin v23.4 - https:\/\/yoast.com\/wordpress\/plugins\/seo\/ -->\n<title>Camping voor kuurgasten in Arles-sur-Tech | Camping in de buurt van de thermale baden<\/title>\n<meta name=\"robots\" content=\"index, follow, max-snippet:-1, max-image-preview:large, max-video-preview:-1\" \/>\n<link rel=\"canonical\" href=\"https:\/\/www.campingvallespir.com\/nl\/kamperen-curist-arles-sur-tech\/\" \/>\n<meta property=\"og:locale\" content=\"nl_NL\" \/>\n<meta property=\"og:type\" content=\"article\" \/>\n<meta property=\"og:title\" content=\"Camping voor kuurgasten in Arles-sur-Tech | Camping in de buurt van de thermale baden\" \/>\n<meta property=\"og:description\" content=\"Camping op 5 minuten van de thermale baden van Am\u00e9lie-les-Bains\" \/>\n<meta property=\"og:url\" content=\"https:\/\/www.campingvallespir.com\/nl\/kamperen-curist-arles-sur-tech\/\" \/>\n<meta property=\"og:site_name\" content=\"Camping Vallespir\" \/>\n<meta property=\"article:modified_time\" content=\"2022-06-13T09:33:00+00:00\" \/>\n<meta property=\"og:image\" content=\"https:\/\/www.campingvallespir.com\/wp-content\/uploads\/2021\/12\/camping-sauna-thermes-amelie-les-bain.jpg\" \/>\n\t<meta property=\"og:image:width\" content=\"1900\" \/>\n\t<meta property=\"og:image:height\" content=\"700\" \/>\n\t<meta property=\"og:image:type\" content=\"image\/jpeg\" \/>\n<meta name=\"twitter:card\" content=\"summary_large_image\" \/>\n<meta name=\"twitter:label1\" content=\"Geschatte leestijd\" \/>\n\t<meta name=\"twitter:data1\" content=\"4 minuten\" \/>\n<script type=\"application\/ld+json\" class=\"yoast-schema-graph\">{\"@context\":\"https:\/\/schema.org\",\"@graph\":[{\"@type\":\"WebPage\",\"@id\":\"https:\/\/www.campingvallespir.com\/nl\/kamperen-curist-arles-sur-tech\/\",\"url\":\"https:\/\/www.campingvallespir.com\/nl\/kamperen-curist-arles-sur-tech\/\",\"name\":\"Camping voor kuurgasten in Arles-sur-Tech | Camping in de buurt van de thermale baden\",\"isPartOf\":{\"@id\":\"https:\/\/www.campingvallespir.com\/nl\/#website\"},\"primaryImageOfPage\":{\"@id\":\"https:\/\/www.campingvallespir.com\/nl\/kamperen-curist-arles-sur-tech\/#primaryimage\"},\"image\":{\"@id\":\"https:\/\/www.campingvallespir.com\/nl\/kamperen-curist-arles-sur-tech\/#primaryimage\"},\"thumbnailUrl\":\"https:\/\/www.campingvallespir.com\/wp-content\/uploads\/2021\/12\/camping-sauna-thermes-amelie-les-bain.jpg\",\"datePublished\":\"2021-11-18T06:13:19+00:00\",\"dateModified\":\"2022-06-13T09:33:00+00:00\",\"breadcrumb\":{\"@id\":\"https:\/\/www.campingvallespir.com\/nl\/kamperen-curist-arles-sur-tech\/#breadcrumb\"},\"inLanguage\":\"nl-NL\",\"potentialAction\":[{\"@type\":\"ReadAction\",\"target\":[\"https:\/\/www.campingvallespir.com\/nl\/kamperen-curist-arles-sur-tech\/\"]}]},{\"@type\":\"ImageObject\",\"inLanguage\":\"nl-NL\",\"@id\":\"https:\/\/www.campingvallespir.com\/nl\/kamperen-curist-arles-sur-tech\/#primaryimage\",\"url\":\"https:\/\/www.campingvallespir.com\/wp-content\/uploads\/2021\/12\/camping-sauna-thermes-amelie-les-bain.jpg\",\"contentUrl\":\"https:\/\/www.campingvallespir.com\/wp-content\/uploads\/2021\/12\/camping-sauna-thermes-amelie-les-bain.jpg\",\"width\":1900,\"height\":700,\"caption\":\"camping-sauna-thermes-amelie-les-bains\"},{\"@type\":\"BreadcrumbList\",\"@id\":\"https:\/\/www.campingvallespir.com\/nl\/kamperen-curist-arles-sur-tech\/#breadcrumb\",\"itemListElement\":[{\"@type\":\"ListItem\",\"position\":1,\"name\":\"Camping Am\u00e9lie les Bains\",\"item\":\"https:\/\/www.campingvallespir.com\/nl\/\"},{\"@type\":\"ListItem\",\"position\":2,\"name\":\"Camping voor kuurgasten in de Pyr\u00e9n\u00e9es-Orientales\"}]},{\"@type\":\"WebSite\",\"@id\":\"https:\/\/www.campingvallespir.com\/nl\/#website\",\"url\":\"https:\/\/www.campingvallespir.com\/nl\/\",\"name\":\"Camping Vallespir\",\"description\":\"\",\"publisher\":{\"@id\":\"https:\/\/www.campingvallespir.com\/nl\/#organization\"},\"potentialAction\":[{\"@type\":\"SearchAction\",\"target\":{\"@type\":\"EntryPoint\",\"urlTemplate\":\"https:\/\/www.campingvallespir.com\/nl\/?s={search_term_string}\"},\"query-input\":{\"@type\":\"PropertyValueSpecification\",\"valueRequired\":true,\"valueName\":\"search_term_string\"}}],\"inLanguage\":\"nl-NL\"},{\"@type\":\"Organization\",\"@id\":\"https:\/\/www.campingvallespir.com\/nl\/#organization\",\"name\":\"Camping Vallespir\",\"url\":\"https:\/\/www.campingvallespir.com\/nl\/\",\"logo\":{\"@type\":\"ImageObject\",\"inLanguage\":\"nl-NL\",\"@id\":\"https:\/\/www.campingvallespir.com\/nl\/#\/schema\/logo\/image\/\",\"url\":\"https:\/\/www.campingvallespir.com\/wp-content\/uploads\/2021\/11\/camping-vallespir-logo.png\",\"contentUrl\":\"https:\/\/www.campingvallespir.com\/wp-content\/uploads\/2021\/11\/camping-vallespir-logo.png\",\"width\":680,\"height\":500,\"caption\":\"Camping Vallespir\"},\"image\":{\"@id\":\"https:\/\/www.campingvallespir.com\/nl\/#\/schema\/logo\/image\/\"}}]}<\/script>\n<!-- \/ Yoast SEO plugin. -->","yoast_head_json":{"title":"Camping voor kuurgasten in Arles-sur-Tech | Camping in de buurt van de thermale baden","robots":{"index":"index","follow":"follow","max-snippet":"max-snippet:-1","max-image-preview":"max-image-preview:large","max-video-preview":"max-video-preview:-1"},"canonical":"https:\/\/www.campingvallespir.com\/nl\/kamperen-curist-arles-sur-tech\/","og_locale":"nl_NL","og_type":"article","og_title":"Camping voor kuurgasten in Arles-sur-Tech | Camping in de buurt van de thermale baden","og_description":"Camping op 5 minuten van de thermale baden van Am\u00e9lie-les-Bains","og_url":"https:\/\/www.campingvallespir.com\/nl\/kamperen-curist-arles-sur-tech\/","og_site_name":"Camping Vallespir","article_modified_time":"2022-06-13T09:33:00+00:00","og_image":[{"width":1900,"height":700,"url":"https:\/\/www.campingvallespir.com\/wp-content\/uploads\/2021\/12\/camping-sauna-thermes-amelie-les-bain.jpg","type":"image\/jpeg"}],"twitter_card":"summary_large_image","twitter_misc":{"Geschatte leestijd":"4 minuten"},"schema":{"@context":"https:\/\/schema.org","@graph":[{"@type":"WebPage","@id":"https:\/\/www.campingvallespir.com\/nl\/kamperen-curist-arles-sur-tech\/","url":"https:\/\/www.campingvallespir.com\/nl\/kamperen-curist-arles-sur-tech\/","name":"Camping voor kuurgasten in Arles-sur-Tech | Camping in de buurt van de thermale baden","isPartOf":{"@id":"https:\/\/www.campingvallespir.com\/nl\/#website"},"primaryImageOfPage":{"@id":"https:\/\/www.campingvallespir.com\/nl\/kamperen-curist-arles-sur-tech\/#primaryimage"},"image":{"@id":"https:\/\/www.campingvallespir.com\/nl\/kamperen-curist-arles-sur-tech\/#primaryimage"},"thumbnailUrl":"https:\/\/www.campingvallespir.com\/wp-content\/uploads\/2021\/12\/camping-sauna-thermes-amelie-les-bain.jpg","datePublished":"2021-11-18T06:13:19+00:00","dateModified":"2022-06-13T09:33:00+00:00","breadcrumb":{"@id":"https:\/\/www.campingvallespir.com\/nl\/kamperen-curist-arles-sur-tech\/#breadcrumb"},"inLanguage":"nl-NL","potentialAction":[{"@type":"ReadAction","target":["https:\/\/www.campingvallespir.com\/nl\/kamperen-curist-arles-sur-tech\/"]}]},{"@type":"ImageObject","inLanguage":"nl-NL","@id":"https:\/\/www.campingvallespir.com\/nl\/kamperen-curist-arles-sur-tech\/#primaryimage","url":"https:\/\/www.campingvallespir.com\/wp-content\/uploads\/2021\/12\/camping-sauna-thermes-amelie-les-bain.jpg","contentUrl":"https:\/\/www.campingvallespir.com\/wp-content\/uploads\/2021\/12\/camping-sauna-thermes-amelie-les-bain.jpg","width":1900,"height":700,"caption":"camping-sauna-thermes-amelie-les-bains"},{"@type":"BreadcrumbList","@id":"https:\/\/www.campingvallespir.com\/nl\/kamperen-curist-arles-sur-tech\/#breadcrumb","itemListElement":[{"@type":"ListItem","position":1,"name":"Camping Am\u00e9lie les Bains","item":"https:\/\/www.campingvallespir.com\/nl\/"},{"@type":"ListItem","position":2,"name":"Camping voor kuurgasten in de Pyr\u00e9n\u00e9es-Orientales"}]},{"@type":"WebSite","@id":"https:\/\/www.campingvallespir.com\/nl\/#website","url":"https:\/\/www.campingvallespir.com\/nl\/","name":"Camping Vallespir","description":"","publisher":{"@id":"https:\/\/www.campingvallespir.com\/nl\/#organization"},"potentialAction":[{"@type":"SearchAction","target":{"@type":"EntryPoint","urlTemplate":"https:\/\/www.campingvallespir.com\/nl\/?s={search_term_string}"},"query-input":{"@type":"PropertyValueSpecification","valueRequired":true,"valueName":"search_term_string"}}],"inLanguage":"nl-NL"},{"@type":"Organization","@id":"https:\/\/www.campingvallespir.com\/nl\/#organization","name":"Camping Vallespir","url":"https:\/\/www.campingvallespir.com\/nl\/","logo":{"@type":"ImageObject","inLanguage":"nl-NL","@id":"https:\/\/www.campingvallespir.com\/nl\/#\/schema\/logo\/image\/","url":"https:\/\/www.campingvallespir.com\/wp-content\/uploads\/2021\/11\/camping-vallespir-logo.png","contentUrl":"https:\/\/www.campingvallespir.com\/wp-content\/uploads\/2021\/11\/camping-vallespir-logo.png","width":680,"height":500,"caption":"Camping Vallespir"},"image":{"@id":"https:\/\/www.campingvallespir.com\/nl\/#\/schema\/logo\/image\/"}}]}},"_links":{"self":[{"href":"https:\/\/www.campingvallespir.com\/nl\/wp-json\/wp\/v2\/pages\/2811"}],"collection":[{"href":"https:\/\/www.campingvallespir.com\/nl\/wp-json\/wp\/v2\/pages"}],"about":[{"href":"https:\/\/www.campingvallespir.com\/nl\/wp-json\/wp\/v2\/types\/page"}],"author":[{"embeddable":true,"href":"https:\/\/www.campingvallespir.com\/nl\/wp-json\/wp\/v2\/users\/1"}],"replies":[{"embeddable":true,"href":"https:\/\/www.campingvallespir.com\/nl\/wp-json\/wp\/v2\/comments?post=2811"}],"version-history":[{"count":10,"href":"https:\/\/www.campingvallespir.com\/nl\/wp-json\/wp\/v2\/pages\/2811\/revisions"}],"predecessor-version":[{"id":3604,"href":"https:\/\/www.campingvallespir.com\/nl\/wp-json\/wp\/v2\/pages\/2811\/revisions\/3604"}],"wp:featuredmedia":[{"embeddable":true,"href":"https:\/\/www.campingvallespir.com\/nl\/wp-json\/wp\/v2\/media\/2185"}],"wp:attachment":[{"href":"https:\/\/www.campingvallespir.com\/nl\/wp-json\/wp\/v2\/media?parent=2811"}],"wp:term":[{"taxonomy":"sujet","embeddable":true,"href":"https:\/\/www.campingvallespir.com\/nl\/wp-json\/wp\/v2\/sujet?post=2811"}],"curies":[{"name":"wp","href":"https:\/\/api.w.org\/{rel}","templated":true}]}}