{"id":2652,"date":"2021-11-18T07:13:39","date_gmt":"2021-11-18T06:13:39","guid":{"rendered":"https:\/\/www.campingvallespir.com\/location-mobil-home-arles-sur-tech\/"},"modified":"2022-01-06T09:19:23","modified_gmt":"2022-01-06T08:19:23","slug":"alquiler-de-casas-moviles-arles-sur-tech","status":"publish","type":"page","link":"https:\/\/www.campingvallespir.com\/es\/alquiler-de-casas-moviles-arles-sur-tech\/","title":{"rendered":"Nos mobil-homes"},"content":{"rendered":"\n<h1 class=\"ls__heading has-text-align-center m-t-10 m-b-0 ursula has-color-1-color has-text-color has-large-font-size wp-block-heading\">Alquiler de casas m\u00f3viles en los Pirineos Orientales<\/h1>\n\n\n<section id=\"ls-section-block_61bcaafa41676\" class=\"ls-section  has-p-t p-t-0\" >\n        <div class=\"container container--wide\">\n        \n\r\n<div id=\"ls-hebergements-block_61bcab0041677\" class=\"ls-hebergements\" >\r\n    \r\n    <div class=\"ls-customizer\">\r\n\r\n    <div class=\"ls-customizer__filters\">\r\n        <div class=\"ls-customizer__filters__close\">\r\n            <i class=\"fas fa-times\"><\/i>\r\n        <\/div>\r\n\r\n        <div class=\"ls-customizer__filters__title\">\r\n            <b>Filtros<\/b>\r\n            <span class=\"ls-customizer__filters__clear\"><i class=\"fas fa-times\"><\/i> Borrar filtros<\/span>\r\n        <\/div>\r\n\r\n                \r\n        <!-- Filtres ACF fields -->\r\n        \r\n                                <!-- Filtre nombre_de_chambres -->\r\n                        <div class=\"filter\" id=\"filter-nombre_de_chambres\">\r\n                <div class=\"filter__title\">N\u00famero de habitaciones<i class=\"fas fa-angle-down\"><\/i><\/div>\r\n                <fieldset data-filter=\"nombre_de_chambres\" data-operator=\"==\" class=\"input\">\r\n                    \r\n                    <div><input type=\"radio\" name=\"nombre_de_chambres\" id=\"nombre_de_chambres-all\"  class=\"checkbox\" \/><label for='nombre_de_chambres-all'>Tous<\/label><\/div><div><input type=\"radio\" name=\"nombre_de_chambres\" id=\"nombre_de_chambres-1\" value=\"1\" class=\"checkbox\"  \/><label for='nombre_de_chambres-1'>1<\/label><\/div><div><input type=\"radio\" name=\"nombre_de_chambres\" id=\"nombre_de_chambres-2\" value=\"2\" class=\"checkbox\"  \/><label for='nombre_de_chambres-2'>2<\/label><\/div><div><input type=\"radio\" name=\"nombre_de_chambres\" id=\"nombre_de_chambres-3\" value=\"3\" class=\"checkbox\"  \/><label for='nombre_de_chambres-3'>3<\/label><\/div>                <\/fieldset>\r\n            <\/div>\r\n        \r\n        <div id=\"validate-filters\" class=\"ls-button\">Valider la s\u00e9lection<\/div>\r\n\r\n        \r\n    <\/div>\r\n\r\n    <div class=\"ls-customizer__orders\">\r\n        <i class=\"fas fa-sort\"><\/i>\r\n        <select class=\"select-order\">\r\n            <option selected value=\"\">Trier par<\/option>\r\n            <option value=\"price-asc\">Prix croissant<\/option>\r\n            <option value=\"price-desc\">Prix d\u00e9croissant<\/option>\r\n        <\/select>\r\n    <\/div>\r\n\r\n<\/div><div class=\"ls-hebergements__results\" data-row=\"3\" data-campings=\"false\" data-types=\"[4]\"><div class=\"ls-hebergement\" data-postid='7683' data-id-reservation='145778' data-id-site='' data-id1='' data-nombre_de_personnes='5' data-nombre_de_chambres='' data-last-update='' data-type='accommodation-fr mobil-home-fr'>\r\n\t<div class=\"ls-hebergement__thumb\">\r\n\t\t<img decoding=\"async\" width=\"768\" height=\"512\" src=\"https:\/\/www.campingvallespir.com\/wp-content\/uploads\/2025\/11\/0-1392064-768x512.jpg\" class=\"attachment-medium_large size-medium_large wp-post-image\" alt=\"\" srcset=\"https:\/\/www.campingvallespir.com\/wp-content\/uploads\/2025\/11\/0-1392064-768x512.jpg 768w, https:\/\/www.campingvallespir.com\/wp-content\/uploads\/2025\/11\/0-1392064-300x200.jpg 300w, https:\/\/www.campingvallespir.com\/wp-content\/uploads\/2025\/11\/0-1392064-1024x683.jpg 1024w, https:\/\/www.campingvallespir.com\/wp-content\/uploads\/2025\/11\/0-1392064.jpg 1200w\" sizes=\"(max-width: 768px) 100vw, 768px\" \/>\t<\/div>\r\n\t<div class=\"ls-hebergement__title\">\r\n\t\tPROMO CURISTE-Mobil-home PICOLAT 2 chambres climatis\u00e9\t\t\r\n\t<\/div>\r\n\r\n\t<div class=\"ls-hebergement__details\">\r\n\r\n\t\t<div class=\"ls-hebergement__icons\">\r\n\r\n\t\t\t\t\t\t\t<span class=\"ls-hebergement__icon\">\r\n\t\t\t\t\t<i class=\"fas fa-users\"><\/i>\r\n\t\t\t\t\t5\t\t\t\t<\/span>\r\n\t\t\t\r\n\t\t\t\r\n\t\t\t\r\n\t\t\t\r\n\t\t<\/div>\r\n\t<\/div>\r\n\r\n\t<div class=\"ls-hebergement__disponibilites\">Descubra<\/div>\r\n\t\n<div class=\"ls-single-hebergement\" data-postid='7683' data-id-reservation='145778' data-id-site='' data-id1='' data-nombre_de_personnes='5' data-nombre_de_chambres='' data-last-update='' data-type='accommodation-fr mobil-home-fr' style=\"display: none;\">\n\t<div class=\"container\">\n\n\t\t<div class=\"ls-single-hebergement__close\">\n\t\t\t<i class=\"fas fa-times\"><\/i>\n\t\t<\/div>\n\n\n\t\t\t\t<img decoding=\"async\" src=\"https:\/\/www.campingvallespir.com\/wp-content\/uploads\/2025\/11\/0-1392064.jpg\" alt=\"PROMO CURISTE-Mobil-home PICOLAT 2 chambres climatis\u00e9\" \/>\n\t\t<div class=\"wp-block-columns\">\n\t\t\t<div class=\"wp-block-column\" style=\"flex-basis:66.66%\">\n\n\t\t\t\t\t\t\t\t\t<ul class=\"ls-single-hebergement__galerie\">\n\t\t\t\t\t\t\t\t\t\t\t\t\t<li>\n\t\t\t\t\t\t\t\t<a href=\"https:\/\/www.campingvallespir.com\/wp-content\/uploads\/2025\/11\/0-1392064.jpg\" data-fancybox=\"hebergement\">\n\t\t\t\t\t\t\t\t\t<img decoding=\"async\" src=\"https:\/\/www.campingvallespir.com\/wp-content\/uploads\/2025\/11\/0-1392064-150x150.jpg\" alt=\"\" \/>\n\t\t\t\t\t\t\t\t<\/a>\n\t\t\t\t\t\t\t<\/li>\n\t\t\t\t\t\t\t\t\t\t\t\t\t<li>\n\t\t\t\t\t\t\t\t<a href=\"https:\/\/www.campingvallespir.com\/wp-content\/uploads\/2025\/11\/1-1392073.jpg\" data-fancybox=\"hebergement\">\n\t\t\t\t\t\t\t\t\t<img decoding=\"async\" src=\"https:\/\/www.campingvallespir.com\/wp-content\/uploads\/2025\/11\/1-1392073-150x150.jpg\" alt=\"\" \/>\n\t\t\t\t\t\t\t\t<\/a>\n\t\t\t\t\t\t\t<\/li>\n\t\t\t\t\t\t\t\t\t\t\t\t\t<li>\n\t\t\t\t\t\t\t\t<a href=\"https:\/\/www.campingvallespir.com\/wp-content\/uploads\/2025\/11\/2-1392159.jpg\" data-fancybox=\"hebergement\">\n\t\t\t\t\t\t\t\t\t<img decoding=\"async\" src=\"https:\/\/www.campingvallespir.com\/wp-content\/uploads\/2025\/11\/2-1392159-150x150.jpg\" alt=\"\" \/>\n\t\t\t\t\t\t\t\t<\/a>\n\t\t\t\t\t\t\t<\/li>\n\t\t\t\t\t\t\t\t\t\t\t\t\t<li>\n\t\t\t\t\t\t\t\t<a href=\"https:\/\/www.campingvallespir.com\/wp-content\/uploads\/2025\/11\/3-1392164.jpg\" data-fancybox=\"hebergement\">\n\t\t\t\t\t\t\t\t\t<img decoding=\"async\" src=\"https:\/\/www.campingvallespir.com\/wp-content\/uploads\/2025\/11\/3-1392164-150x150.jpg\" alt=\"\" \/>\n\t\t\t\t\t\t\t\t<\/a>\n\t\t\t\t\t\t\t<\/li>\n\t\t\t\t\t\t\t\t\t\t\t\t\t<li>\n\t\t\t\t\t\t\t\t<a href=\"https:\/\/www.campingvallespir.com\/wp-content\/uploads\/2025\/11\/4-1392165.jpg\" data-fancybox=\"hebergement\">\n\t\t\t\t\t\t\t\t\t<img decoding=\"async\" src=\"https:\/\/www.campingvallespir.com\/wp-content\/uploads\/2025\/11\/4-1392165-150x150.jpg\" alt=\"\" \/>\n\t\t\t\t\t\t\t\t<\/a>\n\t\t\t\t\t\t\t<\/li>\n\t\t\t\t\t\t\t\t\t\t\t\t\t<li>\n\t\t\t\t\t\t\t\t<a href=\"https:\/\/www.campingvallespir.com\/wp-content\/uploads\/2025\/11\/5-1392166.jpg\" data-fancybox=\"hebergement\">\n\t\t\t\t\t\t\t\t\t<img decoding=\"async\" src=\"https:\/\/www.campingvallespir.com\/wp-content\/uploads\/2025\/11\/5-1392166-150x150.jpg\" alt=\"\" \/>\n\t\t\t\t\t\t\t\t<\/a>\n\t\t\t\t\t\t\t<\/li>\n\t\t\t\t\t\t\t\t\t\t\t\t\t<li>\n\t\t\t\t\t\t\t\t<a href=\"https:\/\/www.campingvallespir.com\/wp-content\/uploads\/2025\/11\/6-1392167.jpg\" data-fancybox=\"hebergement\">\n\t\t\t\t\t\t\t\t\t<img decoding=\"async\" src=\"https:\/\/www.campingvallespir.com\/wp-content\/uploads\/2025\/11\/6-1392167-150x150.jpg\" alt=\"\" \/>\n\t\t\t\t\t\t\t\t<\/a>\n\t\t\t\t\t\t\t<\/li>\n\t\t\t\t\t\t\t\t\t\t\t\t\t<li>\n\t\t\t\t\t\t\t\t<a href=\"https:\/\/www.campingvallespir.com\/wp-content\/uploads\/2025\/11\/7-1396476.jpg\" data-fancybox=\"hebergement\">\n\t\t\t\t\t\t\t\t\t<img decoding=\"async\" src=\"https:\/\/www.campingvallespir.com\/wp-content\/uploads\/2025\/11\/7-1396476-150x150.jpg\" alt=\"\" \/>\n\t\t\t\t\t\t\t\t<\/a>\n\t\t\t\t\t\t\t<\/li>\n\t\t\t\t\t\t\t\t\t\t\t<\/ul>\n\t\t\t\t\t\t\t\t\n\t\t\t\t<h2 class=\"ls__heading wp-block-heading has-color-1-color has-text-color\">PROMO CURISTE-Mobil-home PICOLAT 2 chambres climatis\u00e9<\/h2>\n\t\t\t\t<!-- <h1><\/h1> -->\n\n\n\t\t\t\t\n\t\t\t\t\t<div class=\"ls-single-hebergement__description\">\n\t\t\t\t\t\t\t\t\t\t\t<\/div>\n\n\t\t\t\t\t\t\t<\/div>\n\n\t\t\t<div class=\"wp-block-column\" style=\"flex-basis:33.333%\">\n\n\t\t\t\t<div class=\"ls-single-hebergement__sidebar\">\n\n\t\t\t\t\t<h3>Su estancia<\/h3>\n\n\t\t\t\t\t<form class=\"form-resa form-resa--single\">\n\n\t\t\t\t\t\t<div class=\"form-resa__dates\">\n\n\t\t\t\t\t    <div class=\"form-resa__date\">\n\n\t\t\t\t\t      <i class=\"icon-calendar\"><\/i>\n\n\t\t\t\t\t      <input autocomplete=\"off\" id=\"form-resa-single__start\" value=\"\" class=\"datepicker datepicker--start\" type=\"text\" placeholder=\"Llegada\">\n\n\t\t\t\t\t    <\/div>\n\n\t\t\t\t\t    <div class=\"form-resa__date\">\n\n\t\t\t\t\t      <input autocomplete=\"off\" id=\"form-resa-single__end\" value=\"\" class=\"datepicker datepicker--end\" type=\"text\" placeholder=\"Salida\">\n\n\t\t\t\t\t    <\/div>\n\n\t\t\t\t\t  <\/div>\n\n\t\t\t\t\t<\/form>\n\n\t\t\t\t\t<div class=\"disponibilite-wrap ls-dispo\">\n\n\t\t\t\t\t<\/div>\n\n\t\t\t\t<\/div>\n\n\t\t\t<\/div>\n\t\t<\/div>\n\t<\/div>\n\t\n<\/div><\/div><div class=\"ls-hebergement\" data-postid='7682' data-id-reservation='145241' data-id-site='' data-id1='' data-nombre_de_personnes='5' data-nombre_de_chambres='2' data-last-update='' data-type='accommodation-fr mobil-home-fr'>\r\n\t<div class=\"ls-hebergement__thumb\">\r\n\t\t<img decoding=\"async\" width=\"768\" height=\"515\" src=\"https:\/\/www.campingvallespir.com\/wp-content\/uploads\/2025\/11\/0-1386202-768x515.jpg\" class=\"attachment-medium_large size-medium_large wp-post-image\" alt=\"\" srcset=\"https:\/\/www.campingvallespir.com\/wp-content\/uploads\/2025\/11\/0-1386202-768x515.jpg 768w, https:\/\/www.campingvallespir.com\/wp-content\/uploads\/2025\/11\/0-1386202-300x201.jpg 300w, https:\/\/www.campingvallespir.com\/wp-content\/uploads\/2025\/11\/0-1386202-1024x686.jpg 1024w, https:\/\/www.campingvallespir.com\/wp-content\/uploads\/2025\/11\/0-1386202.jpg 1200w\" sizes=\"(max-width: 768px) 100vw, 768px\" \/>\t<\/div>\r\n\t<div class=\"ls-hebergement__title\">\r\n\t\tMOBIL HOME  PICOLAT 2 chambres climatis\u00e9\t\t\r\n\t<\/div>\r\n\r\n\t<div class=\"ls-hebergement__details\">\r\n\r\n\t\t<div class=\"ls-hebergement__icons\">\r\n\r\n\t\t\t\t\t\t\t<span class=\"ls-hebergement__icon\">\r\n\t\t\t\t\t<i class=\"fas fa-users\"><\/i>\r\n\t\t\t\t\t5\t\t\t\t<\/span>\r\n\t\t\t\r\n\t\t\t\t\t\t\t<span class=\"ls-hebergement__icon\">\r\n\t\t\t\t\t<i class=\"fas fa-bed\"><\/i>\r\n\t\t\t\t\t2\t\r\n\t\t\t\t<\/span>\r\n\t\t\t\r\n\t\t\t\t\t\t\t<span class=\"ls-hebergement__icon\">\r\n\t\t\t\t\t<i class=\"fas fa-vector-square\"><\/i>\r\n\t\t\t\t\t26.5m\u00b2\r\n\t\t\t\t<\/span>\r\n\t\t\t\r\n\t\t\t\r\n\t\t<\/div>\r\n\t<\/div>\r\n\r\n\t<div class=\"ls-hebergement__disponibilites\">Descubra<\/div>\r\n\t\n<div class=\"ls-single-hebergement\" data-postid='7682' data-id-reservation='145241' data-id-site='' data-id1='' data-nombre_de_personnes='5' data-nombre_de_chambres='2' data-last-update='' data-type='accommodation-fr mobil-home-fr' style=\"display: none;\">\n\t<div class=\"container\">\n\n\t\t<div class=\"ls-single-hebergement__close\">\n\t\t\t<i class=\"fas fa-times\"><\/i>\n\t\t<\/div>\n\n\n\t\t\t\t<img decoding=\"async\" src=\"https:\/\/www.campingvallespir.com\/wp-content\/uploads\/2025\/11\/0-1386202.jpg\" alt=\"MOBIL HOME  PICOLAT 2 chambres climatis\u00e9\" \/>\n\t\t<div class=\"wp-block-columns\">\n\t\t\t<div class=\"wp-block-column\" style=\"flex-basis:66.66%\">\n\n\t\t\t\t\t\t\t\t\t<ul class=\"ls-single-hebergement__galerie\">\n\t\t\t\t\t\t\t\t\t\t\t\t\t<li>\n\t\t\t\t\t\t\t\t<a href=\"https:\/\/www.campingvallespir.com\/wp-content\/uploads\/2025\/11\/0-1386202.jpg\" data-fancybox=\"hebergement\">\n\t\t\t\t\t\t\t\t\t<img decoding=\"async\" src=\"https:\/\/www.campingvallespir.com\/wp-content\/uploads\/2025\/11\/0-1386202-150x150.jpg\" alt=\"\" \/>\n\t\t\t\t\t\t\t\t<\/a>\n\t\t\t\t\t\t\t<\/li>\n\t\t\t\t\t\t\t\t\t\t\t\t\t<li>\n\t\t\t\t\t\t\t\t<a href=\"https:\/\/www.campingvallespir.com\/wp-content\/uploads\/2025\/11\/1-1386203.jpg\" data-fancybox=\"hebergement\">\n\t\t\t\t\t\t\t\t\t<img decoding=\"async\" src=\"https:\/\/www.campingvallespir.com\/wp-content\/uploads\/2025\/11\/1-1386203-150x150.jpg\" alt=\"\" \/>\n\t\t\t\t\t\t\t\t<\/a>\n\t\t\t\t\t\t\t<\/li>\n\t\t\t\t\t\t\t\t\t\t\t\t\t<li>\n\t\t\t\t\t\t\t\t<a href=\"https:\/\/www.campingvallespir.com\/wp-content\/uploads\/2025\/11\/2-1386204.jpg\" data-fancybox=\"hebergement\">\n\t\t\t\t\t\t\t\t\t<img decoding=\"async\" src=\"https:\/\/www.campingvallespir.com\/wp-content\/uploads\/2025\/11\/2-1386204-150x150.jpg\" alt=\"\" \/>\n\t\t\t\t\t\t\t\t<\/a>\n\t\t\t\t\t\t\t<\/li>\n\t\t\t\t\t\t\t\t\t\t\t\t\t<li>\n\t\t\t\t\t\t\t\t<a href=\"https:\/\/www.campingvallespir.com\/wp-content\/uploads\/2025\/11\/3-1386205.jpg\" data-fancybox=\"hebergement\">\n\t\t\t\t\t\t\t\t\t<img decoding=\"async\" src=\"https:\/\/www.campingvallespir.com\/wp-content\/uploads\/2025\/11\/3-1386205-150x150.jpg\" alt=\"\" \/>\n\t\t\t\t\t\t\t\t<\/a>\n\t\t\t\t\t\t\t<\/li>\n\t\t\t\t\t\t\t\t\t\t\t\t\t<li>\n\t\t\t\t\t\t\t\t<a href=\"https:\/\/www.campingvallespir.com\/wp-content\/uploads\/2025\/11\/4-1386206.jpg\" data-fancybox=\"hebergement\">\n\t\t\t\t\t\t\t\t\t<img decoding=\"async\" src=\"https:\/\/www.campingvallespir.com\/wp-content\/uploads\/2025\/11\/4-1386206-150x150.jpg\" alt=\"\" \/>\n\t\t\t\t\t\t\t\t<\/a>\n\t\t\t\t\t\t\t<\/li>\n\t\t\t\t\t\t\t\t\t\t\t\t\t<li>\n\t\t\t\t\t\t\t\t<a href=\"https:\/\/www.campingvallespir.com\/wp-content\/uploads\/2025\/11\/5-1396473.jpg\" data-fancybox=\"hebergement\">\n\t\t\t\t\t\t\t\t\t<img decoding=\"async\" src=\"https:\/\/www.campingvallespir.com\/wp-content\/uploads\/2025\/11\/5-1396473-150x150.jpg\" alt=\"\" \/>\n\t\t\t\t\t\t\t\t<\/a>\n\t\t\t\t\t\t\t<\/li>\n\t\t\t\t\t\t\t\t\t\t\t<\/ul>\n\t\t\t\t\t\t\t\t\n\t\t\t\t<h2 class=\"ls__heading wp-block-heading has-color-1-color has-text-color\">MOBIL HOME  PICOLAT 2 chambres climatis\u00e9<\/h2>\n\t\t\t\t<!-- <h1><\/h1> -->\n\n\n\t\t\t\t\n\t\t\t\t\t<div class=\"ls-single-hebergement__description\">\n\t\t\t\t\t\t\t\t\t\t\t<\/div>\n\n\t\t\t\t\t\t\t<\/div>\n\n\t\t\t<div class=\"wp-block-column\" style=\"flex-basis:33.333%\">\n\n\t\t\t\t<div class=\"ls-single-hebergement__sidebar\">\n\n\t\t\t\t\t<h3>Su estancia<\/h3>\n\n\t\t\t\t\t<form class=\"form-resa form-resa--single\">\n\n\t\t\t\t\t\t<div class=\"form-resa__dates\">\n\n\t\t\t\t\t    <div class=\"form-resa__date\">\n\n\t\t\t\t\t      <i class=\"icon-calendar\"><\/i>\n\n\t\t\t\t\t      <input autocomplete=\"off\" id=\"form-resa-single__start\" value=\"\" class=\"datepicker datepicker--start\" type=\"text\" placeholder=\"Llegada\">\n\n\t\t\t\t\t    <\/div>\n\n\t\t\t\t\t    <div class=\"form-resa__date\">\n\n\t\t\t\t\t      <input autocomplete=\"off\" id=\"form-resa-single__end\" value=\"\" class=\"datepicker datepicker--end\" type=\"text\" placeholder=\"Salida\">\n\n\t\t\t\t\t    <\/div>\n\n\t\t\t\t\t  <\/div>\n\n\t\t\t\t\t<\/form>\n\n\t\t\t\t\t<div class=\"disponibilite-wrap ls-dispo\">\n\n\t\t\t\t\t<\/div>\n\n\t\t\t\t<\/div>\n\n\t\t\t<\/div>\n\t\t<\/div>\n\t<\/div>\n\t\n<\/div><\/div><div class=\"ls-hebergement\" data-postid='6385' data-id-reservation='119426' data-id-site='' data-id1='' data-nombre_de_personnes='6' data-nombre_de_chambres='3' data-last-update='' data-type='accommodation-fr mobil-home-fr'>\r\n\t<div class=\"ls-hebergement__thumb\">\r\n\t\t\t<\/div>\r\n\t<div class=\"ls-hebergement__title\">\r\n\t\tMobile-home LYS 3 bedrooms\t\t\r\n\t<\/div>\r\n\r\n\t<div class=\"ls-hebergement__details\">\r\n\r\n\t\t<div class=\"ls-hebergement__icons\">\r\n\r\n\t\t\t\t\t\t\t<span class=\"ls-hebergement__icon\">\r\n\t\t\t\t\t<i class=\"fas fa-users\"><\/i>\r\n\t\t\t\t\t6\t\t\t\t<\/span>\r\n\t\t\t\r\n\t\t\t\t\t\t\t<span class=\"ls-hebergement__icon\">\r\n\t\t\t\t\t<i class=\"fas fa-bed\"><\/i>\r\n\t\t\t\t\t3\t\r\n\t\t\t\t<\/span>\r\n\t\t\t\r\n\t\t\t\t\t\t\t<span class=\"ls-hebergement__icon\">\r\n\t\t\t\t\t<i class=\"fas fa-vector-square\"><\/i>\r\n\t\t\t\t\t30m\u00b2\r\n\t\t\t\t<\/span>\r\n\t\t\t\r\n\t\t\t\r\n\t\t<\/div>\r\n\t<\/div>\r\n\r\n\t<div class=\"ls-hebergement__disponibilites\">Descubra<\/div>\r\n\t\n<div class=\"ls-single-hebergement\" data-postid='6385' data-id-reservation='119426' data-id-site='' data-id1='' data-nombre_de_personnes='6' data-nombre_de_chambres='3' data-last-update='' data-type='accommodation-fr mobil-home-fr' style=\"display: none;\">\n\t<div class=\"container\">\n\n\t\t<div class=\"ls-single-hebergement__close\">\n\t\t\t<i class=\"fas fa-times\"><\/i>\n\t\t<\/div>\n\n\n\t\t\t\t<img decoding=\"async\" src=\"https:\/\/www.campingvallespir.com\/wp-content\/uploads\/2022\/11\/0-1063783.jpg\" alt=\"Mobile-home LYS 3 bedrooms\" \/>\n\t\t<div class=\"wp-block-columns\">\n\t\t\t<div class=\"wp-block-column\" style=\"flex-basis:66.66%\">\n\n\t\t\t\t\t\t\t\t\t<ul class=\"ls-single-hebergement__galerie\">\n\t\t\t\t\t\t\t\t\t\t\t\t\t<li>\n\t\t\t\t\t\t\t\t<a href=\"https:\/\/www.campingvallespir.com\/wp-content\/uploads\/2022\/11\/0-1063783.jpg\" data-fancybox=\"hebergement\">\n\t\t\t\t\t\t\t\t\t<img decoding=\"async\" src=\"https:\/\/www.campingvallespir.com\/wp-content\/uploads\/2022\/11\/0-1063783.jpg\" alt=\"\" \/>\n\t\t\t\t\t\t\t\t<\/a>\n\t\t\t\t\t\t\t<\/li>\n\t\t\t\t\t\t\t\t\t\t\t\t\t<li>\n\t\t\t\t\t\t\t\t<a href=\"https:\/\/www.campingvallespir.com\/wp-content\/uploads\/2022\/11\/1-1061523.jpg\" data-fancybox=\"hebergement\">\n\t\t\t\t\t\t\t\t\t<img decoding=\"async\" src=\"https:\/\/www.campingvallespir.com\/wp-content\/uploads\/2022\/11\/1-1061523.jpg\" alt=\"\" \/>\n\t\t\t\t\t\t\t\t<\/a>\n\t\t\t\t\t\t\t<\/li>\n\t\t\t\t\t\t\t\t\t\t\t\t\t<li>\n\t\t\t\t\t\t\t\t<a href=\"https:\/\/www.campingvallespir.com\/wp-content\/uploads\/2022\/11\/2-1061524.jpg\" data-fancybox=\"hebergement\">\n\t\t\t\t\t\t\t\t\t<img decoding=\"async\" src=\"https:\/\/www.campingvallespir.com\/wp-content\/uploads\/2022\/11\/2-1061524.jpg\" alt=\"\" \/>\n\t\t\t\t\t\t\t\t<\/a>\n\t\t\t\t\t\t\t<\/li>\n\t\t\t\t\t\t\t\t\t\t\t\t\t<li>\n\t\t\t\t\t\t\t\t<a href=\"https:\/\/www.campingvallespir.com\/wp-content\/uploads\/2022\/11\/3-1061525.jpg\" data-fancybox=\"hebergement\">\n\t\t\t\t\t\t\t\t\t<img decoding=\"async\" src=\"https:\/\/www.campingvallespir.com\/wp-content\/uploads\/2022\/11\/3-1061525.jpg\" alt=\"\" \/>\n\t\t\t\t\t\t\t\t<\/a>\n\t\t\t\t\t\t\t<\/li>\n\t\t\t\t\t\t\t\t\t\t\t\t\t<li>\n\t\t\t\t\t\t\t\t<a href=\"https:\/\/www.campingvallespir.com\/wp-content\/uploads\/2022\/11\/4-1061526.jpg\" data-fancybox=\"hebergement\">\n\t\t\t\t\t\t\t\t\t<img decoding=\"async\" src=\"https:\/\/www.campingvallespir.com\/wp-content\/uploads\/2022\/11\/4-1061526.jpg\" alt=\"\" \/>\n\t\t\t\t\t\t\t\t<\/a>\n\t\t\t\t\t\t\t<\/li>\n\t\t\t\t\t\t\t\t\t\t\t\t\t<li>\n\t\t\t\t\t\t\t\t<a href=\"https:\/\/www.campingvallespir.com\/wp-content\/uploads\/2022\/11\/5-1061527.jpg\" data-fancybox=\"hebergement\">\n\t\t\t\t\t\t\t\t\t<img decoding=\"async\" src=\"https:\/\/www.campingvallespir.com\/wp-content\/uploads\/2022\/11\/5-1061527.jpg\" alt=\"\" \/>\n\t\t\t\t\t\t\t\t<\/a>\n\t\t\t\t\t\t\t<\/li>\n\t\t\t\t\t\t\t\t\t\t\t\t\t<li>\n\t\t\t\t\t\t\t\t<a href=\"https:\/\/www.campingvallespir.com\/wp-content\/uploads\/2025\/11\/6-1396477.jpg\" data-fancybox=\"hebergement\">\n\t\t\t\t\t\t\t\t\t<img decoding=\"async\" src=\"https:\/\/www.campingvallespir.com\/wp-content\/uploads\/2025\/11\/6-1396477-150x150.jpg\" alt=\"\" \/>\n\t\t\t\t\t\t\t\t<\/a>\n\t\t\t\t\t\t\t<\/li>\n\t\t\t\t\t\t\t\t\t\t\t<\/ul>\n\t\t\t\t\t\t\t\t\n\t\t\t\t<h2 class=\"ls__heading wp-block-heading has-color-1-color has-text-color\">Mobile-home LYS 3 bedrooms<\/h2>\n\t\t\t\t<!-- <h1><\/h1> -->\n\n\n\t\t\t\t\n\t\t\t\t\t<div class=\"ls-single-hebergement__description\">\n\t\t\t\t\t\t\t\t\t\t\t<\/div>\n\n\t\t\t\t\t\t\t<\/div>\n\n\t\t\t<div class=\"wp-block-column\" style=\"flex-basis:33.333%\">\n\n\t\t\t\t<div class=\"ls-single-hebergement__sidebar\">\n\n\t\t\t\t\t<h3>Su estancia<\/h3>\n\n\t\t\t\t\t<form class=\"form-resa form-resa--single\">\n\n\t\t\t\t\t\t<div class=\"form-resa__dates\">\n\n\t\t\t\t\t    <div class=\"form-resa__date\">\n\n\t\t\t\t\t      <i class=\"icon-calendar\"><\/i>\n\n\t\t\t\t\t      <input autocomplete=\"off\" id=\"form-resa-single__start\" value=\"\" class=\"datepicker datepicker--start\" type=\"text\" placeholder=\"Llegada\">\n\n\t\t\t\t\t    <\/div>\n\n\t\t\t\t\t    <div class=\"form-resa__date\">\n\n\t\t\t\t\t      <input autocomplete=\"off\" id=\"form-resa-single__end\" value=\"\" class=\"datepicker datepicker--end\" type=\"text\" placeholder=\"Salida\">\n\n\t\t\t\t\t    <\/div>\n\n\t\t\t\t\t  <\/div>\n\n\t\t\t\t\t<\/form>\n\n\t\t\t\t\t<div class=\"disponibilite-wrap ls-dispo\">\n\n\t\t\t\t\t<\/div>\n\n\t\t\t\t<\/div>\n\n\t\t\t<\/div>\n\t\t<\/div>\n\t<\/div>\n\t\n<\/div><\/div><div class=\"ls-hebergement\" data-postid='6386' data-id-reservation='119427' data-id-site='' data-id1='' data-nombre_de_personnes='6' data-nombre_de_chambres='3' data-last-update='' data-type='accommodation-fr mobil-home-fr'>\r\n\t<div class=\"ls-hebergement__thumb\">\r\n\t\t\t<\/div>\r\n\t<div class=\"ls-hebergement__title\">\r\n\t\tPROMO CURISTE &#8211; Mobil-home LYS 3 chambres climatis\u00e9\t\t\r\n\t<\/div>\r\n\r\n\t<div class=\"ls-hebergement__details\">\r\n\r\n\t\t<div class=\"ls-hebergement__icons\">\r\n\r\n\t\t\t\t\t\t\t<span class=\"ls-hebergement__icon\">\r\n\t\t\t\t\t<i class=\"fas fa-users\"><\/i>\r\n\t\t\t\t\t6\t\t\t\t<\/span>\r\n\t\t\t\r\n\t\t\t\t\t\t\t<span class=\"ls-hebergement__icon\">\r\n\t\t\t\t\t<i class=\"fas fa-bed\"><\/i>\r\n\t\t\t\t\t3\t\r\n\t\t\t\t<\/span>\r\n\t\t\t\r\n\t\t\t\t\t\t\t<span class=\"ls-hebergement__icon\">\r\n\t\t\t\t\t<i class=\"fas fa-vector-square\"><\/i>\r\n\t\t\t\t\t30m\u00b2\r\n\t\t\t\t<\/span>\r\n\t\t\t\r\n\t\t\t\r\n\t\t<\/div>\r\n\t<\/div>\r\n\r\n\t<div class=\"ls-hebergement__disponibilites\">Descubra<\/div>\r\n\t\n<div class=\"ls-single-hebergement\" data-postid='6386' data-id-reservation='119427' data-id-site='' data-id1='' data-nombre_de_personnes='6' data-nombre_de_chambres='3' data-last-update='' data-type='accommodation-fr mobil-home-fr' style=\"display: none;\">\n\t<div class=\"container\">\n\n\t\t<div class=\"ls-single-hebergement__close\">\n\t\t\t<i class=\"fas fa-times\"><\/i>\n\t\t<\/div>\n\n\n\t\t\t\t<img decoding=\"async\" src=\"https:\/\/www.campingvallespir.com\/wp-content\/uploads\/2022\/11\/0-1063787.jpg\" alt=\"PROMO CURISTE &#8211; Mobil-home LYS 3 chambres climatis\u00e9\" \/>\n\t\t<div class=\"wp-block-columns\">\n\t\t\t<div class=\"wp-block-column\" style=\"flex-basis:66.66%\">\n\n\t\t\t\t\t\t\t\t\t<ul class=\"ls-single-hebergement__galerie\">\n\t\t\t\t\t\t\t\t\t\t\t\t\t<li>\n\t\t\t\t\t\t\t\t<a href=\"https:\/\/www.campingvallespir.com\/wp-content\/uploads\/2022\/11\/0-1063787.jpg\" data-fancybox=\"hebergement\">\n\t\t\t\t\t\t\t\t\t<img decoding=\"async\" src=\"https:\/\/www.campingvallespir.com\/wp-content\/uploads\/2022\/11\/0-1063787.jpg\" alt=\"\" \/>\n\t\t\t\t\t\t\t\t<\/a>\n\t\t\t\t\t\t\t<\/li>\n\t\t\t\t\t\t\t\t\t\t\t\t\t<li>\n\t\t\t\t\t\t\t\t<a href=\"https:\/\/www.campingvallespir.com\/wp-content\/uploads\/2022\/11\/1-1063729.jpg\" data-fancybox=\"hebergement\">\n\t\t\t\t\t\t\t\t\t<img decoding=\"async\" src=\"https:\/\/www.campingvallespir.com\/wp-content\/uploads\/2022\/11\/1-1063729.jpg\" alt=\"\" \/>\n\t\t\t\t\t\t\t\t<\/a>\n\t\t\t\t\t\t\t<\/li>\n\t\t\t\t\t\t\t\t\t\t\t\t\t<li>\n\t\t\t\t\t\t\t\t<a href=\"https:\/\/www.campingvallespir.com\/wp-content\/uploads\/2022\/11\/2-1063730.jpg\" data-fancybox=\"hebergement\">\n\t\t\t\t\t\t\t\t\t<img decoding=\"async\" src=\"https:\/\/www.campingvallespir.com\/wp-content\/uploads\/2022\/11\/2-1063730.jpg\" alt=\"\" \/>\n\t\t\t\t\t\t\t\t<\/a>\n\t\t\t\t\t\t\t<\/li>\n\t\t\t\t\t\t\t\t\t\t\t\t\t<li>\n\t\t\t\t\t\t\t\t<a href=\"https:\/\/www.campingvallespir.com\/wp-content\/uploads\/2022\/11\/3-1063731.jpg\" data-fancybox=\"hebergement\">\n\t\t\t\t\t\t\t\t\t<img decoding=\"async\" src=\"https:\/\/www.campingvallespir.com\/wp-content\/uploads\/2022\/11\/3-1063731.jpg\" alt=\"\" \/>\n\t\t\t\t\t\t\t\t<\/a>\n\t\t\t\t\t\t\t<\/li>\n\t\t\t\t\t\t\t\t\t\t\t\t\t<li>\n\t\t\t\t\t\t\t\t<a href=\"https:\/\/www.campingvallespir.com\/wp-content\/uploads\/2022\/11\/4-1063732.jpg\" data-fancybox=\"hebergement\">\n\t\t\t\t\t\t\t\t\t<img decoding=\"async\" src=\"https:\/\/www.campingvallespir.com\/wp-content\/uploads\/2022\/11\/4-1063732.jpg\" alt=\"\" \/>\n\t\t\t\t\t\t\t\t<\/a>\n\t\t\t\t\t\t\t<\/li>\n\t\t\t\t\t\t\t\t\t\t\t\t\t<li>\n\t\t\t\t\t\t\t\t<a href=\"https:\/\/www.campingvallespir.com\/wp-content\/uploads\/2022\/11\/5-1063733.jpg\" data-fancybox=\"hebergement\">\n\t\t\t\t\t\t\t\t\t<img decoding=\"async\" src=\"https:\/\/www.campingvallespir.com\/wp-content\/uploads\/2022\/11\/5-1063733.jpg\" alt=\"\" \/>\n\t\t\t\t\t\t\t\t<\/a>\n\t\t\t\t\t\t\t<\/li>\n\t\t\t\t\t\t\t\t\t\t\t\t\t<li>\n\t\t\t\t\t\t\t\t<a href=\"https:\/\/www.campingvallespir.com\/wp-content\/uploads\/2025\/11\/6-1396479.jpg\" data-fancybox=\"hebergement\">\n\t\t\t\t\t\t\t\t\t<img decoding=\"async\" src=\"https:\/\/www.campingvallespir.com\/wp-content\/uploads\/2025\/11\/6-1396479-150x150.jpg\" alt=\"\" \/>\n\t\t\t\t\t\t\t\t<\/a>\n\t\t\t\t\t\t\t<\/li>\n\t\t\t\t\t\t\t\t\t\t\t<\/ul>\n\t\t\t\t\t\t\t\t\n\t\t\t\t<h2 class=\"ls__heading wp-block-heading has-color-1-color has-text-color\">PROMO CURISTE &#8211; Mobil-home LYS 3 chambres climatis\u00e9<\/h2>\n\t\t\t\t<!-- <h1><\/h1> -->\n\n\n\t\t\t\t\n\t\t\t\t\t<div class=\"ls-single-hebergement__description\">\n\t\t\t\t\t\t\t\t\t\t\t<\/div>\n\n\t\t\t\t\t\t\t<\/div>\n\n\t\t\t<div class=\"wp-block-column\" style=\"flex-basis:33.333%\">\n\n\t\t\t\t<div class=\"ls-single-hebergement__sidebar\">\n\n\t\t\t\t\t<h3>Su estancia<\/h3>\n\n\t\t\t\t\t<form class=\"form-resa form-resa--single\">\n\n\t\t\t\t\t\t<div class=\"form-resa__dates\">\n\n\t\t\t\t\t    <div class=\"form-resa__date\">\n\n\t\t\t\t\t      <i class=\"icon-calendar\"><\/i>\n\n\t\t\t\t\t      <input autocomplete=\"off\" id=\"form-resa-single__start\" value=\"\" class=\"datepicker datepicker--start\" type=\"text\" placeholder=\"Llegada\">\n\n\t\t\t\t\t    <\/div>\n\n\t\t\t\t\t    <div class=\"form-resa__date\">\n\n\t\t\t\t\t      <input autocomplete=\"off\" id=\"form-resa-single__end\" value=\"\" class=\"datepicker datepicker--end\" type=\"text\" placeholder=\"Salida\">\n\n\t\t\t\t\t    <\/div>\n\n\t\t\t\t\t  <\/div>\n\n\t\t\t\t\t<\/form>\n\n\t\t\t\t\t<div class=\"disponibilite-wrap ls-dispo\">\n\n\t\t\t\t\t<\/div>\n\n\t\t\t\t<\/div>\n\n\t\t\t<\/div>\n\t\t<\/div>\n\t<\/div>\n\t\n<\/div><\/div><div class=\"ls-hebergement\" data-postid='4498' data-id-reservation='105797' data-id-site='' data-id1='' data-nombre_de_personnes='4' data-nombre_de_chambres='2' data-last-update='' data-type='accommodation-fr mobil-home-fr'>\r\n\t<div class=\"ls-hebergement__thumb\">\r\n\t\t<img decoding=\"async\" width=\"1\" height=\"1\" src=\"https:\/\/www.campingvallespir.com\/wp-content\/uploads\/2022\/10\/0-1014589.jpg\" class=\"attachment-medium_large size-medium_large wp-post-image\" alt=\"\" \/>\t<\/div>\r\n\t<div class=\"ls-hebergement__title\">\r\n\t\tMobilhome CARGOLADE PREMIUM 2 habitaciones &#8211; aire acondicionado\t\t\r\n\t<\/div>\r\n\r\n\t<div class=\"ls-hebergement__details\">\r\n\r\n\t\t<div class=\"ls-hebergement__icons\">\r\n\r\n\t\t\t\t\t\t\t<span class=\"ls-hebergement__icon\">\r\n\t\t\t\t\t<i class=\"fas fa-users\"><\/i>\r\n\t\t\t\t\t4\t\t\t\t<\/span>\r\n\t\t\t\r\n\t\t\t\t\t\t\t<span class=\"ls-hebergement__icon\">\r\n\t\t\t\t\t<i class=\"fas fa-bed\"><\/i>\r\n\t\t\t\t\t2\t\r\n\t\t\t\t<\/span>\r\n\t\t\t\r\n\t\t\t\t\t\t\t<span class=\"ls-hebergement__icon\">\r\n\t\t\t\t\t<i class=\"fas fa-vector-square\"><\/i>\r\n\t\t\t\t\t28m\u00b2\r\n\t\t\t\t<\/span>\r\n\t\t\t\r\n\t\t\t\r\n\t\t<\/div>\r\n\t<\/div>\r\n\r\n\t<div class=\"ls-hebergement__disponibilites\">Descubra<\/div>\r\n\t\n<div class=\"ls-single-hebergement\" data-postid='4498' data-id-reservation='105797' data-id-site='' data-id1='' data-nombre_de_personnes='4' data-nombre_de_chambres='2' data-last-update='' data-type='accommodation-fr mobil-home-fr' style=\"display: none;\">\n\t<div class=\"container\">\n\n\t\t<div class=\"ls-single-hebergement__close\">\n\t\t\t<i class=\"fas fa-times\"><\/i>\n\t\t<\/div>\n\n\n\t\t\t\t<img decoding=\"async\" src=\"https:\/\/www.campingvallespir.com\/wp-content\/uploads\/2022\/10\/0-1014589.jpg\" alt=\"Mobilhome CARGOLADE PREMIUM 2 habitaciones &#8211; aire acondicionado\" \/>\n\t\t<div class=\"wp-block-columns\">\n\t\t\t<div class=\"wp-block-column\" style=\"flex-basis:66.66%\">\n\n\t\t\t\t\t\t\t\t\t<ul class=\"ls-single-hebergement__galerie\">\n\t\t\t\t\t\t\t\t\t\t\t\t\t<li>\n\t\t\t\t\t\t\t\t<a href=\"https:\/\/www.campingvallespir.com\/wp-content\/uploads\/2022\/10\/0-1014589.jpg\" data-fancybox=\"hebergement\">\n\t\t\t\t\t\t\t\t\t<img decoding=\"async\" src=\"https:\/\/www.campingvallespir.com\/wp-content\/uploads\/2022\/10\/0-1014589.jpg\" alt=\"\" \/>\n\t\t\t\t\t\t\t\t<\/a>\n\t\t\t\t\t\t\t<\/li>\n\t\t\t\t\t\t\t\t\t\t\t\t\t<li>\n\t\t\t\t\t\t\t\t<a href=\"https:\/\/www.campingvallespir.com\/wp-content\/uploads\/2022\/10\/1-907528.jpg\" data-fancybox=\"hebergement\">\n\t\t\t\t\t\t\t\t\t<img decoding=\"async\" src=\"https:\/\/www.campingvallespir.com\/wp-content\/uploads\/2022\/10\/1-907528.jpg\" alt=\"\" \/>\n\t\t\t\t\t\t\t\t<\/a>\n\t\t\t\t\t\t\t<\/li>\n\t\t\t\t\t\t\t\t\t\t\t\t\t<li>\n\t\t\t\t\t\t\t\t<a href=\"https:\/\/www.campingvallespir.com\/wp-content\/uploads\/2022\/06\/2-907529.jpg\" data-fancybox=\"hebergement\">\n\t\t\t\t\t\t\t\t\t<img decoding=\"async\" src=\"https:\/\/www.campingvallespir.com\/wp-content\/uploads\/2022\/06\/2-907529-150x150.jpg\" alt=\"\" \/>\n\t\t\t\t\t\t\t\t<\/a>\n\t\t\t\t\t\t\t<\/li>\n\t\t\t\t\t\t\t\t\t\t\t\t\t<li>\n\t\t\t\t\t\t\t\t<a href=\"https:\/\/www.campingvallespir.com\/wp-content\/uploads\/2022\/06\/3-907530.jpg\" data-fancybox=\"hebergement\">\n\t\t\t\t\t\t\t\t\t<img decoding=\"async\" src=\"https:\/\/www.campingvallespir.com\/wp-content\/uploads\/2022\/06\/3-907530-150x150.jpg\" alt=\"\" \/>\n\t\t\t\t\t\t\t\t<\/a>\n\t\t\t\t\t\t\t<\/li>\n\t\t\t\t\t\t\t\t\t\t\t\t\t<li>\n\t\t\t\t\t\t\t\t<a href=\"https:\/\/www.campingvallespir.com\/wp-content\/uploads\/2022\/06\/4-907531.jpg\" data-fancybox=\"hebergement\">\n\t\t\t\t\t\t\t\t\t<img decoding=\"async\" src=\"https:\/\/www.campingvallespir.com\/wp-content\/uploads\/2022\/06\/4-907531-150x150.jpg\" alt=\"\" \/>\n\t\t\t\t\t\t\t\t<\/a>\n\t\t\t\t\t\t\t<\/li>\n\t\t\t\t\t\t\t\t\t\t\t\t\t<li>\n\t\t\t\t\t\t\t\t<a href=\"https:\/\/www.campingvallespir.com\/wp-content\/uploads\/2022\/10\/5-907532.jpg\" data-fancybox=\"hebergement\">\n\t\t\t\t\t\t\t\t\t<img decoding=\"async\" src=\"https:\/\/www.campingvallespir.com\/wp-content\/uploads\/2022\/10\/5-907532.jpg\" alt=\"\" \/>\n\t\t\t\t\t\t\t\t<\/a>\n\t\t\t\t\t\t\t<\/li>\n\t\t\t\t\t\t\t\t\t\t\t\t\t<li>\n\t\t\t\t\t\t\t\t<a href=\"https:\/\/www.campingvallespir.com\/wp-content\/uploads\/2022\/06\/6-907533.jpg\" data-fancybox=\"hebergement\">\n\t\t\t\t\t\t\t\t\t<img decoding=\"async\" src=\"https:\/\/www.campingvallespir.com\/wp-content\/uploads\/2022\/06\/6-907533-150x150.jpg\" alt=\"\" \/>\n\t\t\t\t\t\t\t\t<\/a>\n\t\t\t\t\t\t\t<\/li>\n\t\t\t\t\t\t\t\t\t\t\t\t\t<li>\n\t\t\t\t\t\t\t\t<a href=\"https:\/\/www.campingvallespir.com\/wp-content\/uploads\/2022\/11\/7-1063737.jpg\" data-fancybox=\"hebergement\">\n\t\t\t\t\t\t\t\t\t<img decoding=\"async\" src=\"https:\/\/www.campingvallespir.com\/wp-content\/uploads\/2022\/11\/7-1063737.jpg\" alt=\"\" \/>\n\t\t\t\t\t\t\t\t<\/a>\n\t\t\t\t\t\t\t<\/li>\n\t\t\t\t\t\t\t\t\t\t\t<\/ul>\n\t\t\t\t\t\t\t\t\n\t\t\t\t<h2 class=\"ls__heading wp-block-heading has-color-1-color has-text-color\">Mobilhome CARGOLADE PREMIUM 2 habitaciones &#8211; aire acondicionado<\/h2>\n\t\t\t\t<!-- <h1><\/h1> -->\n\n\n\t\t\t\t\n\t\t\t\t\t<div class=\"ls-single-hebergement__description\">\n\t\t\t\t\t\t\t\t\t\t\t<\/div>\n\n\t\t\t\t\t\t\t<\/div>\n\n\t\t\t<div class=\"wp-block-column\" style=\"flex-basis:33.333%\">\n\n\t\t\t\t<div class=\"ls-single-hebergement__sidebar\">\n\n\t\t\t\t\t<h3>Su estancia<\/h3>\n\n\t\t\t\t\t<form class=\"form-resa form-resa--single\">\n\n\t\t\t\t\t\t<div class=\"form-resa__dates\">\n\n\t\t\t\t\t    <div class=\"form-resa__date\">\n\n\t\t\t\t\t      <i class=\"icon-calendar\"><\/i>\n\n\t\t\t\t\t      <input autocomplete=\"off\" id=\"form-resa-single__start\" value=\"\" class=\"datepicker datepicker--start\" type=\"text\" placeholder=\"Llegada\">\n\n\t\t\t\t\t    <\/div>\n\n\t\t\t\t\t    <div class=\"form-resa__date\">\n\n\t\t\t\t\t      <input autocomplete=\"off\" id=\"form-resa-single__end\" value=\"\" class=\"datepicker datepicker--end\" type=\"text\" placeholder=\"Salida\">\n\n\t\t\t\t\t    <\/div>\n\n\t\t\t\t\t  <\/div>\n\n\t\t\t\t\t<\/form>\n\n\t\t\t\t\t<div class=\"disponibilite-wrap ls-dispo\">\n\n\t\t\t\t\t<\/div>\n\n\t\t\t\t<\/div>\n\n\t\t\t<\/div>\n\t\t<\/div>\n\t<\/div>\n\t\n<\/div><\/div><div class=\"ls-hebergement\" data-postid='4496' data-id-reservation='105796' data-id-site='' data-id1='' data-nombre_de_personnes='4' data-nombre_de_chambres='2' data-last-update='' data-type='accommodation-fr mobil-home-fr'>\r\n\t<div class=\"ls-hebergement__thumb\">\r\n\t\t<img decoding=\"async\" width=\"640\" height=\"427\" src=\"https:\/\/www.campingvallespir.com\/wp-content\/uploads\/2022\/06\/0-907520.jpg\" class=\"attachment-medium_large size-medium_large wp-post-image\" alt=\"\" srcset=\"https:\/\/www.campingvallespir.com\/wp-content\/uploads\/2022\/06\/0-907520.jpg 640w, https:\/\/www.campingvallespir.com\/wp-content\/uploads\/2022\/06\/0-907520-300x200.jpg 300w\" sizes=\"(max-width: 640px) 100vw, 640px\" \/>\t<\/div>\r\n\t<div class=\"ls-hebergement__title\">\r\n\t\tMobilhome PRIMEVERE PREMIUM 2 habitaciones\t\t\r\n\t<\/div>\r\n\r\n\t<div class=\"ls-hebergement__details\">\r\n\r\n\t\t<div class=\"ls-hebergement__icons\">\r\n\r\n\t\t\t\t\t\t\t<span class=\"ls-hebergement__icon\">\r\n\t\t\t\t\t<i class=\"fas fa-users\"><\/i>\r\n\t\t\t\t\t4\t\t\t\t<\/span>\r\n\t\t\t\r\n\t\t\t\t\t\t\t<span class=\"ls-hebergement__icon\">\r\n\t\t\t\t\t<i class=\"fas fa-bed\"><\/i>\r\n\t\t\t\t\t2\t\r\n\t\t\t\t<\/span>\r\n\t\t\t\r\n\t\t\t\t\t\t\t<span class=\"ls-hebergement__icon\">\r\n\t\t\t\t\t<i class=\"fas fa-vector-square\"><\/i>\r\n\t\t\t\t\t22m\u00b2\r\n\t\t\t\t<\/span>\r\n\t\t\t\r\n\t\t\t\r\n\t\t<\/div>\r\n\t<\/div>\r\n\r\n\t<div class=\"ls-hebergement__disponibilites\">Descubra<\/div>\r\n\t\n<div class=\"ls-single-hebergement\" data-postid='4496' data-id-reservation='105796' data-id-site='' data-id1='' data-nombre_de_personnes='4' data-nombre_de_chambres='2' data-last-update='' data-type='accommodation-fr mobil-home-fr' style=\"display: none;\">\n\t<div class=\"container\">\n\n\t\t<div class=\"ls-single-hebergement__close\">\n\t\t\t<i class=\"fas fa-times\"><\/i>\n\t\t<\/div>\n\n\n\t\t\t\t<img decoding=\"async\" src=\"https:\/\/www.campingvallespir.com\/wp-content\/uploads\/2022\/06\/0-907520.jpg\" alt=\"Mobilhome PRIMEVERE PREMIUM 2 habitaciones\" \/>\n\t\t<div class=\"wp-block-columns\">\n\t\t\t<div class=\"wp-block-column\" style=\"flex-basis:66.66%\">\n\n\t\t\t\t\t\t\t\t\t<ul class=\"ls-single-hebergement__galerie\">\n\t\t\t\t\t\t\t\t\t\t\t\t\t<li>\n\t\t\t\t\t\t\t\t<a href=\"https:\/\/www.campingvallespir.com\/wp-content\/uploads\/2022\/06\/0-907520.jpg\" data-fancybox=\"hebergement\">\n\t\t\t\t\t\t\t\t\t<img decoding=\"async\" src=\"https:\/\/www.campingvallespir.com\/wp-content\/uploads\/2022\/06\/0-907520-150x150.jpg\" alt=\"\" \/>\n\t\t\t\t\t\t\t\t<\/a>\n\t\t\t\t\t\t\t<\/li>\n\t\t\t\t\t\t\t\t\t\t\t\t\t<li>\n\t\t\t\t\t\t\t\t<a href=\"https:\/\/www.campingvallespir.com\/wp-content\/uploads\/2022\/06\/1-907521.jpg\" data-fancybox=\"hebergement\">\n\t\t\t\t\t\t\t\t\t<img decoding=\"async\" src=\"https:\/\/www.campingvallespir.com\/wp-content\/uploads\/2022\/06\/1-907521-150x150.jpg\" alt=\"\" \/>\n\t\t\t\t\t\t\t\t<\/a>\n\t\t\t\t\t\t\t<\/li>\n\t\t\t\t\t\t\t\t\t\t\t\t\t<li>\n\t\t\t\t\t\t\t\t<a href=\"https:\/\/www.campingvallespir.com\/wp-content\/uploads\/2022\/06\/2-907522.jpg\" data-fancybox=\"hebergement\">\n\t\t\t\t\t\t\t\t\t<img decoding=\"async\" src=\"https:\/\/www.campingvallespir.com\/wp-content\/uploads\/2022\/06\/2-907522-150x150.jpg\" alt=\"\" \/>\n\t\t\t\t\t\t\t\t<\/a>\n\t\t\t\t\t\t\t<\/li>\n\t\t\t\t\t\t\t\t\t\t\t\t\t<li>\n\t\t\t\t\t\t\t\t<a href=\"https:\/\/www.campingvallespir.com\/wp-content\/uploads\/2022\/06\/3-907523.jpg\" data-fancybox=\"hebergement\">\n\t\t\t\t\t\t\t\t\t<img decoding=\"async\" src=\"https:\/\/www.campingvallespir.com\/wp-content\/uploads\/2022\/06\/3-907523-150x150.jpg\" alt=\"\" \/>\n\t\t\t\t\t\t\t\t<\/a>\n\t\t\t\t\t\t\t<\/li>\n\t\t\t\t\t\t\t\t\t\t\t\t\t<li>\n\t\t\t\t\t\t\t\t<a href=\"https:\/\/www.campingvallespir.com\/wp-content\/uploads\/2022\/06\/4-907524.jpg\" data-fancybox=\"hebergement\">\n\t\t\t\t\t\t\t\t\t<img decoding=\"async\" src=\"https:\/\/www.campingvallespir.com\/wp-content\/uploads\/2022\/06\/4-907524-150x150.jpg\" alt=\"\" \/>\n\t\t\t\t\t\t\t\t<\/a>\n\t\t\t\t\t\t\t<\/li>\n\t\t\t\t\t\t\t\t\t\t\t\t\t<li>\n\t\t\t\t\t\t\t\t<a href=\"https:\/\/www.campingvallespir.com\/wp-content\/uploads\/2022\/06\/5-907525.jpg\" data-fancybox=\"hebergement\">\n\t\t\t\t\t\t\t\t\t<img decoding=\"async\" src=\"https:\/\/www.campingvallespir.com\/wp-content\/uploads\/2022\/06\/5-907525-150x150.jpg\" alt=\"\" \/>\n\t\t\t\t\t\t\t\t<\/a>\n\t\t\t\t\t\t\t<\/li>\n\t\t\t\t\t\t\t\t\t\t\t\t\t<li>\n\t\t\t\t\t\t\t\t<a href=\"https:\/\/www.campingvallespir.com\/wp-content\/uploads\/2022\/11\/6-1063739.jpg\" data-fancybox=\"hebergement\">\n\t\t\t\t\t\t\t\t\t<img decoding=\"async\" src=\"https:\/\/www.campingvallespir.com\/wp-content\/uploads\/2022\/11\/6-1063739.jpg\" alt=\"\" \/>\n\t\t\t\t\t\t\t\t<\/a>\n\t\t\t\t\t\t\t<\/li>\n\t\t\t\t\t\t\t\t\t\t\t<\/ul>\n\t\t\t\t\t\t\t\t\n\t\t\t\t<h2 class=\"ls__heading wp-block-heading has-color-1-color has-text-color\">Mobilhome PRIMEVERE PREMIUM 2 habitaciones<\/h2>\n\t\t\t\t<!-- <h1><\/h1> -->\n\n\n\t\t\t\t\n\t\t\t\t\t<div class=\"ls-single-hebergement__description\">\n\t\t\t\t\t\t\t\t\t\t\t<\/div>\n\n\t\t\t\t\t\t\t<\/div>\n\n\t\t\t<div class=\"wp-block-column\" style=\"flex-basis:33.333%\">\n\n\t\t\t\t<div class=\"ls-single-hebergement__sidebar\">\n\n\t\t\t\t\t<h3>Su estancia<\/h3>\n\n\t\t\t\t\t<form class=\"form-resa form-resa--single\">\n\n\t\t\t\t\t\t<div class=\"form-resa__dates\">\n\n\t\t\t\t\t    <div class=\"form-resa__date\">\n\n\t\t\t\t\t      <i class=\"icon-calendar\"><\/i>\n\n\t\t\t\t\t      <input autocomplete=\"off\" id=\"form-resa-single__start\" value=\"\" class=\"datepicker datepicker--start\" type=\"text\" placeholder=\"Llegada\">\n\n\t\t\t\t\t    <\/div>\n\n\t\t\t\t\t    <div class=\"form-resa__date\">\n\n\t\t\t\t\t      <input autocomplete=\"off\" id=\"form-resa-single__end\" value=\"\" class=\"datepicker datepicker--end\" type=\"text\" placeholder=\"Salida\">\n\n\t\t\t\t\t    <\/div>\n\n\t\t\t\t\t  <\/div>\n\n\t\t\t\t\t<\/form>\n\n\t\t\t\t\t<div class=\"disponibilite-wrap ls-dispo\">\n\n\t\t\t\t\t<\/div>\n\n\t\t\t\t<\/div>\n\n\t\t\t<\/div>\n\t\t<\/div>\n\t<\/div>\n\t\n<\/div><\/div><div class=\"ls-hebergement\" data-postid='4497' data-id-reservation='113962' data-id-site='' data-id1='' data-nombre_de_personnes='4' data-nombre_de_chambres='2' data-last-update='' data-type='accommodation-fr mobil-home-fr'>\r\n\t<div class=\"ls-hebergement__thumb\">\r\n\t\t<img decoding=\"async\" width=\"620\" height=\"466\" src=\"https:\/\/www.campingvallespir.com\/wp-content\/uploads\/2022\/06\/00000970026.webp\" class=\"attachment-medium_large size-medium_large wp-post-image\" alt=\"\" srcset=\"https:\/\/www.campingvallespir.com\/wp-content\/uploads\/2022\/06\/00000970026.webp 620w, https:\/\/www.campingvallespir.com\/wp-content\/uploads\/2022\/06\/00000970026-300x225.webp 300w\" sizes=\"(max-width: 620px) 100vw, 620px\" \/>\t<\/div>\r\n\t<div class=\"ls-hebergement__title\">\r\n\t\tPROMO CURISTE &#8211; Mobil-home CARGOLADE PREMIUM 2 chambres climatis\u00e9\t\t\r\n\t<\/div>\r\n\r\n\t<div class=\"ls-hebergement__details\">\r\n\r\n\t\t<div class=\"ls-hebergement__icons\">\r\n\r\n\t\t\t\t\t\t\t<span class=\"ls-hebergement__icon\">\r\n\t\t\t\t\t<i class=\"fas fa-users\"><\/i>\r\n\t\t\t\t\t4\t\t\t\t<\/span>\r\n\t\t\t\r\n\t\t\t\t\t\t\t<span class=\"ls-hebergement__icon\">\r\n\t\t\t\t\t<i class=\"fas fa-bed\"><\/i>\r\n\t\t\t\t\t2\t\r\n\t\t\t\t<\/span>\r\n\t\t\t\r\n\t\t\t\t\t\t\t<span class=\"ls-hebergement__icon\">\r\n\t\t\t\t\t<i class=\"fas fa-vector-square\"><\/i>\r\n\t\t\t\t\t28m\u00b2\r\n\t\t\t\t<\/span>\r\n\t\t\t\r\n\t\t\t\r\n\t\t<\/div>\r\n\t<\/div>\r\n\r\n\t<div class=\"ls-hebergement__disponibilites\">Descubra<\/div>\r\n\t\n<div class=\"ls-single-hebergement\" data-postid='4497' data-id-reservation='113962' data-id-site='' data-id1='' data-nombre_de_personnes='4' data-nombre_de_chambres='2' data-last-update='' data-type='accommodation-fr mobil-home-fr' style=\"display: none;\">\n\t<div class=\"container\">\n\n\t\t<div class=\"ls-single-hebergement__close\">\n\t\t\t<i class=\"fas fa-times\"><\/i>\n\t\t<\/div>\n\n\n\t\t\t\t<img decoding=\"async\" src=\"https:\/\/www.campingvallespir.com\/wp-content\/uploads\/2022\/11\/7-1063738.jpg\" alt=\"PROMO CURISTE &#8211; Mobil-home CARGOLADE PREMIUM 2 chambres climatis\u00e9\" \/>\n\t\t<div class=\"wp-block-columns\">\n\t\t\t<div class=\"wp-block-column\" style=\"flex-basis:66.66%\">\n\n\t\t\t\t\t\t\t\t\t<ul class=\"ls-single-hebergement__galerie\">\n\t\t\t\t\t\t\t\t\t\t\t\t\t<li>\n\t\t\t\t\t\t\t\t<a href=\"https:\/\/www.campingvallespir.com\/wp-content\/uploads\/2022\/11\/7-1063738.jpg\" data-fancybox=\"hebergement\">\n\t\t\t\t\t\t\t\t\t<img decoding=\"async\" src=\"https:\/\/www.campingvallespir.com\/wp-content\/uploads\/2022\/11\/7-1063738.jpg\" alt=\"\" \/>\n\t\t\t\t\t\t\t\t<\/a>\n\t\t\t\t\t\t\t<\/li>\n\t\t\t\t\t\t\t\t\t\t\t<\/ul>\n\t\t\t\t\t\t\t\t\n\t\t\t\t<h2 class=\"ls__heading wp-block-heading has-color-1-color has-text-color\">PROMO CURISTE &#8211; Mobil-home CARGOLADE PREMIUM 2 chambres climatis\u00e9<\/h2>\n\t\t\t\t<!-- <h1><\/h1> -->\n\n\n\t\t\t\t\n\t\t\t\t\t<div class=\"ls-single-hebergement__description\">\n\t\t\t\t\t\t\t\t\t\t\t<\/div>\n\n\t\t\t\t\t\t\t<\/div>\n\n\t\t\t<div class=\"wp-block-column\" style=\"flex-basis:33.333%\">\n\n\t\t\t\t<div class=\"ls-single-hebergement__sidebar\">\n\n\t\t\t\t\t<h3>Su estancia<\/h3>\n\n\t\t\t\t\t<form class=\"form-resa form-resa--single\">\n\n\t\t\t\t\t\t<div class=\"form-resa__dates\">\n\n\t\t\t\t\t    <div class=\"form-resa__date\">\n\n\t\t\t\t\t      <i class=\"icon-calendar\"><\/i>\n\n\t\t\t\t\t      <input autocomplete=\"off\" id=\"form-resa-single__start\" value=\"\" class=\"datepicker datepicker--start\" type=\"text\" placeholder=\"Llegada\">\n\n\t\t\t\t\t    <\/div>\n\n\t\t\t\t\t    <div class=\"form-resa__date\">\n\n\t\t\t\t\t      <input autocomplete=\"off\" id=\"form-resa-single__end\" value=\"\" class=\"datepicker datepicker--end\" type=\"text\" placeholder=\"Salida\">\n\n\t\t\t\t\t    <\/div>\n\n\t\t\t\t\t  <\/div>\n\n\t\t\t\t\t<\/form>\n\n\t\t\t\t\t<div class=\"disponibilite-wrap ls-dispo\">\n\n\t\t\t\t\t<\/div>\n\n\t\t\t\t<\/div>\n\n\t\t\t<\/div>\n\t\t<\/div>\n\t<\/div>\n\t\n<\/div><\/div><div class=\"ls-hebergement\" data-postid='4492' data-id-reservation='105436' data-id-site='' data-id1='' data-nombre_de_personnes='6' data-nombre_de_chambres='2' data-last-update='' data-type='accommodation-fr mobil-home-fr'>\r\n\t<div class=\"ls-hebergement__thumb\">\r\n\t\t<img decoding=\"async\" width=\"768\" height=\"384\" src=\"https:\/\/www.campingvallespir.com\/wp-content\/uploads\/2022\/06\/0-903362.jpg\" class=\"attachment-medium_large size-medium_large wp-post-image\" alt=\"\" srcset=\"https:\/\/www.campingvallespir.com\/wp-content\/uploads\/2022\/06\/0-903362.jpg 768w, https:\/\/www.campingvallespir.com\/wp-content\/uploads\/2022\/06\/0-903362-300x150.jpg 300w\" sizes=\"(max-width: 768px) 100vw, 768px\" \/>\t<\/div>\r\n\t<div class=\"ls-hebergement__title\">\r\n\t\tMobilhome GENTIANE 2 habitaciones aire acondicionado Adaptado para personas con movilidad reducida\t\t\r\n\t<\/div>\r\n\r\n\t<div class=\"ls-hebergement__details\">\r\n\r\n\t\t<div class=\"ls-hebergement__icons\">\r\n\r\n\t\t\t\t\t\t\t<span class=\"ls-hebergement__icon\">\r\n\t\t\t\t\t<i class=\"fas fa-users\"><\/i>\r\n\t\t\t\t\t6\t\t\t\t<\/span>\r\n\t\t\t\r\n\t\t\t\t\t\t\t<span class=\"ls-hebergement__icon\">\r\n\t\t\t\t\t<i class=\"fas fa-bed\"><\/i>\r\n\t\t\t\t\t2\t\r\n\t\t\t\t<\/span>\r\n\t\t\t\r\n\t\t\t\t\t\t\t<span class=\"ls-hebergement__icon\">\r\n\t\t\t\t\t<i class=\"fas fa-vector-square\"><\/i>\r\n\t\t\t\t\t31m\u00b2\r\n\t\t\t\t<\/span>\r\n\t\t\t\r\n\t\t\t\r\n\t\t<\/div>\r\n\t<\/div>\r\n\r\n\t<div class=\"ls-hebergement__disponibilites\">Descubra<\/div>\r\n\t\n<div class=\"ls-single-hebergement\" data-postid='4492' data-id-reservation='105436' data-id-site='' data-id1='' data-nombre_de_personnes='6' data-nombre_de_chambres='2' data-last-update='' data-type='accommodation-fr mobil-home-fr' style=\"display: none;\">\n\t<div class=\"container\">\n\n\t\t<div class=\"ls-single-hebergement__close\">\n\t\t\t<i class=\"fas fa-times\"><\/i>\n\t\t<\/div>\n\n\n\t\t\t\t<img decoding=\"async\" src=\"https:\/\/www.campingvallespir.com\/wp-content\/uploads\/2022\/06\/0-903362.jpg\" alt=\"Mobilhome GENTIANE 2 habitaciones aire acondicionado Adaptado para personas con movilidad reducida\" \/>\n\t\t<div class=\"wp-block-columns\">\n\t\t\t<div class=\"wp-block-column\" style=\"flex-basis:66.66%\">\n\n\t\t\t\t\t\t\t\t\t<ul class=\"ls-single-hebergement__galerie\">\n\t\t\t\t\t\t\t\t\t\t\t\t\t<li>\n\t\t\t\t\t\t\t\t<a href=\"https:\/\/www.campingvallespir.com\/wp-content\/uploads\/2022\/06\/0-903362.jpg\" data-fancybox=\"hebergement\">\n\t\t\t\t\t\t\t\t\t<img decoding=\"async\" src=\"https:\/\/www.campingvallespir.com\/wp-content\/uploads\/2022\/06\/0-903362-150x150.jpg\" alt=\"\" \/>\n\t\t\t\t\t\t\t\t<\/a>\n\t\t\t\t\t\t\t<\/li>\n\t\t\t\t\t\t\t\t\t\t\t\t\t<li>\n\t\t\t\t\t\t\t\t<a href=\"https:\/\/www.campingvallespir.com\/wp-content\/uploads\/2022\/06\/1-903363.jpg\" data-fancybox=\"hebergement\">\n\t\t\t\t\t\t\t\t\t<img decoding=\"async\" src=\"https:\/\/www.campingvallespir.com\/wp-content\/uploads\/2022\/06\/1-903363-150x150.jpg\" alt=\"\" \/>\n\t\t\t\t\t\t\t\t<\/a>\n\t\t\t\t\t\t\t<\/li>\n\t\t\t\t\t\t\t\t\t\t\t\t\t<li>\n\t\t\t\t\t\t\t\t<a href=\"https:\/\/www.campingvallespir.com\/wp-content\/uploads\/2022\/10\/2-903365.jpg\" data-fancybox=\"hebergement\">\n\t\t\t\t\t\t\t\t\t<img decoding=\"async\" src=\"https:\/\/www.campingvallespir.com\/wp-content\/uploads\/2022\/10\/2-903365.jpg\" alt=\"\" \/>\n\t\t\t\t\t\t\t\t<\/a>\n\t\t\t\t\t\t\t<\/li>\n\t\t\t\t\t\t\t\t\t\t\t\t\t<li>\n\t\t\t\t\t\t\t\t<a href=\"https:\/\/www.campingvallespir.com\/wp-content\/uploads\/2022\/06\/3-903364.jpg\" data-fancybox=\"hebergement\">\n\t\t\t\t\t\t\t\t\t<img decoding=\"async\" src=\"https:\/\/www.campingvallespir.com\/wp-content\/uploads\/2022\/06\/3-903364-150x150.jpg\" alt=\"\" \/>\n\t\t\t\t\t\t\t\t<\/a>\n\t\t\t\t\t\t\t<\/li>\n\t\t\t\t\t\t\t\t\t\t\t\t\t<li>\n\t\t\t\t\t\t\t\t<a href=\"https:\/\/www.campingvallespir.com\/wp-content\/uploads\/2022\/10\/4-903366.jpg\" data-fancybox=\"hebergement\">\n\t\t\t\t\t\t\t\t\t<img decoding=\"async\" src=\"https:\/\/www.campingvallespir.com\/wp-content\/uploads\/2022\/10\/4-903366.jpg\" alt=\"\" \/>\n\t\t\t\t\t\t\t\t<\/a>\n\t\t\t\t\t\t\t<\/li>\n\t\t\t\t\t\t\t\t\t\t\t\t\t<li>\n\t\t\t\t\t\t\t\t<a href=\"https:\/\/www.campingvallespir.com\/wp-content\/uploads\/2022\/06\/5-903367.jpg\" data-fancybox=\"hebergement\">\n\t\t\t\t\t\t\t\t\t<img decoding=\"async\" src=\"https:\/\/www.campingvallespir.com\/wp-content\/uploads\/2022\/06\/5-903367-150x150.jpg\" alt=\"\" \/>\n\t\t\t\t\t\t\t\t<\/a>\n\t\t\t\t\t\t\t<\/li>\n\t\t\t\t\t\t\t\t\t\t\t\t\t<li>\n\t\t\t\t\t\t\t\t<a href=\"https:\/\/www.campingvallespir.com\/wp-content\/uploads\/2022\/06\/6-903368.jpg\" data-fancybox=\"hebergement\">\n\t\t\t\t\t\t\t\t\t<img decoding=\"async\" src=\"https:\/\/www.campingvallespir.com\/wp-content\/uploads\/2022\/06\/6-903368-150x150.jpg\" alt=\"\" \/>\n\t\t\t\t\t\t\t\t<\/a>\n\t\t\t\t\t\t\t<\/li>\n\t\t\t\t\t\t\t\t\t\t\t\t\t<li>\n\t\t\t\t\t\t\t\t<a href=\"https:\/\/www.campingvallespir.com\/wp-content\/uploads\/2022\/11\/7-1063741.jpg\" data-fancybox=\"hebergement\">\n\t\t\t\t\t\t\t\t\t<img decoding=\"async\" src=\"https:\/\/www.campingvallespir.com\/wp-content\/uploads\/2022\/11\/7-1063741.jpg\" alt=\"\" \/>\n\t\t\t\t\t\t\t\t<\/a>\n\t\t\t\t\t\t\t<\/li>\n\t\t\t\t\t\t\t\t\t\t\t<\/ul>\n\t\t\t\t\t\t\t\t\n\t\t\t\t<h2 class=\"ls__heading wp-block-heading has-color-1-color has-text-color\">Mobilhome GENTIANE 2 habitaciones aire acondicionado Adaptado para personas con movilidad reducida<\/h2>\n\t\t\t\t<!-- <h1><\/h1> -->\n\n\n\t\t\t\t\n\t\t\t\t\t<div class=\"ls-single-hebergement__description\">\n\t\t\t\t\t\t\t\t\t\t\t<\/div>\n\n\t\t\t\t\t\t\t<\/div>\n\n\t\t\t<div class=\"wp-block-column\" style=\"flex-basis:33.333%\">\n\n\t\t\t\t<div class=\"ls-single-hebergement__sidebar\">\n\n\t\t\t\t\t<h3>Su estancia<\/h3>\n\n\t\t\t\t\t<form class=\"form-resa form-resa--single\">\n\n\t\t\t\t\t\t<div class=\"form-resa__dates\">\n\n\t\t\t\t\t    <div class=\"form-resa__date\">\n\n\t\t\t\t\t      <i class=\"icon-calendar\"><\/i>\n\n\t\t\t\t\t      <input autocomplete=\"off\" id=\"form-resa-single__start\" value=\"\" class=\"datepicker datepicker--start\" type=\"text\" placeholder=\"Llegada\">\n\n\t\t\t\t\t    <\/div>\n\n\t\t\t\t\t    <div class=\"form-resa__date\">\n\n\t\t\t\t\t      <input autocomplete=\"off\" id=\"form-resa-single__end\" value=\"\" class=\"datepicker datepicker--end\" type=\"text\" placeholder=\"Salida\">\n\n\t\t\t\t\t    <\/div>\n\n\t\t\t\t\t  <\/div>\n\n\t\t\t\t\t<\/form>\n\n\t\t\t\t\t<div class=\"disponibilite-wrap ls-dispo\">\n\n\t\t\t\t\t<\/div>\n\n\t\t\t\t<\/div>\n\n\t\t\t<\/div>\n\t\t<\/div>\n\t<\/div>\n\t\n<\/div><\/div><div class=\"ls-hebergement\" data-postid='4493' data-id-reservation='113960' data-id-site='' data-id1='' data-nombre_de_personnes='6' data-nombre_de_chambres='2' data-last-update='' data-type='accommodation-fr mobil-home-fr'>\r\n\t<div class=\"ls-hebergement__thumb\">\r\n\t\t<img decoding=\"async\" width=\"768\" height=\"432\" src=\"https:\/\/www.campingvallespir.com\/wp-content\/uploads\/2025\/11\/0-1395663-768x432.jpg\" class=\"attachment-medium_large size-medium_large wp-post-image\" alt=\"\" srcset=\"https:\/\/www.campingvallespir.com\/wp-content\/uploads\/2025\/11\/0-1395663-768x432.jpg 768w, https:\/\/www.campingvallespir.com\/wp-content\/uploads\/2025\/11\/0-1395663-300x169.jpg 300w, https:\/\/www.campingvallespir.com\/wp-content\/uploads\/2025\/11\/0-1395663-1024x576.jpg 1024w, https:\/\/www.campingvallespir.com\/wp-content\/uploads\/2025\/11\/0-1395663.jpg 1366w\" sizes=\"(max-width: 768px) 100vw, 768px\" \/>\t<\/div>\r\n\t<div class=\"ls-hebergement__title\">\r\n\t\tPROMO CURISTE &#8211; Mobil-home LILAS 2 chambres\t\t\r\n\t<\/div>\r\n\r\n\t<div class=\"ls-hebergement__details\">\r\n\r\n\t\t<div class=\"ls-hebergement__icons\">\r\n\r\n\t\t\t\t\t\t\t<span class=\"ls-hebergement__icon\">\r\n\t\t\t\t\t<i class=\"fas fa-users\"><\/i>\r\n\t\t\t\t\t6\t\t\t\t<\/span>\r\n\t\t\t\r\n\t\t\t\t\t\t\t<span class=\"ls-hebergement__icon\">\r\n\t\t\t\t\t<i class=\"fas fa-bed\"><\/i>\r\n\t\t\t\t\t2\t\r\n\t\t\t\t<\/span>\r\n\t\t\t\r\n\t\t\t\t\t\t\t<span class=\"ls-hebergement__icon\">\r\n\t\t\t\t\t<i class=\"fas fa-vector-square\"><\/i>\r\n\t\t\t\t\t28m\u00b2\r\n\t\t\t\t<\/span>\r\n\t\t\t\r\n\t\t\t\r\n\t\t<\/div>\r\n\t<\/div>\r\n\r\n\t<div class=\"ls-hebergement__disponibilites\">Descubra<\/div>\r\n\t\n<div class=\"ls-single-hebergement\" data-postid='4493' data-id-reservation='113960' data-id-site='' data-id1='' data-nombre_de_personnes='6' data-nombre_de_chambres='2' data-last-update='' data-type='accommodation-fr mobil-home-fr' style=\"display: none;\">\n\t<div class=\"container\">\n\n\t\t<div class=\"ls-single-hebergement__close\">\n\t\t\t<i class=\"fas fa-times\"><\/i>\n\t\t<\/div>\n\n\n\t\t\t\t<img decoding=\"async\" src=\"https:\/\/www.campingvallespir.com\/wp-content\/uploads\/2025\/11\/0-1395663.jpg\" alt=\"PROMO CURISTE &#8211; Mobil-home LILAS 2 chambres\" \/>\n\t\t<div class=\"wp-block-columns\">\n\t\t\t<div class=\"wp-block-column\" style=\"flex-basis:66.66%\">\n\n\t\t\t\t\t\t\t\t\t<ul class=\"ls-single-hebergement__galerie\">\n\t\t\t\t\t\t\t\t\t\t\t\t\t<li>\n\t\t\t\t\t\t\t\t<a href=\"https:\/\/www.campingvallespir.com\/wp-content\/uploads\/2025\/11\/0-1395663.jpg\" data-fancybox=\"hebergement\">\n\t\t\t\t\t\t\t\t\t<img decoding=\"async\" src=\"https:\/\/www.campingvallespir.com\/wp-content\/uploads\/2025\/11\/0-1395663-150x150.jpg\" alt=\"\" \/>\n\t\t\t\t\t\t\t\t<\/a>\n\t\t\t\t\t\t\t<\/li>\n\t\t\t\t\t\t\t\t\t\t\t\t\t<li>\n\t\t\t\t\t\t\t\t<a href=\"https:\/\/www.campingvallespir.com\/wp-content\/uploads\/2022\/06\/1-1008514.jpg\" data-fancybox=\"hebergement\">\n\t\t\t\t\t\t\t\t\t<img decoding=\"async\" src=\"https:\/\/www.campingvallespir.com\/wp-content\/uploads\/2022\/06\/1-1008514-150x150.jpg\" alt=\"\" \/>\n\t\t\t\t\t\t\t\t<\/a>\n\t\t\t\t\t\t\t<\/li>\n\t\t\t\t\t\t\t\t\t\t\t\t\t<li>\n\t\t\t\t\t\t\t\t<a href=\"https:\/\/www.campingvallespir.com\/wp-content\/uploads\/2022\/06\/2-1008515.jpg\" data-fancybox=\"hebergement\">\n\t\t\t\t\t\t\t\t\t<img decoding=\"async\" src=\"https:\/\/www.campingvallespir.com\/wp-content\/uploads\/2022\/06\/2-1008515-150x150.jpg\" alt=\"\" \/>\n\t\t\t\t\t\t\t\t<\/a>\n\t\t\t\t\t\t\t<\/li>\n\t\t\t\t\t\t\t\t\t\t\t\t\t<li>\n\t\t\t\t\t\t\t\t<a href=\"https:\/\/www.campingvallespir.com\/wp-content\/uploads\/2022\/06\/3-1008516.jpg\" data-fancybox=\"hebergement\">\n\t\t\t\t\t\t\t\t\t<img decoding=\"async\" src=\"https:\/\/www.campingvallespir.com\/wp-content\/uploads\/2022\/06\/3-1008516-150x150.jpg\" alt=\"\" \/>\n\t\t\t\t\t\t\t\t<\/a>\n\t\t\t\t\t\t\t<\/li>\n\t\t\t\t\t\t\t\t\t\t\t\t\t<li>\n\t\t\t\t\t\t\t\t<a href=\"https:\/\/www.campingvallespir.com\/wp-content\/uploads\/2022\/06\/4-1008517.jpg\" data-fancybox=\"hebergement\">\n\t\t\t\t\t\t\t\t\t<img decoding=\"async\" src=\"https:\/\/www.campingvallespir.com\/wp-content\/uploads\/2022\/06\/4-1008517-150x150.jpg\" alt=\"\" \/>\n\t\t\t\t\t\t\t\t<\/a>\n\t\t\t\t\t\t\t<\/li>\n\t\t\t\t\t\t\t\t\t\t\t\t\t<li>\n\t\t\t\t\t\t\t\t<a href=\"https:\/\/www.campingvallespir.com\/wp-content\/uploads\/2022\/06\/5-1008518.jpg\" data-fancybox=\"hebergement\">\n\t\t\t\t\t\t\t\t\t<img decoding=\"async\" src=\"https:\/\/www.campingvallespir.com\/wp-content\/uploads\/2022\/06\/5-1008518-150x150.jpg\" alt=\"\" \/>\n\t\t\t\t\t\t\t\t<\/a>\n\t\t\t\t\t\t\t<\/li>\n\t\t\t\t\t\t\t\t\t\t\t\t\t<li>\n\t\t\t\t\t\t\t\t<a href=\"https:\/\/www.campingvallespir.com\/wp-content\/uploads\/2022\/06\/6-1008519.jpg\" data-fancybox=\"hebergement\">\n\t\t\t\t\t\t\t\t\t<img decoding=\"async\" src=\"https:\/\/www.campingvallespir.com\/wp-content\/uploads\/2022\/06\/6-1008519-150x150.jpg\" alt=\"\" \/>\n\t\t\t\t\t\t\t\t<\/a>\n\t\t\t\t\t\t\t<\/li>\n\t\t\t\t\t\t\t\t\t\t\t\t\t<li>\n\t\t\t\t\t\t\t\t<a href=\"https:\/\/www.campingvallespir.com\/wp-content\/uploads\/2022\/11\/7-1063589.jpg\" data-fancybox=\"hebergement\">\n\t\t\t\t\t\t\t\t\t<img decoding=\"async\" src=\"https:\/\/www.campingvallespir.com\/wp-content\/uploads\/2022\/11\/7-1063589.jpg\" alt=\"\" \/>\n\t\t\t\t\t\t\t\t<\/a>\n\t\t\t\t\t\t\t<\/li>\n\t\t\t\t\t\t\t\t\t\t\t<\/ul>\n\t\t\t\t\t\t\t\t\n\t\t\t\t<h2 class=\"ls__heading wp-block-heading has-color-1-color has-text-color\">PROMO CURISTE &#8211; Mobil-home LILAS 2 chambres<\/h2>\n\t\t\t\t<!-- <h1><\/h1> -->\n\n\n\t\t\t\t\n\t\t\t\t\t<div class=\"ls-single-hebergement__description\">\n\t\t\t\t\t\t\t\t\t\t\t<\/div>\n\n\t\t\t\t\t\t\t<\/div>\n\n\t\t\t<div class=\"wp-block-column\" style=\"flex-basis:33.333%\">\n\n\t\t\t\t<div class=\"ls-single-hebergement__sidebar\">\n\n\t\t\t\t\t<h3>Su estancia<\/h3>\n\n\t\t\t\t\t<form class=\"form-resa form-resa--single\">\n\n\t\t\t\t\t\t<div class=\"form-resa__dates\">\n\n\t\t\t\t\t    <div class=\"form-resa__date\">\n\n\t\t\t\t\t      <i class=\"icon-calendar\"><\/i>\n\n\t\t\t\t\t      <input autocomplete=\"off\" id=\"form-resa-single__start\" value=\"\" class=\"datepicker datepicker--start\" type=\"text\" placeholder=\"Llegada\">\n\n\t\t\t\t\t    <\/div>\n\n\t\t\t\t\t    <div class=\"form-resa__date\">\n\n\t\t\t\t\t      <input autocomplete=\"off\" id=\"form-resa-single__end\" value=\"\" class=\"datepicker datepicker--end\" type=\"text\" placeholder=\"Salida\">\n\n\t\t\t\t\t    <\/div>\n\n\t\t\t\t\t  <\/div>\n\n\t\t\t\t\t<\/form>\n\n\t\t\t\t\t<div class=\"disponibilite-wrap ls-dispo\">\n\n\t\t\t\t\t<\/div>\n\n\t\t\t\t<\/div>\n\n\t\t\t<\/div>\n\t\t<\/div>\n\t<\/div>\n\t\n<\/div><\/div><div class=\"ls-hebergement\" data-postid='4494' data-id-reservation='105437' data-id-site='' data-id1='' data-nombre_de_personnes='6' data-nombre_de_chambres='2' data-last-update='' data-type='accommodation-fr mobil-home-fr'>\r\n\t<div class=\"ls-hebergement__thumb\">\r\n\t\t<img decoding=\"async\" width=\"768\" height=\"384\" src=\"https:\/\/www.campingvallespir.com\/wp-content\/uploads\/2022\/06\/0-913837-768x384.jpg\" class=\"attachment-medium_large size-medium_large wp-post-image\" alt=\"\" srcset=\"https:\/\/www.campingvallespir.com\/wp-content\/uploads\/2022\/06\/0-913837-768x384.jpg 768w, https:\/\/www.campingvallespir.com\/wp-content\/uploads\/2022\/06\/0-913837-300x150.jpg 300w, https:\/\/www.campingvallespir.com\/wp-content\/uploads\/2022\/06\/0-913837-1024x512.jpg 1024w, https:\/\/www.campingvallespir.com\/wp-content\/uploads\/2022\/06\/0-913837.jpg 1200w\" sizes=\"(max-width: 768px) 100vw, 768px\" \/>\t<\/div>\r\n\t<div class=\"ls-hebergement__title\">\r\n\t\tMobilhome LILAS 2 habitaciones\t\t\r\n\t<\/div>\r\n\r\n\t<div class=\"ls-hebergement__details\">\r\n\r\n\t\t<div class=\"ls-hebergement__icons\">\r\n\r\n\t\t\t\t\t\t\t<span class=\"ls-hebergement__icon\">\r\n\t\t\t\t\t<i class=\"fas fa-users\"><\/i>\r\n\t\t\t\t\t6\t\t\t\t<\/span>\r\n\t\t\t\r\n\t\t\t\t\t\t\t<span class=\"ls-hebergement__icon\">\r\n\t\t\t\t\t<i class=\"fas fa-bed\"><\/i>\r\n\t\t\t\t\t2\t\r\n\t\t\t\t<\/span>\r\n\t\t\t\r\n\t\t\t\t\t\t\t<span class=\"ls-hebergement__icon\">\r\n\t\t\t\t\t<i class=\"fas fa-vector-square\"><\/i>\r\n\t\t\t\t\t28m\u00b2\r\n\t\t\t\t<\/span>\r\n\t\t\t\r\n\t\t\t\r\n\t\t<\/div>\r\n\t<\/div>\r\n\r\n\t<div class=\"ls-hebergement__disponibilites\">Descubra<\/div>\r\n\t\n<div class=\"ls-single-hebergement\" data-postid='4494' data-id-reservation='105437' data-id-site='' data-id1='' data-nombre_de_personnes='6' data-nombre_de_chambres='2' data-last-update='' data-type='accommodation-fr mobil-home-fr' style=\"display: none;\">\n\t<div class=\"container\">\n\n\t\t<div class=\"ls-single-hebergement__close\">\n\t\t\t<i class=\"fas fa-times\"><\/i>\n\t\t<\/div>\n\n\n\t\t\t\t<img decoding=\"async\" src=\"https:\/\/www.campingvallespir.com\/wp-content\/uploads\/2022\/06\/0-913837.jpg\" alt=\"Mobilhome LILAS 2 habitaciones\" \/>\n\t\t<div class=\"wp-block-columns\">\n\t\t\t<div class=\"wp-block-column\" style=\"flex-basis:66.66%\">\n\n\t\t\t\t\t\t\t\t\t<ul class=\"ls-single-hebergement__galerie\">\n\t\t\t\t\t\t\t\t\t\t\t\t\t<li>\n\t\t\t\t\t\t\t\t<a href=\"https:\/\/www.campingvallespir.com\/wp-content\/uploads\/2022\/06\/0-913837.jpg\" data-fancybox=\"hebergement\">\n\t\t\t\t\t\t\t\t\t<img decoding=\"async\" src=\"https:\/\/www.campingvallespir.com\/wp-content\/uploads\/2022\/06\/0-913837-150x150.jpg\" alt=\"\" \/>\n\t\t\t\t\t\t\t\t<\/a>\n\t\t\t\t\t\t\t<\/li>\n\t\t\t\t\t\t\t\t\t\t\t\t\t<li>\n\t\t\t\t\t\t\t\t<a href=\"https:\/\/www.campingvallespir.com\/wp-content\/uploads\/2022\/06\/1-903370.jpg\" data-fancybox=\"hebergement\">\n\t\t\t\t\t\t\t\t\t<img decoding=\"async\" src=\"https:\/\/www.campingvallespir.com\/wp-content\/uploads\/2022\/06\/1-903370-150x150.jpg\" alt=\"\" \/>\n\t\t\t\t\t\t\t\t<\/a>\n\t\t\t\t\t\t\t<\/li>\n\t\t\t\t\t\t\t\t\t\t\t\t\t<li>\n\t\t\t\t\t\t\t\t<a href=\"https:\/\/www.campingvallespir.com\/wp-content\/uploads\/2022\/06\/2-903371.jpg\" data-fancybox=\"hebergement\">\n\t\t\t\t\t\t\t\t\t<img decoding=\"async\" src=\"https:\/\/www.campingvallespir.com\/wp-content\/uploads\/2022\/06\/2-903371-150x150.jpg\" alt=\"\" \/>\n\t\t\t\t\t\t\t\t<\/a>\n\t\t\t\t\t\t\t<\/li>\n\t\t\t\t\t\t\t\t\t\t\t\t\t<li>\n\t\t\t\t\t\t\t\t<a href=\"https:\/\/www.campingvallespir.com\/wp-content\/uploads\/2022\/06\/3-903372.jpg\" data-fancybox=\"hebergement\">\n\t\t\t\t\t\t\t\t\t<img decoding=\"async\" src=\"https:\/\/www.campingvallespir.com\/wp-content\/uploads\/2022\/06\/3-903372-150x150.jpg\" alt=\"\" \/>\n\t\t\t\t\t\t\t\t<\/a>\n\t\t\t\t\t\t\t<\/li>\n\t\t\t\t\t\t\t\t\t\t\t\t\t<li>\n\t\t\t\t\t\t\t\t<a href=\"https:\/\/www.campingvallespir.com\/wp-content\/uploads\/2022\/06\/4-903373.jpg\" data-fancybox=\"hebergement\">\n\t\t\t\t\t\t\t\t\t<img decoding=\"async\" src=\"https:\/\/www.campingvallespir.com\/wp-content\/uploads\/2022\/06\/4-903373-150x150.jpg\" alt=\"\" \/>\n\t\t\t\t\t\t\t\t<\/a>\n\t\t\t\t\t\t\t<\/li>\n\t\t\t\t\t\t\t\t\t\t\t\t\t<li>\n\t\t\t\t\t\t\t\t<a href=\"https:\/\/www.campingvallespir.com\/wp-content\/uploads\/2022\/10\/5-903374.jpg\" data-fancybox=\"hebergement\">\n\t\t\t\t\t\t\t\t\t<img decoding=\"async\" src=\"https:\/\/www.campingvallespir.com\/wp-content\/uploads\/2022\/10\/5-903374.jpg\" alt=\"\" \/>\n\t\t\t\t\t\t\t\t<\/a>\n\t\t\t\t\t\t\t<\/li>\n\t\t\t\t\t\t\t\t\t\t\t\t\t<li>\n\t\t\t\t\t\t\t\t<a href=\"https:\/\/www.campingvallespir.com\/wp-content\/uploads\/2022\/06\/6-903375.jpg\" data-fancybox=\"hebergement\">\n\t\t\t\t\t\t\t\t\t<img decoding=\"async\" src=\"https:\/\/www.campingvallespir.com\/wp-content\/uploads\/2022\/06\/6-903375-150x150.jpg\" alt=\"\" \/>\n\t\t\t\t\t\t\t\t<\/a>\n\t\t\t\t\t\t\t<\/li>\n\t\t\t\t\t\t\t\t\t\t\t\t\t<li>\n\t\t\t\t\t\t\t\t<a href=\"https:\/\/www.campingvallespir.com\/wp-content\/uploads\/2022\/11\/7-1063592.jpg\" data-fancybox=\"hebergement\">\n\t\t\t\t\t\t\t\t\t<img decoding=\"async\" src=\"https:\/\/www.campingvallespir.com\/wp-content\/uploads\/2022\/11\/7-1063592.jpg\" alt=\"\" \/>\n\t\t\t\t\t\t\t\t<\/a>\n\t\t\t\t\t\t\t<\/li>\n\t\t\t\t\t\t\t\t\t\t\t<\/ul>\n\t\t\t\t\t\t\t\t\n\t\t\t\t<h2 class=\"ls__heading wp-block-heading has-color-1-color has-text-color\">Mobilhome LILAS 2 habitaciones<\/h2>\n\t\t\t\t<!-- <h1><\/h1> -->\n\n\n\t\t\t\t\n\t\t\t\t\t<div class=\"ls-single-hebergement__description\">\n\t\t\t\t\t\t\t\t\t\t\t<\/div>\n\n\t\t\t\t\t\t\t<\/div>\n\n\t\t\t<div class=\"wp-block-column\" style=\"flex-basis:33.333%\">\n\n\t\t\t\t<div class=\"ls-single-hebergement__sidebar\">\n\n\t\t\t\t\t<h3>Su estancia<\/h3>\n\n\t\t\t\t\t<form class=\"form-resa form-resa--single\">\n\n\t\t\t\t\t\t<div class=\"form-resa__dates\">\n\n\t\t\t\t\t    <div class=\"form-resa__date\">\n\n\t\t\t\t\t      <i class=\"icon-calendar\"><\/i>\n\n\t\t\t\t\t      <input autocomplete=\"off\" id=\"form-resa-single__start\" value=\"\" class=\"datepicker datepicker--start\" type=\"text\" placeholder=\"Llegada\">\n\n\t\t\t\t\t    <\/div>\n\n\t\t\t\t\t    <div class=\"form-resa__date\">\n\n\t\t\t\t\t      <input autocomplete=\"off\" id=\"form-resa-single__end\" value=\"\" class=\"datepicker datepicker--end\" type=\"text\" placeholder=\"Salida\">\n\n\t\t\t\t\t    <\/div>\n\n\t\t\t\t\t  <\/div>\n\n\t\t\t\t\t<\/form>\n\n\t\t\t\t\t<div class=\"disponibilite-wrap ls-dispo\">\n\n\t\t\t\t\t<\/div>\n\n\t\t\t\t<\/div>\n\n\t\t\t<\/div>\n\t\t<\/div>\n\t<\/div>\n\t\n<\/div><\/div><div class=\"ls-hebergement\" data-postid='4495' data-id-reservation='113961' data-id-site='' data-id1='' data-nombre_de_personnes='4' data-nombre_de_chambres='2' data-last-update='' data-type='accommodation-fr mobil-home-fr'>\r\n\t<div class=\"ls-hebergement__thumb\">\r\n\t\t<img decoding=\"async\" width=\"768\" height=\"432\" src=\"https:\/\/www.campingvallespir.com\/wp-content\/uploads\/2022\/06\/Primevre-curiste-2026-768x432.png\" class=\"attachment-medium_large size-medium_large wp-post-image\" alt=\"\" srcset=\"https:\/\/www.campingvallespir.com\/wp-content\/uploads\/2022\/06\/Primevre-curiste-2026-768x432.png 768w, https:\/\/www.campingvallespir.com\/wp-content\/uploads\/2022\/06\/Primevre-curiste-2026-300x169.png 300w, https:\/\/www.campingvallespir.com\/wp-content\/uploads\/2022\/06\/Primevre-curiste-2026-1024x576.png 1024w, https:\/\/www.campingvallespir.com\/wp-content\/uploads\/2022\/06\/Primevre-curiste-2026.png 1366w\" sizes=\"(max-width: 768px) 100vw, 768px\" \/>\t<\/div>\r\n\t<div class=\"ls-hebergement__title\">\r\n\t\tPROMO CURISTE &#8211; Mobil-home PRIMEVERE PREMIUM 2 chambres\t\t\r\n\t<\/div>\r\n\r\n\t<div class=\"ls-hebergement__details\">\r\n\r\n\t\t<div class=\"ls-hebergement__icons\">\r\n\r\n\t\t\t\t\t\t\t<span class=\"ls-hebergement__icon\">\r\n\t\t\t\t\t<i class=\"fas fa-users\"><\/i>\r\n\t\t\t\t\t4\t\t\t\t<\/span>\r\n\t\t\t\r\n\t\t\t\t\t\t\t<span class=\"ls-hebergement__icon\">\r\n\t\t\t\t\t<i class=\"fas fa-bed\"><\/i>\r\n\t\t\t\t\t2\t\r\n\t\t\t\t<\/span>\r\n\t\t\t\r\n\t\t\t\t\t\t\t<span class=\"ls-hebergement__icon\">\r\n\t\t\t\t\t<i class=\"fas fa-vector-square\"><\/i>\r\n\t\t\t\t\t22m\u00b2\r\n\t\t\t\t<\/span>\r\n\t\t\t\r\n\t\t\t\r\n\t\t<\/div>\r\n\t<\/div>\r\n\r\n\t<div class=\"ls-hebergement__disponibilites\">Descubra<\/div>\r\n\t\n<div class=\"ls-single-hebergement\" data-postid='4495' data-id-reservation='113961' data-id-site='' data-id1='' data-nombre_de_personnes='4' data-nombre_de_chambres='2' data-last-update='' data-type='accommodation-fr mobil-home-fr' style=\"display: none;\">\n\t<div class=\"container\">\n\n\t\t<div class=\"ls-single-hebergement__close\">\n\t\t\t<i class=\"fas fa-times\"><\/i>\n\t\t<\/div>\n\n\n\t\t\t\t<img decoding=\"async\" src=\"https:\/\/www.campingvallespir.com\/wp-content\/uploads\/2022\/10\/2-1008533.jpg\" alt=\"PROMO CURISTE &#8211; Mobil-home PRIMEVERE PREMIUM 2 chambres\" \/>\n\t\t<div class=\"wp-block-columns\">\n\t\t\t<div class=\"wp-block-column\" style=\"flex-basis:66.66%\">\n\n\t\t\t\t\t\t\t\t\t<ul class=\"ls-single-hebergement__galerie\">\n\t\t\t\t\t\t\t\t\t\t\t\t\t<li>\n\t\t\t\t\t\t\t\t<a href=\"https:\/\/www.campingvallespir.com\/wp-content\/uploads\/2022\/10\/2-1008533.jpg\" data-fancybox=\"hebergement\">\n\t\t\t\t\t\t\t\t\t<img decoding=\"async\" src=\"https:\/\/www.campingvallespir.com\/wp-content\/uploads\/2022\/10\/2-1008533.jpg\" alt=\"\" \/>\n\t\t\t\t\t\t\t\t<\/a>\n\t\t\t\t\t\t\t<\/li>\n\t\t\t\t\t\t\t\t\t\t\t\t\t<li>\n\t\t\t\t\t\t\t\t<a href=\"https:\/\/www.campingvallespir.com\/wp-content\/uploads\/2022\/06\/3-1008534.jpg\" data-fancybox=\"hebergement\">\n\t\t\t\t\t\t\t\t\t<img decoding=\"async\" src=\"https:\/\/www.campingvallespir.com\/wp-content\/uploads\/2022\/06\/3-1008534-150x150.jpg\" alt=\"\" \/>\n\t\t\t\t\t\t\t\t<\/a>\n\t\t\t\t\t\t\t<\/li>\n\t\t\t\t\t\t\t\t\t\t\t\t\t<li>\n\t\t\t\t\t\t\t\t<a href=\"https:\/\/www.campingvallespir.com\/wp-content\/uploads\/2022\/10\/4-1008535.jpg\" data-fancybox=\"hebergement\">\n\t\t\t\t\t\t\t\t\t<img decoding=\"async\" src=\"https:\/\/www.campingvallespir.com\/wp-content\/uploads\/2022\/10\/4-1008535.jpg\" alt=\"\" \/>\n\t\t\t\t\t\t\t\t<\/a>\n\t\t\t\t\t\t\t<\/li>\n\t\t\t\t\t\t\t\t\t\t\t\t\t<li>\n\t\t\t\t\t\t\t\t<a href=\"https:\/\/www.campingvallespir.com\/wp-content\/uploads\/2022\/11\/6-1063740.jpg\" data-fancybox=\"hebergement\">\n\t\t\t\t\t\t\t\t\t<img decoding=\"async\" src=\"https:\/\/www.campingvallespir.com\/wp-content\/uploads\/2022\/11\/6-1063740.jpg\" alt=\"\" \/>\n\t\t\t\t\t\t\t\t<\/a>\n\t\t\t\t\t\t\t<\/li>\n\t\t\t\t\t\t\t\t\t\t\t<\/ul>\n\t\t\t\t\t\t\t\t\n\t\t\t\t<h2 class=\"ls__heading wp-block-heading has-color-1-color has-text-color\">PROMO CURISTE &#8211; Mobil-home PRIMEVERE PREMIUM 2 chambres<\/h2>\n\t\t\t\t<!-- <h1><\/h1> -->\n\n\n\t\t\t\t\n\t\t\t\t\t<div class=\"ls-single-hebergement__description\">\n\t\t\t\t\t\t\t\t\t\t\t<\/div>\n\n\t\t\t\t\t\t\t<\/div>\n\n\t\t\t<div class=\"wp-block-column\" style=\"flex-basis:33.333%\">\n\n\t\t\t\t<div class=\"ls-single-hebergement__sidebar\">\n\n\t\t\t\t\t<h3>Su estancia<\/h3>\n\n\t\t\t\t\t<form class=\"form-resa form-resa--single\">\n\n\t\t\t\t\t\t<div class=\"form-resa__dates\">\n\n\t\t\t\t\t    <div class=\"form-resa__date\">\n\n\t\t\t\t\t      <i class=\"icon-calendar\"><\/i>\n\n\t\t\t\t\t      <input autocomplete=\"off\" id=\"form-resa-single__start\" value=\"\" class=\"datepicker datepicker--start\" type=\"text\" placeholder=\"Llegada\">\n\n\t\t\t\t\t    <\/div>\n\n\t\t\t\t\t    <div class=\"form-resa__date\">\n\n\t\t\t\t\t      <input autocomplete=\"off\" id=\"form-resa-single__end\" value=\"\" class=\"datepicker datepicker--end\" type=\"text\" placeholder=\"Salida\">\n\n\t\t\t\t\t    <\/div>\n\n\t\t\t\t\t  <\/div>\n\n\t\t\t\t\t<\/form>\n\n\t\t\t\t\t<div class=\"disponibilite-wrap ls-dispo\">\n\n\t\t\t\t\t<\/div>\n\n\t\t\t\t<\/div>\n\n\t\t\t<\/div>\n\t\t<\/div>\n\t<\/div>\n\t\n<\/div><\/div><div class=\"ls-hebergement\" data-postid='4489' data-id-reservation='113957' data-id-site='' data-id1='' data-nombre_de_personnes='4' data-nombre_de_chambres='2' data-last-update='' data-type='accommodation-fr mobil-home-fr'>\r\n\t<div class=\"ls-hebergement__thumb\">\r\n\t\t<img decoding=\"async\" width=\"768\" height=\"384\" src=\"https:\/\/www.campingvallespir.com\/wp-content\/uploads\/2022\/06\/0-1008495-768x384.jpg\" class=\"attachment-medium_large size-medium_large wp-post-image\" alt=\"\" srcset=\"https:\/\/www.campingvallespir.com\/wp-content\/uploads\/2022\/06\/0-1008495-768x384.jpg 768w, https:\/\/www.campingvallespir.com\/wp-content\/uploads\/2022\/06\/0-1008495-300x150.jpg 300w, https:\/\/www.campingvallespir.com\/wp-content\/uploads\/2022\/06\/0-1008495-1024x512.jpg 1024w, https:\/\/www.campingvallespir.com\/wp-content\/uploads\/2022\/06\/0-1008495.jpg 1200w\" sizes=\"(max-width: 768px) 100vw, 768px\" \/>\t<\/div>\r\n\t<div class=\"ls-hebergement__title\">\r\n\t\tPROMO CURISTE &#8211; Mobil-home COSCOLL 2 chambres climatis\u00e9\t\t\r\n\t<\/div>\r\n\r\n\t<div class=\"ls-hebergement__details\">\r\n\r\n\t\t<div class=\"ls-hebergement__icons\">\r\n\r\n\t\t\t\t\t\t\t<span class=\"ls-hebergement__icon\">\r\n\t\t\t\t\t<i class=\"fas fa-users\"><\/i>\r\n\t\t\t\t\t4\t\t\t\t<\/span>\r\n\t\t\t\r\n\t\t\t\t\t\t\t<span class=\"ls-hebergement__icon\">\r\n\t\t\t\t\t<i class=\"fas fa-bed\"><\/i>\r\n\t\t\t\t\t2\t\r\n\t\t\t\t<\/span>\r\n\t\t\t\r\n\t\t\t\t\t\t\t<span class=\"ls-hebergement__icon\">\r\n\t\t\t\t\t<i class=\"fas fa-vector-square\"><\/i>\r\n\t\t\t\t\t24m\u00b2\r\n\t\t\t\t<\/span>\r\n\t\t\t\r\n\t\t\t\r\n\t\t<\/div>\r\n\t<\/div>\r\n\r\n\t<div class=\"ls-hebergement__disponibilites\">Descubra<\/div>\r\n\t\n<div class=\"ls-single-hebergement\" data-postid='4489' data-id-reservation='113957' data-id-site='' data-id1='' data-nombre_de_personnes='4' data-nombre_de_chambres='2' data-last-update='' data-type='accommodation-fr mobil-home-fr' style=\"display: none;\">\n\t<div class=\"container\">\n\n\t\t<div class=\"ls-single-hebergement__close\">\n\t\t\t<i class=\"fas fa-times\"><\/i>\n\t\t<\/div>\n\n\n\t\t\t\t<img decoding=\"async\" src=\"https:\/\/www.campingvallespir.com\/wp-content\/uploads\/2022\/06\/0-1008495.jpg\" alt=\"PROMO CURISTE &#8211; Mobil-home COSCOLL 2 chambres climatis\u00e9\" \/>\n\t\t<div class=\"wp-block-columns\">\n\t\t\t<div class=\"wp-block-column\" style=\"flex-basis:66.66%\">\n\n\t\t\t\t\t\t\t\t\t<ul class=\"ls-single-hebergement__galerie\">\n\t\t\t\t\t\t\t\t\t\t\t\t\t<li>\n\t\t\t\t\t\t\t\t<a href=\"https:\/\/www.campingvallespir.com\/wp-content\/uploads\/2022\/06\/0-1008495.jpg\" data-fancybox=\"hebergement\">\n\t\t\t\t\t\t\t\t\t<img decoding=\"async\" src=\"https:\/\/www.campingvallespir.com\/wp-content\/uploads\/2022\/06\/0-1008495-150x150.jpg\" alt=\"\" \/>\n\t\t\t\t\t\t\t\t<\/a>\n\t\t\t\t\t\t\t<\/li>\n\t\t\t\t\t\t\t\t\t\t\t\t\t<li>\n\t\t\t\t\t\t\t\t<a href=\"https:\/\/www.campingvallespir.com\/wp-content\/uploads\/2022\/11\/1-1008497.jpg\" data-fancybox=\"hebergement\">\n\t\t\t\t\t\t\t\t\t<img decoding=\"async\" src=\"https:\/\/www.campingvallespir.com\/wp-content\/uploads\/2022\/11\/1-1008497.jpg\" alt=\"\" \/>\n\t\t\t\t\t\t\t\t<\/a>\n\t\t\t\t\t\t\t<\/li>\n\t\t\t\t\t\t\t\t\t\t\t\t\t<li>\n\t\t\t\t\t\t\t\t<a href=\"https:\/\/www.campingvallespir.com\/wp-content\/uploads\/2022\/11\/2-1008498.jpg\" data-fancybox=\"hebergement\">\n\t\t\t\t\t\t\t\t\t<img decoding=\"async\" src=\"https:\/\/www.campingvallespir.com\/wp-content\/uploads\/2022\/11\/2-1008498.jpg\" alt=\"\" \/>\n\t\t\t\t\t\t\t\t<\/a>\n\t\t\t\t\t\t\t<\/li>\n\t\t\t\t\t\t\t\t\t\t\t\t\t<li>\n\t\t\t\t\t\t\t\t<a href=\"https:\/\/www.campingvallespir.com\/wp-content\/uploads\/2022\/11\/3-1008499.jpg\" data-fancybox=\"hebergement\">\n\t\t\t\t\t\t\t\t\t<img decoding=\"async\" src=\"https:\/\/www.campingvallespir.com\/wp-content\/uploads\/2022\/11\/3-1008499.jpg\" alt=\"\" \/>\n\t\t\t\t\t\t\t\t<\/a>\n\t\t\t\t\t\t\t<\/li>\n\t\t\t\t\t\t\t\t\t\t\t\t\t<li>\n\t\t\t\t\t\t\t\t<a href=\"https:\/\/www.campingvallespir.com\/wp-content\/uploads\/2022\/11\/4-1008500.jpg\" data-fancybox=\"hebergement\">\n\t\t\t\t\t\t\t\t\t<img decoding=\"async\" src=\"https:\/\/www.campingvallespir.com\/wp-content\/uploads\/2022\/11\/4-1008500.jpg\" alt=\"\" \/>\n\t\t\t\t\t\t\t\t<\/a>\n\t\t\t\t\t\t\t<\/li>\n\t\t\t\t\t\t\t\t\t\t\t\t\t<li>\n\t\t\t\t\t\t\t\t<a href=\"https:\/\/www.campingvallespir.com\/wp-content\/uploads\/2022\/11\/5-1008501.jpg\" data-fancybox=\"hebergement\">\n\t\t\t\t\t\t\t\t\t<img decoding=\"async\" src=\"https:\/\/www.campingvallespir.com\/wp-content\/uploads\/2022\/11\/5-1008501.jpg\" alt=\"\" \/>\n\t\t\t\t\t\t\t\t<\/a>\n\t\t\t\t\t\t\t<\/li>\n\t\t\t\t\t\t\t\t\t\t\t\t\t<li>\n\t\t\t\t\t\t\t\t<a href=\"https:\/\/www.campingvallespir.com\/wp-content\/uploads\/2022\/11\/6-1008502.jpg\" data-fancybox=\"hebergement\">\n\t\t\t\t\t\t\t\t\t<img decoding=\"async\" src=\"https:\/\/www.campingvallespir.com\/wp-content\/uploads\/2022\/11\/6-1008502.jpg\" alt=\"\" \/>\n\t\t\t\t\t\t\t\t<\/a>\n\t\t\t\t\t\t\t<\/li>\n\t\t\t\t\t\t\t\t\t\t\t\t\t<li>\n\t\t\t\t\t\t\t\t<a href=\"https:\/\/www.campingvallespir.com\/wp-content\/uploads\/2022\/11\/7-1063744.jpg\" data-fancybox=\"hebergement\">\n\t\t\t\t\t\t\t\t\t<img decoding=\"async\" src=\"https:\/\/www.campingvallespir.com\/wp-content\/uploads\/2022\/11\/7-1063744.jpg\" alt=\"\" \/>\n\t\t\t\t\t\t\t\t<\/a>\n\t\t\t\t\t\t\t<\/li>\n\t\t\t\t\t\t\t\t\t\t\t<\/ul>\n\t\t\t\t\t\t\t\t\n\t\t\t\t<h2 class=\"ls__heading wp-block-heading has-color-1-color has-text-color\">PROMO CURISTE &#8211; Mobil-home COSCOLL 2 chambres climatis\u00e9<\/h2>\n\t\t\t\t<!-- <h1><\/h1> -->\n\n\n\t\t\t\t\n\t\t\t\t\t<div class=\"ls-single-hebergement__description\">\n\t\t\t\t\t\t\t\t\t\t\t<\/div>\n\n\t\t\t\t\t\t\t<\/div>\n\n\t\t\t<div class=\"wp-block-column\" style=\"flex-basis:33.333%\">\n\n\t\t\t\t<div class=\"ls-single-hebergement__sidebar\">\n\n\t\t\t\t\t<h3>Su estancia<\/h3>\n\n\t\t\t\t\t<form class=\"form-resa form-resa--single\">\n\n\t\t\t\t\t\t<div class=\"form-resa__dates\">\n\n\t\t\t\t\t    <div class=\"form-resa__date\">\n\n\t\t\t\t\t      <i class=\"icon-calendar\"><\/i>\n\n\t\t\t\t\t      <input autocomplete=\"off\" id=\"form-resa-single__start\" value=\"\" class=\"datepicker datepicker--start\" type=\"text\" placeholder=\"Llegada\">\n\n\t\t\t\t\t    <\/div>\n\n\t\t\t\t\t    <div class=\"form-resa__date\">\n\n\t\t\t\t\t      <input autocomplete=\"off\" id=\"form-resa-single__end\" value=\"\" class=\"datepicker datepicker--end\" type=\"text\" placeholder=\"Salida\">\n\n\t\t\t\t\t    <\/div>\n\n\t\t\t\t\t  <\/div>\n\n\t\t\t\t\t<\/form>\n\n\t\t\t\t\t<div class=\"disponibilite-wrap ls-dispo\">\n\n\t\t\t\t\t<\/div>\n\n\t\t\t\t<\/div>\n\n\t\t\t<\/div>\n\t\t<\/div>\n\t<\/div>\n\t\n<\/div><\/div><div class=\"ls-hebergement\" data-postid='4490' data-id-reservation='105435' data-id-site='' data-id1='' data-nombre_de_personnes='4' data-nombre_de_chambres='2' data-last-update='' data-type='accommodation-fr mobil-home-fr'>\r\n\t<div class=\"ls-hebergement__thumb\">\r\n\t\t<img decoding=\"async\" width=\"768\" height=\"384\" src=\"https:\/\/www.campingvallespir.com\/wp-content\/uploads\/2022\/06\/0-903350-768x384.jpg\" class=\"attachment-medium_large size-medium_large wp-post-image\" alt=\"\" srcset=\"https:\/\/www.campingvallespir.com\/wp-content\/uploads\/2022\/06\/0-903350-768x384.jpg 768w, https:\/\/www.campingvallespir.com\/wp-content\/uploads\/2022\/06\/0-903350-300x150.jpg 300w, https:\/\/www.campingvallespir.com\/wp-content\/uploads\/2022\/06\/0-903350-1024x512.jpg 1024w, https:\/\/www.campingvallespir.com\/wp-content\/uploads\/2022\/06\/0-903350.jpg 1200w\" sizes=\"(max-width: 768px) 100vw, 768px\" \/>\t<\/div>\r\n\t<div class=\"ls-hebergement__title\">\r\n\t\tMobilhome COSCOLL 2 habitaciones\t\t\r\n\t<\/div>\r\n\r\n\t<div class=\"ls-hebergement__details\">\r\n\r\n\t\t<div class=\"ls-hebergement__icons\">\r\n\r\n\t\t\t\t\t\t\t<span class=\"ls-hebergement__icon\">\r\n\t\t\t\t\t<i class=\"fas fa-users\"><\/i>\r\n\t\t\t\t\t4\t\t\t\t<\/span>\r\n\t\t\t\r\n\t\t\t\t\t\t\t<span class=\"ls-hebergement__icon\">\r\n\t\t\t\t\t<i class=\"fas fa-bed\"><\/i>\r\n\t\t\t\t\t2\t\r\n\t\t\t\t<\/span>\r\n\t\t\t\r\n\t\t\t\t\t\t\t<span class=\"ls-hebergement__icon\">\r\n\t\t\t\t\t<i class=\"fas fa-vector-square\"><\/i>\r\n\t\t\t\t\t24m\u00b2\r\n\t\t\t\t<\/span>\r\n\t\t\t\r\n\t\t\t\r\n\t\t<\/div>\r\n\t<\/div>\r\n\r\n\t<div class=\"ls-hebergement__disponibilites\">Descubra<\/div>\r\n\t\n<div class=\"ls-single-hebergement\" data-postid='4490' data-id-reservation='105435' data-id-site='' data-id1='' data-nombre_de_personnes='4' data-nombre_de_chambres='2' data-last-update='' data-type='accommodation-fr mobil-home-fr' style=\"display: none;\">\n\t<div class=\"container\">\n\n\t\t<div class=\"ls-single-hebergement__close\">\n\t\t\t<i class=\"fas fa-times\"><\/i>\n\t\t<\/div>\n\n\n\t\t\t\t<img decoding=\"async\" src=\"https:\/\/www.campingvallespir.com\/wp-content\/uploads\/2022\/06\/0-903350.jpg\" alt=\"Mobilhome COSCOLL 2 habitaciones\" \/>\n\t\t<div class=\"wp-block-columns\">\n\t\t\t<div class=\"wp-block-column\" style=\"flex-basis:66.66%\">\n\n\t\t\t\t\t\t\t\t\t<ul class=\"ls-single-hebergement__galerie\">\n\t\t\t\t\t\t\t\t\t\t\t\t\t<li>\n\t\t\t\t\t\t\t\t<a href=\"https:\/\/www.campingvallespir.com\/wp-content\/uploads\/2022\/06\/0-903350.jpg\" data-fancybox=\"hebergement\">\n\t\t\t\t\t\t\t\t\t<img decoding=\"async\" src=\"https:\/\/www.campingvallespir.com\/wp-content\/uploads\/2022\/06\/0-903350-150x150.jpg\" alt=\"\" \/>\n\t\t\t\t\t\t\t\t<\/a>\n\t\t\t\t\t\t\t<\/li>\n\t\t\t\t\t\t\t\t\t\t\t\t\t<li>\n\t\t\t\t\t\t\t\t<a href=\"https:\/\/www.campingvallespir.com\/wp-content\/uploads\/2022\/11\/1-903358.jpg\" data-fancybox=\"hebergement\">\n\t\t\t\t\t\t\t\t\t<img decoding=\"async\" src=\"https:\/\/www.campingvallespir.com\/wp-content\/uploads\/2022\/11\/1-903358.jpg\" alt=\"\" \/>\n\t\t\t\t\t\t\t\t<\/a>\n\t\t\t\t\t\t\t<\/li>\n\t\t\t\t\t\t\t\t\t\t\t\t\t<li>\n\t\t\t\t\t\t\t\t<a href=\"https:\/\/www.campingvallespir.com\/wp-content\/uploads\/2022\/11\/2-903359.jpg\" data-fancybox=\"hebergement\">\n\t\t\t\t\t\t\t\t\t<img decoding=\"async\" src=\"https:\/\/www.campingvallespir.com\/wp-content\/uploads\/2022\/11\/2-903359.jpg\" alt=\"\" \/>\n\t\t\t\t\t\t\t\t<\/a>\n\t\t\t\t\t\t\t<\/li>\n\t\t\t\t\t\t\t\t\t\t\t\t\t<li>\n\t\t\t\t\t\t\t\t<a href=\"https:\/\/www.campingvallespir.com\/wp-content\/uploads\/2022\/11\/3-903360.jpg\" data-fancybox=\"hebergement\">\n\t\t\t\t\t\t\t\t\t<img decoding=\"async\" src=\"https:\/\/www.campingvallespir.com\/wp-content\/uploads\/2022\/11\/3-903360.jpg\" alt=\"\" \/>\n\t\t\t\t\t\t\t\t<\/a>\n\t\t\t\t\t\t\t<\/li>\n\t\t\t\t\t\t\t\t\t\t\t\t\t<li>\n\t\t\t\t\t\t\t\t<a href=\"https:\/\/www.campingvallespir.com\/wp-content\/uploads\/2022\/11\/4-903361.jpg\" data-fancybox=\"hebergement\">\n\t\t\t\t\t\t\t\t\t<img decoding=\"async\" src=\"https:\/\/www.campingvallespir.com\/wp-content\/uploads\/2022\/11\/4-903361.jpg\" alt=\"\" \/>\n\t\t\t\t\t\t\t\t<\/a>\n\t\t\t\t\t\t\t<\/li>\n\t\t\t\t\t\t\t\t\t\t\t\t\t<li>\n\t\t\t\t\t\t\t\t<a href=\"https:\/\/www.campingvallespir.com\/wp-content\/uploads\/2022\/11\/5-903353.jpg\" data-fancybox=\"hebergement\">\n\t\t\t\t\t\t\t\t\t<img decoding=\"async\" src=\"https:\/\/www.campingvallespir.com\/wp-content\/uploads\/2022\/11\/5-903353.jpg\" alt=\"\" \/>\n\t\t\t\t\t\t\t\t<\/a>\n\t\t\t\t\t\t\t<\/li>\n\t\t\t\t\t\t\t\t\t\t\t\t\t<li>\n\t\t\t\t\t\t\t\t<a href=\"https:\/\/www.campingvallespir.com\/wp-content\/uploads\/2022\/11\/6-903352.jpg\" data-fancybox=\"hebergement\">\n\t\t\t\t\t\t\t\t\t<img decoding=\"async\" src=\"https:\/\/www.campingvallespir.com\/wp-content\/uploads\/2022\/11\/6-903352.jpg\" alt=\"\" \/>\n\t\t\t\t\t\t\t\t<\/a>\n\t\t\t\t\t\t\t<\/li>\n\t\t\t\t\t\t\t\t\t\t\t\t\t<li>\n\t\t\t\t\t\t\t\t<a href=\"https:\/\/www.campingvallespir.com\/wp-content\/uploads\/2022\/11\/7-1063743.jpg\" data-fancybox=\"hebergement\">\n\t\t\t\t\t\t\t\t\t<img decoding=\"async\" src=\"https:\/\/www.campingvallespir.com\/wp-content\/uploads\/2022\/11\/7-1063743.jpg\" alt=\"\" \/>\n\t\t\t\t\t\t\t\t<\/a>\n\t\t\t\t\t\t\t<\/li>\n\t\t\t\t\t\t\t\t\t\t\t<\/ul>\n\t\t\t\t\t\t\t\t\n\t\t\t\t<h2 class=\"ls__heading wp-block-heading has-color-1-color has-text-color\">Mobilhome COSCOLL 2 habitaciones<\/h2>\n\t\t\t\t<!-- <h1><\/h1> -->\n\n\n\t\t\t\t\n\t\t\t\t\t<div class=\"ls-single-hebergement__description\">\n\t\t\t\t\t\t\t\t\t\t\t<\/div>\n\n\t\t\t\t\t\t\t<\/div>\n\n\t\t\t<div class=\"wp-block-column\" style=\"flex-basis:33.333%\">\n\n\t\t\t\t<div class=\"ls-single-hebergement__sidebar\">\n\n\t\t\t\t\t<h3>Su estancia<\/h3>\n\n\t\t\t\t\t<form class=\"form-resa form-resa--single\">\n\n\t\t\t\t\t\t<div class=\"form-resa__dates\">\n\n\t\t\t\t\t    <div class=\"form-resa__date\">\n\n\t\t\t\t\t      <i class=\"icon-calendar\"><\/i>\n\n\t\t\t\t\t      <input autocomplete=\"off\" id=\"form-resa-single__start\" value=\"\" class=\"datepicker datepicker--start\" type=\"text\" placeholder=\"Llegada\">\n\n\t\t\t\t\t    <\/div>\n\n\t\t\t\t\t    <div class=\"form-resa__date\">\n\n\t\t\t\t\t      <input autocomplete=\"off\" id=\"form-resa-single__end\" value=\"\" class=\"datepicker datepicker--end\" type=\"text\" placeholder=\"Salida\">\n\n\t\t\t\t\t    <\/div>\n\n\t\t\t\t\t  <\/div>\n\n\t\t\t\t\t<\/form>\n\n\t\t\t\t\t<div class=\"disponibilite-wrap ls-dispo\">\n\n\t\t\t\t\t<\/div>\n\n\t\t\t\t<\/div>\n\n\t\t\t<\/div>\n\t\t<\/div>\n\t<\/div>\n\t\n<\/div><\/div><div class=\"ls-hebergement\" data-postid='4491' data-id-reservation='113958' data-id-site='' data-id1='' data-nombre_de_personnes='6' data-nombre_de_chambres='2' data-last-update='' data-type='accommodation-fr mobil-home-fr'>\r\n\t<div class=\"ls-hebergement__thumb\">\r\n\t\t<img decoding=\"async\" width=\"768\" height=\"384\" src=\"https:\/\/www.campingvallespir.com\/wp-content\/uploads\/2022\/06\/0-1008504.jpg\" class=\"attachment-medium_large size-medium_large wp-post-image\" alt=\"\" srcset=\"https:\/\/www.campingvallespir.com\/wp-content\/uploads\/2022\/06\/0-1008504.jpg 768w, https:\/\/www.campingvallespir.com\/wp-content\/uploads\/2022\/06\/0-1008504-300x150.jpg 300w\" sizes=\"(max-width: 768px) 100vw, 768px\" \/>\t<\/div>\r\n\t<div class=\"ls-hebergement__title\">\r\n\t\tPROMO CURISTE &#8211; Mobil-home GENTIANE 2 chambres climatis\u00e9 PMR\t\t\r\n\t<\/div>\r\n\r\n\t<div class=\"ls-hebergement__details\">\r\n\r\n\t\t<div class=\"ls-hebergement__icons\">\r\n\r\n\t\t\t\t\t\t\t<span class=\"ls-hebergement__icon\">\r\n\t\t\t\t\t<i class=\"fas fa-users\"><\/i>\r\n\t\t\t\t\t6\t\t\t\t<\/span>\r\n\t\t\t\r\n\t\t\t\t\t\t\t<span class=\"ls-hebergement__icon\">\r\n\t\t\t\t\t<i class=\"fas fa-bed\"><\/i>\r\n\t\t\t\t\t2\t\r\n\t\t\t\t<\/span>\r\n\t\t\t\r\n\t\t\t\t\t\t\t<span class=\"ls-hebergement__icon\">\r\n\t\t\t\t\t<i class=\"fas fa-vector-square\"><\/i>\r\n\t\t\t\t\t31m\u00b2\r\n\t\t\t\t<\/span>\r\n\t\t\t\r\n\t\t\t\r\n\t\t<\/div>\r\n\t<\/div>\r\n\r\n\t<div class=\"ls-hebergement__disponibilites\">Descubra<\/div>\r\n\t\n<div class=\"ls-single-hebergement\" data-postid='4491' data-id-reservation='113958' data-id-site='' data-id1='' data-nombre_de_personnes='6' data-nombre_de_chambres='2' data-last-update='' data-type='accommodation-fr mobil-home-fr' style=\"display: none;\">\n\t<div class=\"container\">\n\n\t\t<div class=\"ls-single-hebergement__close\">\n\t\t\t<i class=\"fas fa-times\"><\/i>\n\t\t<\/div>\n\n\n\t\t\t\t<img decoding=\"async\" src=\"https:\/\/www.campingvallespir.com\/wp-content\/uploads\/2022\/06\/0-1008504.jpg\" alt=\"PROMO CURISTE &#8211; Mobil-home GENTIANE 2 chambres climatis\u00e9 PMR\" \/>\n\t\t<div class=\"wp-block-columns\">\n\t\t\t<div class=\"wp-block-column\" style=\"flex-basis:66.66%\">\n\n\t\t\t\t\t\t\t\t\t<ul class=\"ls-single-hebergement__galerie\">\n\t\t\t\t\t\t\t\t\t\t\t\t\t<li>\n\t\t\t\t\t\t\t\t<a href=\"https:\/\/www.campingvallespir.com\/wp-content\/uploads\/2022\/06\/0-1008504.jpg\" data-fancybox=\"hebergement\">\n\t\t\t\t\t\t\t\t\t<img decoding=\"async\" src=\"https:\/\/www.campingvallespir.com\/wp-content\/uploads\/2022\/06\/0-1008504-150x150.jpg\" alt=\"\" \/>\n\t\t\t\t\t\t\t\t<\/a>\n\t\t\t\t\t\t\t<\/li>\n\t\t\t\t\t\t\t\t\t\t\t\t\t<li>\n\t\t\t\t\t\t\t\t<a href=\"https:\/\/www.campingvallespir.com\/wp-content\/uploads\/2022\/10\/1-1008505.jpg\" data-fancybox=\"hebergement\">\n\t\t\t\t\t\t\t\t\t<img decoding=\"async\" src=\"https:\/\/www.campingvallespir.com\/wp-content\/uploads\/2022\/10\/1-1008505.jpg\" alt=\"\" \/>\n\t\t\t\t\t\t\t\t<\/a>\n\t\t\t\t\t\t\t<\/li>\n\t\t\t\t\t\t\t\t\t\t\t\t\t<li>\n\t\t\t\t\t\t\t\t<a href=\"https:\/\/www.campingvallespir.com\/wp-content\/uploads\/2022\/06\/2-1008506.jpg\" data-fancybox=\"hebergement\">\n\t\t\t\t\t\t\t\t\t<img decoding=\"async\" src=\"https:\/\/www.campingvallespir.com\/wp-content\/uploads\/2022\/06\/2-1008506-150x150.jpg\" alt=\"\" \/>\n\t\t\t\t\t\t\t\t<\/a>\n\t\t\t\t\t\t\t<\/li>\n\t\t\t\t\t\t\t\t\t\t\t\t\t<li>\n\t\t\t\t\t\t\t\t<a href=\"https:\/\/www.campingvallespir.com\/wp-content\/uploads\/2022\/06\/3-1008507.jpg\" data-fancybox=\"hebergement\">\n\t\t\t\t\t\t\t\t\t<img decoding=\"async\" src=\"https:\/\/www.campingvallespir.com\/wp-content\/uploads\/2022\/06\/3-1008507-150x150.jpg\" alt=\"\" \/>\n\t\t\t\t\t\t\t\t<\/a>\n\t\t\t\t\t\t\t<\/li>\n\t\t\t\t\t\t\t\t\t\t\t\t\t<li>\n\t\t\t\t\t\t\t\t<a href=\"https:\/\/www.campingvallespir.com\/wp-content\/uploads\/2022\/06\/4-1008508.jpg\" data-fancybox=\"hebergement\">\n\t\t\t\t\t\t\t\t\t<img decoding=\"async\" src=\"https:\/\/www.campingvallespir.com\/wp-content\/uploads\/2022\/06\/4-1008508-150x150.jpg\" alt=\"\" \/>\n\t\t\t\t\t\t\t\t<\/a>\n\t\t\t\t\t\t\t<\/li>\n\t\t\t\t\t\t\t\t\t\t\t\t\t<li>\n\t\t\t\t\t\t\t\t<a href=\"https:\/\/www.campingvallespir.com\/wp-content\/uploads\/2022\/06\/5-1008509.jpg\" data-fancybox=\"hebergement\">\n\t\t\t\t\t\t\t\t\t<img decoding=\"async\" src=\"https:\/\/www.campingvallespir.com\/wp-content\/uploads\/2022\/06\/5-1008509-150x150.jpg\" alt=\"\" \/>\n\t\t\t\t\t\t\t\t<\/a>\n\t\t\t\t\t\t\t<\/li>\n\t\t\t\t\t\t\t\t\t\t\t\t\t<li>\n\t\t\t\t\t\t\t\t<a href=\"https:\/\/www.campingvallespir.com\/wp-content\/uploads\/2022\/10\/6-1008510.jpg\" data-fancybox=\"hebergement\">\n\t\t\t\t\t\t\t\t\t<img decoding=\"async\" src=\"https:\/\/www.campingvallespir.com\/wp-content\/uploads\/2022\/10\/6-1008510.jpg\" alt=\"\" \/>\n\t\t\t\t\t\t\t\t<\/a>\n\t\t\t\t\t\t\t<\/li>\n\t\t\t\t\t\t\t\t\t\t\t\t\t<li>\n\t\t\t\t\t\t\t\t<a href=\"https:\/\/www.campingvallespir.com\/wp-content\/uploads\/2022\/11\/7-1063742.jpg\" data-fancybox=\"hebergement\">\n\t\t\t\t\t\t\t\t\t<img decoding=\"async\" src=\"https:\/\/www.campingvallespir.com\/wp-content\/uploads\/2022\/11\/7-1063742.jpg\" alt=\"\" \/>\n\t\t\t\t\t\t\t\t<\/a>\n\t\t\t\t\t\t\t<\/li>\n\t\t\t\t\t\t\t\t\t\t\t<\/ul>\n\t\t\t\t\t\t\t\t\n\t\t\t\t<h2 class=\"ls__heading wp-block-heading has-color-1-color has-text-color\">PROMO CURISTE &#8211; Mobil-home GENTIANE 2 chambres climatis\u00e9 PMR<\/h2>\n\t\t\t\t<!-- <h1><\/h1> -->\n\n\n\t\t\t\t\n\t\t\t\t\t<div class=\"ls-single-hebergement__description\">\n\t\t\t\t\t\t\t\t\t\t\t<\/div>\n\n\t\t\t\t\t\t\t<\/div>\n\n\t\t\t<div class=\"wp-block-column\" style=\"flex-basis:33.333%\">\n\n\t\t\t\t<div class=\"ls-single-hebergement__sidebar\">\n\n\t\t\t\t\t<h3>Su estancia<\/h3>\n\n\t\t\t\t\t<form class=\"form-resa form-resa--single\">\n\n\t\t\t\t\t\t<div class=\"form-resa__dates\">\n\n\t\t\t\t\t    <div class=\"form-resa__date\">\n\n\t\t\t\t\t      <i class=\"icon-calendar\"><\/i>\n\n\t\t\t\t\t      <input autocomplete=\"off\" id=\"form-resa-single__start\" value=\"\" class=\"datepicker datepicker--start\" type=\"text\" placeholder=\"Llegada\">\n\n\t\t\t\t\t    <\/div>\n\n\t\t\t\t\t    <div class=\"form-resa__date\">\n\n\t\t\t\t\t      <input autocomplete=\"off\" id=\"form-resa-single__end\" value=\"\" class=\"datepicker datepicker--end\" type=\"text\" placeholder=\"Salida\">\n\n\t\t\t\t\t    <\/div>\n\n\t\t\t\t\t  <\/div>\n\n\t\t\t\t\t<\/form>\n\n\t\t\t\t\t<div class=\"disponibilite-wrap ls-dispo\">\n\n\t\t\t\t\t<\/div>\n\n\t\t\t\t<\/div>\n\n\t\t\t<\/div>\n\t\t<\/div>\n\t<\/div>\n\t\n<\/div><\/div><div class=\"ls-hebergement\" data-postid='4486' data-id-reservation='105433' data-id-site='' data-id1='' data-nombre_de_personnes='4' data-nombre_de_chambres='2' data-last-update='' data-type='accommodation-fr mobil-home-fr'>\r\n\t<div class=\"ls-hebergement__thumb\">\r\n\t\t<img decoding=\"async\" width=\"620\" height=\"466\" src=\"https:\/\/www.campingvallespir.com\/wp-content\/uploads\/2022\/06\/00000970026.webp\" class=\"attachment-medium_large size-medium_large wp-post-image\" alt=\"\" srcset=\"https:\/\/www.campingvallespir.com\/wp-content\/uploads\/2022\/06\/00000970026.webp 620w, https:\/\/www.campingvallespir.com\/wp-content\/uploads\/2022\/06\/00000970026-300x225.webp 300w\" sizes=\"(max-width: 620px) 100vw, 620px\" \/>\t<\/div>\r\n\t<div class=\"ls-hebergement__title\">\r\n\t\tMobilhome CARGOLADE 2 habitaciones aire acondicionado\t\t\r\n\t<\/div>\r\n\r\n\t<div class=\"ls-hebergement__details\">\r\n\r\n\t\t<div class=\"ls-hebergement__icons\">\r\n\r\n\t\t\t\t\t\t\t<span class=\"ls-hebergement__icon\">\r\n\t\t\t\t\t<i class=\"fas fa-users\"><\/i>\r\n\t\t\t\t\t4\t\t\t\t<\/span>\r\n\t\t\t\r\n\t\t\t\t\t\t\t<span class=\"ls-hebergement__icon\">\r\n\t\t\t\t\t<i class=\"fas fa-bed\"><\/i>\r\n\t\t\t\t\t2\t\r\n\t\t\t\t<\/span>\r\n\t\t\t\r\n\t\t\t\t\t\t\t<span class=\"ls-hebergement__icon\">\r\n\t\t\t\t\t<i class=\"fas fa-vector-square\"><\/i>\r\n\t\t\t\t\t28m\u00b2\r\n\t\t\t\t<\/span>\r\n\t\t\t\r\n\t\t\t\r\n\t\t<\/div>\r\n\t<\/div>\r\n\r\n\t<div class=\"ls-hebergement__disponibilites\">Descubra<\/div>\r\n\t\n<div class=\"ls-single-hebergement\" data-postid='4486' data-id-reservation='105433' data-id-site='' data-id1='' data-nombre_de_personnes='4' data-nombre_de_chambres='2' data-last-update='' data-type='accommodation-fr mobil-home-fr' style=\"display: none;\">\n\t<div class=\"container\">\n\n\t\t<div class=\"ls-single-hebergement__close\">\n\t\t\t<i class=\"fas fa-times\"><\/i>\n\t\t<\/div>\n\n\n\t\t\t\t<img decoding=\"async\" src=\"https:\/\/www.campingvallespir.com\/wp-content\/uploads\/2022\/06\/2-905758.jpg\" alt=\"Mobilhome CARGOLADE 2 habitaciones aire acondicionado\" \/>\n\t\t<div class=\"wp-block-columns\">\n\t\t\t<div class=\"wp-block-column\" style=\"flex-basis:66.66%\">\n\n\t\t\t\t\t\t\t\t\t<ul class=\"ls-single-hebergement__galerie\">\n\t\t\t\t\t\t\t\t\t\t\t\t\t<li>\n\t\t\t\t\t\t\t\t<a href=\"https:\/\/www.campingvallespir.com\/wp-content\/uploads\/2022\/06\/2-905758.jpg\" data-fancybox=\"hebergement\">\n\t\t\t\t\t\t\t\t\t<img decoding=\"async\" src=\"https:\/\/www.campingvallespir.com\/wp-content\/uploads\/2022\/06\/2-905758-150x150.jpg\" alt=\"\" \/>\n\t\t\t\t\t\t\t\t<\/a>\n\t\t\t\t\t\t\t<\/li>\n\t\t\t\t\t\t\t\t\t\t\t\t\t<li>\n\t\t\t\t\t\t\t\t<a href=\"https:\/\/www.campingvallespir.com\/wp-content\/uploads\/2022\/10\/6-903337.jpg\" data-fancybox=\"hebergement\">\n\t\t\t\t\t\t\t\t\t<img decoding=\"async\" src=\"https:\/\/www.campingvallespir.com\/wp-content\/uploads\/2022\/10\/6-903337.jpg\" alt=\"\" \/>\n\t\t\t\t\t\t\t\t<\/a>\n\t\t\t\t\t\t\t<\/li>\n\t\t\t\t\t\t\t\t\t\t\t\t\t<li>\n\t\t\t\t\t\t\t\t<a href=\"https:\/\/www.campingvallespir.com\/wp-content\/uploads\/2022\/11\/7-1063765.jpg\" data-fancybox=\"hebergement\">\n\t\t\t\t\t\t\t\t\t<img decoding=\"async\" src=\"https:\/\/www.campingvallespir.com\/wp-content\/uploads\/2022\/11\/7-1063765.jpg\" alt=\"\" \/>\n\t\t\t\t\t\t\t\t<\/a>\n\t\t\t\t\t\t\t<\/li>\n\t\t\t\t\t\t\t\t\t\t\t\t\t<li>\n\t\t\t\t\t\t\t\t<a href=\"https:\/\/www.campingvallespir.com\/wp-content\/uploads\/2022\/06\/00000970026.webp\" data-fancybox=\"hebergement\">\n\t\t\t\t\t\t\t\t\t<img decoding=\"async\" src=\"https:\/\/www.campingvallespir.com\/wp-content\/uploads\/2022\/06\/00000970026-150x150.webp\" alt=\"\" \/>\n\t\t\t\t\t\t\t\t<\/a>\n\t\t\t\t\t\t\t<\/li>\n\t\t\t\t\t\t\t\t\t\t\t<\/ul>\n\t\t\t\t\t\t\t\t\n\t\t\t\t<h2 class=\"ls__heading wp-block-heading has-color-1-color has-text-color\">Mobilhome CARGOLADE 2 habitaciones aire acondicionado<\/h2>\n\t\t\t\t<!-- <h1><\/h1> -->\n\n\n\t\t\t\t\n\t\t\t\t\t<div class=\"ls-single-hebergement__description\">\n\t\t\t\t\t\t\t\t\t\t\t<\/div>\n\n\t\t\t\t\t\t\t<\/div>\n\n\t\t\t<div class=\"wp-block-column\" style=\"flex-basis:33.333%\">\n\n\t\t\t\t<div class=\"ls-single-hebergement__sidebar\">\n\n\t\t\t\t\t<h3>Su estancia<\/h3>\n\n\t\t\t\t\t<form class=\"form-resa form-resa--single\">\n\n\t\t\t\t\t\t<div class=\"form-resa__dates\">\n\n\t\t\t\t\t    <div class=\"form-resa__date\">\n\n\t\t\t\t\t      <i class=\"icon-calendar\"><\/i>\n\n\t\t\t\t\t      <input autocomplete=\"off\" id=\"form-resa-single__start\" value=\"\" class=\"datepicker datepicker--start\" type=\"text\" placeholder=\"Llegada\">\n\n\t\t\t\t\t    <\/div>\n\n\t\t\t\t\t    <div class=\"form-resa__date\">\n\n\t\t\t\t\t      <input autocomplete=\"off\" id=\"form-resa-single__end\" value=\"\" class=\"datepicker datepicker--end\" type=\"text\" placeholder=\"Salida\">\n\n\t\t\t\t\t    <\/div>\n\n\t\t\t\t\t  <\/div>\n\n\t\t\t\t\t<\/form>\n\n\t\t\t\t\t<div class=\"disponibilite-wrap ls-dispo\">\n\n\t\t\t\t\t<\/div>\n\n\t\t\t\t<\/div>\n\n\t\t\t<\/div>\n\t\t<\/div>\n\t<\/div>\n\t\n<\/div><\/div><div class=\"ls-hebergement\" data-postid='4487' data-id-reservation='113956' data-id-site='' data-id1='' data-nombre_de_personnes='2' data-nombre_de_chambres='1' data-last-update='' data-type='accommodation-fr mobil-home-fr'>\r\n\t<div class=\"ls-hebergement__thumb\">\r\n\t\t<img decoding=\"async\" width=\"768\" height=\"512\" src=\"https:\/\/www.campingvallespir.com\/wp-content\/uploads\/2022\/06\/0-1008488-768x512.jpg\" class=\"attachment-medium_large size-medium_large wp-post-image\" alt=\"\" srcset=\"https:\/\/www.campingvallespir.com\/wp-content\/uploads\/2022\/06\/0-1008488-768x512.jpg 768w, https:\/\/www.campingvallespir.com\/wp-content\/uploads\/2022\/06\/0-1008488-300x200.jpg 300w, https:\/\/www.campingvallespir.com\/wp-content\/uploads\/2022\/06\/0-1008488.jpg 1000w\" sizes=\"(max-width: 768px) 100vw, 768px\" \/>\t<\/div>\r\n\t<div class=\"ls-hebergement__title\">\r\n\t\tPROMO CURISTE &#8211; Mobil-home COLCHIQUE 1 chambre\t\t\r\n\t<\/div>\r\n\r\n\t<div class=\"ls-hebergement__details\">\r\n\r\n\t\t<div class=\"ls-hebergement__icons\">\r\n\r\n\t\t\t\t\t\t\t<span class=\"ls-hebergement__icon\">\r\n\t\t\t\t\t<i class=\"fas fa-users\"><\/i>\r\n\t\t\t\t\t2\t\t\t\t<\/span>\r\n\t\t\t\r\n\t\t\t\t\t\t\t<span class=\"ls-hebergement__icon\">\r\n\t\t\t\t\t<i class=\"fas fa-bed\"><\/i>\r\n\t\t\t\t\t1\t\r\n\t\t\t\t<\/span>\r\n\t\t\t\r\n\t\t\t\t\t\t\t<span class=\"ls-hebergement__icon\">\r\n\t\t\t\t\t<i class=\"fas fa-vector-square\"><\/i>\r\n\t\t\t\t\t15m\u00b2\r\n\t\t\t\t<\/span>\r\n\t\t\t\r\n\t\t\t\r\n\t\t<\/div>\r\n\t<\/div>\r\n\r\n\t<div class=\"ls-hebergement__disponibilites\">Descubra<\/div>\r\n\t\n<div class=\"ls-single-hebergement\" data-postid='4487' data-id-reservation='113956' data-id-site='' data-id1='' data-nombre_de_personnes='2' data-nombre_de_chambres='1' data-last-update='' data-type='accommodation-fr mobil-home-fr' style=\"display: none;\">\n\t<div class=\"container\">\n\n\t\t<div class=\"ls-single-hebergement__close\">\n\t\t\t<i class=\"fas fa-times\"><\/i>\n\t\t<\/div>\n\n\n\t\t\t\t<img decoding=\"async\" src=\"https:\/\/www.campingvallespir.com\/wp-content\/uploads\/2022\/06\/0-1008488.jpg\" alt=\"PROMO CURISTE &#8211; Mobil-home COLCHIQUE 1 chambre\" \/>\n\t\t<div class=\"wp-block-columns\">\n\t\t\t<div class=\"wp-block-column\" style=\"flex-basis:66.66%\">\n\n\t\t\t\t\t\t\t\t\t<ul class=\"ls-single-hebergement__galerie\">\n\t\t\t\t\t\t\t\t\t\t\t\t\t<li>\n\t\t\t\t\t\t\t\t<a href=\"https:\/\/www.campingvallespir.com\/wp-content\/uploads\/2022\/06\/0-1008488.jpg\" data-fancybox=\"hebergement\">\n\t\t\t\t\t\t\t\t\t<img decoding=\"async\" src=\"https:\/\/www.campingvallespir.com\/wp-content\/uploads\/2022\/06\/0-1008488-150x150.jpg\" alt=\"\" \/>\n\t\t\t\t\t\t\t\t<\/a>\n\t\t\t\t\t\t\t<\/li>\n\t\t\t\t\t\t\t\t\t\t\t\t\t<li>\n\t\t\t\t\t\t\t\t<a href=\"https:\/\/www.campingvallespir.com\/wp-content\/uploads\/2022\/06\/1-1008489.jpg\" data-fancybox=\"hebergement\">\n\t\t\t\t\t\t\t\t\t<img decoding=\"async\" src=\"https:\/\/www.campingvallespir.com\/wp-content\/uploads\/2022\/06\/1-1008489-150x150.jpg\" alt=\"\" \/>\n\t\t\t\t\t\t\t\t<\/a>\n\t\t\t\t\t\t\t<\/li>\n\t\t\t\t\t\t\t\t\t\t\t\t\t<li>\n\t\t\t\t\t\t\t\t<a href=\"https:\/\/www.campingvallespir.com\/wp-content\/uploads\/2022\/06\/2-1008490.jpg\" data-fancybox=\"hebergement\">\n\t\t\t\t\t\t\t\t\t<img decoding=\"async\" src=\"https:\/\/www.campingvallespir.com\/wp-content\/uploads\/2022\/06\/2-1008490-150x150.jpg\" alt=\"\" \/>\n\t\t\t\t\t\t\t\t<\/a>\n\t\t\t\t\t\t\t<\/li>\n\t\t\t\t\t\t\t\t\t\t\t\t\t<li>\n\t\t\t\t\t\t\t\t<a href=\"https:\/\/www.campingvallespir.com\/wp-content\/uploads\/2022\/06\/3-1008491.jpg\" data-fancybox=\"hebergement\">\n\t\t\t\t\t\t\t\t\t<img decoding=\"async\" src=\"https:\/\/www.campingvallespir.com\/wp-content\/uploads\/2022\/06\/3-1008491-150x150.jpg\" alt=\"\" \/>\n\t\t\t\t\t\t\t\t<\/a>\n\t\t\t\t\t\t\t<\/li>\n\t\t\t\t\t\t\t\t\t\t\t\t\t<li>\n\t\t\t\t\t\t\t\t<a href=\"https:\/\/www.campingvallespir.com\/wp-content\/uploads\/2022\/10\/4-1008492.jpg\" data-fancybox=\"hebergement\">\n\t\t\t\t\t\t\t\t\t<img decoding=\"async\" src=\"https:\/\/www.campingvallespir.com\/wp-content\/uploads\/2022\/10\/4-1008492.jpg\" alt=\"\" \/>\n\t\t\t\t\t\t\t\t<\/a>\n\t\t\t\t\t\t\t<\/li>\n\t\t\t\t\t\t\t\t\t\t\t\t\t<li>\n\t\t\t\t\t\t\t\t<a href=\"https:\/\/www.campingvallespir.com\/wp-content\/uploads\/2022\/06\/5-1008493.jpg\" data-fancybox=\"hebergement\">\n\t\t\t\t\t\t\t\t\t<img decoding=\"async\" src=\"https:\/\/www.campingvallespir.com\/wp-content\/uploads\/2022\/06\/5-1008493-150x150.jpg\" alt=\"\" \/>\n\t\t\t\t\t\t\t\t<\/a>\n\t\t\t\t\t\t\t<\/li>\n\t\t\t\t\t\t\t\t\t\t\t\t\t<li>\n\t\t\t\t\t\t\t\t<a href=\"https:\/\/www.campingvallespir.com\/wp-content\/uploads\/2022\/06\/6-1008494.jpg\" data-fancybox=\"hebergement\">\n\t\t\t\t\t\t\t\t\t<img decoding=\"async\" src=\"https:\/\/www.campingvallespir.com\/wp-content\/uploads\/2022\/06\/6-1008494-150x150.jpg\" alt=\"\" \/>\n\t\t\t\t\t\t\t\t<\/a>\n\t\t\t\t\t\t\t<\/li>\n\t\t\t\t\t\t\t\t\t\t\t\t\t<li>\n\t\t\t\t\t\t\t\t<a href=\"https:\/\/www.campingvallespir.com\/wp-content\/uploads\/2022\/11\/7-1063757.jpg\" data-fancybox=\"hebergement\">\n\t\t\t\t\t\t\t\t\t<img decoding=\"async\" src=\"https:\/\/www.campingvallespir.com\/wp-content\/uploads\/2022\/11\/7-1063757.jpg\" alt=\"\" \/>\n\t\t\t\t\t\t\t\t<\/a>\n\t\t\t\t\t\t\t<\/li>\n\t\t\t\t\t\t\t\t\t\t\t<\/ul>\n\t\t\t\t\t\t\t\t\n\t\t\t\t<h2 class=\"ls__heading wp-block-heading has-color-1-color has-text-color\">PROMO CURISTE &#8211; Mobil-home COLCHIQUE 1 chambre<\/h2>\n\t\t\t\t<!-- <h1><\/h1> -->\n\n\n\t\t\t\t\n\t\t\t\t\t<div class=\"ls-single-hebergement__description\">\n\t\t\t\t\t\t\t\t\t\t\t<\/div>\n\n\t\t\t\t\t\t\t<\/div>\n\n\t\t\t<div class=\"wp-block-column\" style=\"flex-basis:33.333%\">\n\n\t\t\t\t<div class=\"ls-single-hebergement__sidebar\">\n\n\t\t\t\t\t<h3>Su estancia<\/h3>\n\n\t\t\t\t\t<form class=\"form-resa form-resa--single\">\n\n\t\t\t\t\t\t<div class=\"form-resa__dates\">\n\n\t\t\t\t\t    <div class=\"form-resa__date\">\n\n\t\t\t\t\t      <i class=\"icon-calendar\"><\/i>\n\n\t\t\t\t\t      <input autocomplete=\"off\" id=\"form-resa-single__start\" value=\"\" class=\"datepicker datepicker--start\" type=\"text\" placeholder=\"Llegada\">\n\n\t\t\t\t\t    <\/div>\n\n\t\t\t\t\t    <div class=\"form-resa__date\">\n\n\t\t\t\t\t      <input autocomplete=\"off\" id=\"form-resa-single__end\" value=\"\" class=\"datepicker datepicker--end\" type=\"text\" placeholder=\"Salida\">\n\n\t\t\t\t\t    <\/div>\n\n\t\t\t\t\t  <\/div>\n\n\t\t\t\t\t<\/form>\n\n\t\t\t\t\t<div class=\"disponibilite-wrap ls-dispo\">\n\n\t\t\t\t\t<\/div>\n\n\t\t\t\t<\/div>\n\n\t\t\t<\/div>\n\t\t<\/div>\n\t<\/div>\n\t\n<\/div><\/div><div class=\"ls-hebergement\" data-postid='4488' data-id-reservation='105434' data-id-site='' data-id1='' data-nombre_de_personnes='2 ' data-nombre_de_chambres='1' data-last-update='' data-type='accommodation-fr mobil-home-fr'>\r\n\t<div class=\"ls-hebergement__thumb\">\r\n\t\t<img decoding=\"async\" width=\"1\" height=\"1\" src=\"https:\/\/www.campingvallespir.com\/wp-content\/uploads\/2022\/10\/0-903338.jpg\" class=\"attachment-medium_large size-medium_large wp-post-image\" alt=\"\" \/>\t<\/div>\r\n\t<div class=\"ls-hebergement__title\">\r\n\t\tMobilhome COLCHIQUE 1 habitaci\u00f3n\t\t\r\n\t<\/div>\r\n\r\n\t<div class=\"ls-hebergement__details\">\r\n\r\n\t\t<div class=\"ls-hebergement__icons\">\r\n\r\n\t\t\t\t\t\t\t<span class=\"ls-hebergement__icon\">\r\n\t\t\t\t\t<i class=\"fas fa-users\"><\/i>\r\n\t\t\t\t\t2 \t\t\t\t<\/span>\r\n\t\t\t\r\n\t\t\t\t\t\t\t<span class=\"ls-hebergement__icon\">\r\n\t\t\t\t\t<i class=\"fas fa-bed\"><\/i>\r\n\t\t\t\t\t1\t\r\n\t\t\t\t<\/span>\r\n\t\t\t\r\n\t\t\t\t\t\t\t<span class=\"ls-hebergement__icon\">\r\n\t\t\t\t\t<i class=\"fas fa-vector-square\"><\/i>\r\n\t\t\t\t\t15m\u00b2\r\n\t\t\t\t<\/span>\r\n\t\t\t\r\n\t\t\t\r\n\t\t<\/div>\r\n\t<\/div>\r\n\r\n\t<div class=\"ls-hebergement__disponibilites\">Descubra<\/div>\r\n\t\n<div class=\"ls-single-hebergement\" data-postid='4488' data-id-reservation='105434' data-id-site='' data-id1='' data-nombre_de_personnes='2 ' data-nombre_de_chambres='1' data-last-update='' data-type='accommodation-fr mobil-home-fr' style=\"display: none;\">\n\t<div class=\"container\">\n\n\t\t<div class=\"ls-single-hebergement__close\">\n\t\t\t<i class=\"fas fa-times\"><\/i>\n\t\t<\/div>\n\n\n\t\t\t\t<img decoding=\"async\" src=\"https:\/\/www.campingvallespir.com\/wp-content\/uploads\/2022\/10\/0-903338.jpg\" alt=\"Mobilhome COLCHIQUE 1 habitaci\u00f3n\" \/>\n\t\t<div class=\"wp-block-columns\">\n\t\t\t<div class=\"wp-block-column\" style=\"flex-basis:66.66%\">\n\n\t\t\t\t\t\t\t\t\t<ul class=\"ls-single-hebergement__galerie\">\n\t\t\t\t\t\t\t\t\t\t\t\t\t<li>\n\t\t\t\t\t\t\t\t<a href=\"https:\/\/www.campingvallespir.com\/wp-content\/uploads\/2022\/10\/0-903338.jpg\" data-fancybox=\"hebergement\">\n\t\t\t\t\t\t\t\t\t<img decoding=\"async\" src=\"https:\/\/www.campingvallespir.com\/wp-content\/uploads\/2022\/10\/0-903338.jpg\" alt=\"\" \/>\n\t\t\t\t\t\t\t\t<\/a>\n\t\t\t\t\t\t\t<\/li>\n\t\t\t\t\t\t\t\t\t\t\t\t\t<li>\n\t\t\t\t\t\t\t\t<a href=\"https:\/\/www.campingvallespir.com\/wp-content\/uploads\/2022\/06\/1-903339.jpg\" data-fancybox=\"hebergement\">\n\t\t\t\t\t\t\t\t\t<img decoding=\"async\" src=\"https:\/\/www.campingvallespir.com\/wp-content\/uploads\/2022\/06\/1-903339-150x150.jpg\" alt=\"\" \/>\n\t\t\t\t\t\t\t\t<\/a>\n\t\t\t\t\t\t\t<\/li>\n\t\t\t\t\t\t\t\t\t\t\t\t\t<li>\n\t\t\t\t\t\t\t\t<a href=\"https:\/\/www.campingvallespir.com\/wp-content\/uploads\/2022\/06\/2-903342.jpg\" data-fancybox=\"hebergement\">\n\t\t\t\t\t\t\t\t\t<img decoding=\"async\" src=\"https:\/\/www.campingvallespir.com\/wp-content\/uploads\/2022\/06\/2-903342-150x150.jpg\" alt=\"\" \/>\n\t\t\t\t\t\t\t\t<\/a>\n\t\t\t\t\t\t\t<\/li>\n\t\t\t\t\t\t\t\t\t\t\t\t\t<li>\n\t\t\t\t\t\t\t\t<a href=\"https:\/\/www.campingvallespir.com\/wp-content\/uploads\/2022\/06\/3-903340.jpg\" data-fancybox=\"hebergement\">\n\t\t\t\t\t\t\t\t\t<img decoding=\"async\" src=\"https:\/\/www.campingvallespir.com\/wp-content\/uploads\/2022\/06\/3-903340-150x150.jpg\" alt=\"\" \/>\n\t\t\t\t\t\t\t\t<\/a>\n\t\t\t\t\t\t\t<\/li>\n\t\t\t\t\t\t\t\t\t\t\t\t\t<li>\n\t\t\t\t\t\t\t\t<a href=\"https:\/\/www.campingvallespir.com\/wp-content\/uploads\/2022\/06\/4-903349.jpg\" data-fancybox=\"hebergement\">\n\t\t\t\t\t\t\t\t\t<img decoding=\"async\" src=\"https:\/\/www.campingvallespir.com\/wp-content\/uploads\/2022\/06\/4-903349-150x150.jpg\" alt=\"\" \/>\n\t\t\t\t\t\t\t\t<\/a>\n\t\t\t\t\t\t\t<\/li>\n\t\t\t\t\t\t\t\t\t\t\t\t\t<li>\n\t\t\t\t\t\t\t\t<a href=\"https:\/\/www.campingvallespir.com\/wp-content\/uploads\/2022\/09\/5-903341.jpg\" data-fancybox=\"hebergement\">\n\t\t\t\t\t\t\t\t\t<img decoding=\"async\" src=\"https:\/\/www.campingvallespir.com\/wp-content\/uploads\/2022\/09\/5-903341.jpg\" alt=\"\" \/>\n\t\t\t\t\t\t\t\t<\/a>\n\t\t\t\t\t\t\t<\/li>\n\t\t\t\t\t\t\t\t\t\t\t\t\t<li>\n\t\t\t\t\t\t\t\t<a href=\"https:\/\/www.campingvallespir.com\/wp-content\/uploads\/2022\/06\/6-903344.jpg\" data-fancybox=\"hebergement\">\n\t\t\t\t\t\t\t\t\t<img decoding=\"async\" src=\"https:\/\/www.campingvallespir.com\/wp-content\/uploads\/2022\/06\/6-903344-150x150.jpg\" alt=\"\" \/>\n\t\t\t\t\t\t\t\t<\/a>\n\t\t\t\t\t\t\t<\/li>\n\t\t\t\t\t\t\t\t\t\t\t\t\t<li>\n\t\t\t\t\t\t\t\t<a href=\"https:\/\/www.campingvallespir.com\/wp-content\/uploads\/2022\/11\/7-1063753.jpg\" data-fancybox=\"hebergement\">\n\t\t\t\t\t\t\t\t\t<img decoding=\"async\" src=\"https:\/\/www.campingvallespir.com\/wp-content\/uploads\/2022\/11\/7-1063753.jpg\" alt=\"\" \/>\n\t\t\t\t\t\t\t\t<\/a>\n\t\t\t\t\t\t\t<\/li>\n\t\t\t\t\t\t\t\t\t\t\t<\/ul>\n\t\t\t\t\t\t\t\t\n\t\t\t\t<h2 class=\"ls__heading wp-block-heading has-color-1-color has-text-color\">Mobilhome COLCHIQUE 1 habitaci\u00f3n<\/h2>\n\t\t\t\t<!-- <h1><\/h1> -->\n\n\n\t\t\t\t\n\t\t\t\t\t<div class=\"ls-single-hebergement__description\">\n\t\t\t\t\t\t\t\t\t\t\t<\/div>\n\n\t\t\t\t\t\t\t<\/div>\n\n\t\t\t<div class=\"wp-block-column\" style=\"flex-basis:33.333%\">\n\n\t\t\t\t<div class=\"ls-single-hebergement__sidebar\">\n\n\t\t\t\t\t<h3>Su estancia<\/h3>\n\n\t\t\t\t\t<form class=\"form-resa form-resa--single\">\n\n\t\t\t\t\t\t<div class=\"form-resa__dates\">\n\n\t\t\t\t\t    <div class=\"form-resa__date\">\n\n\t\t\t\t\t      <i class=\"icon-calendar\"><\/i>\n\n\t\t\t\t\t      <input autocomplete=\"off\" id=\"form-resa-single__start\" value=\"\" class=\"datepicker datepicker--start\" type=\"text\" placeholder=\"Llegada\">\n\n\t\t\t\t\t    <\/div>\n\n\t\t\t\t\t    <div class=\"form-resa__date\">\n\n\t\t\t\t\t      <input autocomplete=\"off\" id=\"form-resa-single__end\" value=\"\" class=\"datepicker datepicker--end\" type=\"text\" placeholder=\"Salida\">\n\n\t\t\t\t\t    <\/div>\n\n\t\t\t\t\t  <\/div>\n\n\t\t\t\t\t<\/form>\n\n\t\t\t\t\t<div class=\"disponibilite-wrap ls-dispo\">\n\n\t\t\t\t\t<\/div>\n\n\t\t\t\t<\/div>\n\n\t\t\t<\/div>\n\t\t<\/div>\n\t<\/div>\n\t\n<\/div><\/div><div class=\"ls-hebergement\" data-postid='4480' data-id-reservation='105432' data-id-site='' data-id1='' data-nombre_de_personnes='6' data-nombre_de_chambres='2' data-last-update='' data-type='accommodation-fr mobil-home-fr'>\r\n\t<div class=\"ls-hebergement__thumb\">\r\n\t\t<img decoding=\"async\" width=\"768\" height=\"511\" src=\"https:\/\/www.campingvallespir.com\/wp-content\/uploads\/2022\/06\/0-903332-768x511.jpg\" class=\"attachment-medium_large size-medium_large wp-post-image\" alt=\"\" srcset=\"https:\/\/www.campingvallespir.com\/wp-content\/uploads\/2022\/06\/0-903332-768x511.jpg 768w, https:\/\/www.campingvallespir.com\/wp-content\/uploads\/2022\/06\/0-903332-300x200.jpg 300w, https:\/\/www.campingvallespir.com\/wp-content\/uploads\/2022\/06\/0-903332.jpg 1000w\" sizes=\"(max-width: 768px) 100vw, 768px\" \/>\t<\/div>\r\n\t<div class=\"ls-hebergement__title\">\r\n\t\tMobilhome CAMELIA 2 habitaciones\t\t\r\n\t<\/div>\r\n\r\n\t<div class=\"ls-hebergement__details\">\r\n\r\n\t\t<div class=\"ls-hebergement__icons\">\r\n\r\n\t\t\t\t\t\t\t<span class=\"ls-hebergement__icon\">\r\n\t\t\t\t\t<i class=\"fas fa-users\"><\/i>\r\n\t\t\t\t\t6\t\t\t\t<\/span>\r\n\t\t\t\r\n\t\t\t\t\t\t\t<span class=\"ls-hebergement__icon\">\r\n\t\t\t\t\t<i class=\"fas fa-bed\"><\/i>\r\n\t\t\t\t\t2\t\r\n\t\t\t\t<\/span>\r\n\t\t\t\r\n\t\t\t\t\t\t\t<span class=\"ls-hebergement__icon\">\r\n\t\t\t\t\t<i class=\"fas fa-vector-square\"><\/i>\r\n\t\t\t\t\t26m\u00b2\r\n\t\t\t\t<\/span>\r\n\t\t\t\r\n\t\t\t\r\n\t\t<\/div>\r\n\t<\/div>\r\n\r\n\t<div class=\"ls-hebergement__disponibilites\">Descubra<\/div>\r\n\t\n<div class=\"ls-single-hebergement\" data-postid='4480' data-id-reservation='105432' data-id-site='' data-id1='' data-nombre_de_personnes='6' data-nombre_de_chambres='2' data-last-update='' data-type='accommodation-fr mobil-home-fr' style=\"display: none;\">\n\t<div class=\"container\">\n\n\t\t<div class=\"ls-single-hebergement__close\">\n\t\t\t<i class=\"fas fa-times\"><\/i>\n\t\t<\/div>\n\n\n\t\t\t\t<img decoding=\"async\" src=\"https:\/\/www.campingvallespir.com\/wp-content\/uploads\/2022\/06\/0-903332.jpg\" alt=\"Mobilhome CAMELIA 2 habitaciones\" \/>\n\t\t<div class=\"wp-block-columns\">\n\t\t\t<div class=\"wp-block-column\" style=\"flex-basis:66.66%\">\n\n\t\t\t\t\t\t\t\t\t<ul class=\"ls-single-hebergement__galerie\">\n\t\t\t\t\t\t\t\t\t\t\t\t\t<li>\n\t\t\t\t\t\t\t\t<a href=\"https:\/\/www.campingvallespir.com\/wp-content\/uploads\/2022\/06\/0-903332.jpg\" data-fancybox=\"hebergement\">\n\t\t\t\t\t\t\t\t\t<img decoding=\"async\" src=\"https:\/\/www.campingvallespir.com\/wp-content\/uploads\/2022\/06\/0-903332-150x150.jpg\" alt=\"\" \/>\n\t\t\t\t\t\t\t\t<\/a>\n\t\t\t\t\t\t\t<\/li>\n\t\t\t\t\t\t\t\t\t\t\t\t\t<li>\n\t\t\t\t\t\t\t\t<a href=\"https:\/\/www.campingvallespir.com\/wp-content\/uploads\/2022\/06\/1-903333.jpg\" data-fancybox=\"hebergement\">\n\t\t\t\t\t\t\t\t\t<img decoding=\"async\" src=\"https:\/\/www.campingvallespir.com\/wp-content\/uploads\/2022\/06\/1-903333-150x150.jpg\" alt=\"\" \/>\n\t\t\t\t\t\t\t\t<\/a>\n\t\t\t\t\t\t\t<\/li>\n\t\t\t\t\t\t\t\t\t\t\t\t\t<li>\n\t\t\t\t\t\t\t\t<a href=\"https:\/\/www.campingvallespir.com\/wp-content\/uploads\/2022\/11\/2-903334.jpg\" data-fancybox=\"hebergement\">\n\t\t\t\t\t\t\t\t\t<img decoding=\"async\" src=\"https:\/\/www.campingvallespir.com\/wp-content\/uploads\/2022\/11\/2-903334.jpg\" alt=\"\" \/>\n\t\t\t\t\t\t\t\t<\/a>\n\t\t\t\t\t\t\t<\/li>\n\t\t\t\t\t\t\t\t\t\t\t\t\t<li>\n\t\t\t\t\t\t\t\t<a href=\"https:\/\/www.campingvallespir.com\/wp-content\/uploads\/2022\/11\/3-1063554.jpg\" data-fancybox=\"hebergement\">\n\t\t\t\t\t\t\t\t\t<img decoding=\"async\" src=\"https:\/\/www.campingvallespir.com\/wp-content\/uploads\/2022\/11\/3-1063554.jpg\" alt=\"\" \/>\n\t\t\t\t\t\t\t\t<\/a>\n\t\t\t\t\t\t\t<\/li>\n\t\t\t\t\t\t\t\t\t\t\t\t\t<li>\n\t\t\t\t\t\t\t\t<a href=\"https:\/\/www.campingvallespir.com\/wp-content\/uploads\/2022\/11\/4-1063555.jpg\" data-fancybox=\"hebergement\">\n\t\t\t\t\t\t\t\t\t<img decoding=\"async\" src=\"https:\/\/www.campingvallespir.com\/wp-content\/uploads\/2022\/11\/4-1063555.jpg\" alt=\"\" \/>\n\t\t\t\t\t\t\t\t<\/a>\n\t\t\t\t\t\t\t<\/li>\n\t\t\t\t\t\t\t\t\t\t\t<\/ul>\n\t\t\t\t\t\t\t\t\n\t\t\t\t<h2 class=\"ls__heading wp-block-heading has-color-1-color has-text-color\">Mobilhome CAMELIA 2 habitaciones<\/h2>\n\t\t\t\t<!-- <h1><\/h1> -->\n\n\n\t\t\t\t\n\t\t\t\t\t<div class=\"ls-single-hebergement__description\">\n\t\t\t\t\t\t\t\t\t\t\t<\/div>\n\n\t\t\t\t\t\t\t<\/div>\n\n\t\t\t<div class=\"wp-block-column\" style=\"flex-basis:33.333%\">\n\n\t\t\t\t<div class=\"ls-single-hebergement__sidebar\">\n\n\t\t\t\t\t<h3>Su estancia<\/h3>\n\n\t\t\t\t\t<form class=\"form-resa form-resa--single\">\n\n\t\t\t\t\t\t<div class=\"form-resa__dates\">\n\n\t\t\t\t\t    <div class=\"form-resa__date\">\n\n\t\t\t\t\t      <i class=\"icon-calendar\"><\/i>\n\n\t\t\t\t\t      <input autocomplete=\"off\" id=\"form-resa-single__start\" value=\"\" class=\"datepicker datepicker--start\" type=\"text\" placeholder=\"Llegada\">\n\n\t\t\t\t\t    <\/div>\n\n\t\t\t\t\t    <div class=\"form-resa__date\">\n\n\t\t\t\t\t      <input autocomplete=\"off\" id=\"form-resa-single__end\" value=\"\" class=\"datepicker datepicker--end\" type=\"text\" placeholder=\"Salida\">\n\n\t\t\t\t\t    <\/div>\n\n\t\t\t\t\t  <\/div>\n\n\t\t\t\t\t<\/form>\n\n\t\t\t\t\t<div class=\"disponibilite-wrap ls-dispo\">\n\n\t\t\t\t\t<\/div>\n\n\t\t\t\t<\/div>\n\n\t\t\t<\/div>\n\t\t<\/div>\n\t<\/div>\n\t\n<\/div><\/div><div class=\"ls-hebergement\" data-postid='4481' data-id-reservation='105429' data-id-site='' data-id1='' data-nombre_de_personnes='8' data-nombre_de_chambres='3' data-last-update='' data-type='accommodation-fr mobil-home-fr'>\r\n\t<div class=\"ls-hebergement__thumb\">\r\n\t\t<img decoding=\"async\" width=\"1\" height=\"1\" src=\"https:\/\/www.campingvallespir.com\/wp-content\/uploads\/2022\/11\/0-1063772.jpg\" class=\"attachment-medium_large size-medium_large wp-post-image\" alt=\"\" \/>\t<\/div>\r\n\t<div class=\"ls-hebergement__title\">\r\n\t\tMobilhome LYS 3 habitaciones\t\t\r\n\t<\/div>\r\n\r\n\t<div class=\"ls-hebergement__details\">\r\n\r\n\t\t<div class=\"ls-hebergement__icons\">\r\n\r\n\t\t\t\t\t\t\t<span class=\"ls-hebergement__icon\">\r\n\t\t\t\t\t<i class=\"fas fa-users\"><\/i>\r\n\t\t\t\t\t8\t\t\t\t<\/span>\r\n\t\t\t\r\n\t\t\t\t\t\t\t<span class=\"ls-hebergement__icon\">\r\n\t\t\t\t\t<i class=\"fas fa-bed\"><\/i>\r\n\t\t\t\t\t3\t\r\n\t\t\t\t<\/span>\r\n\t\t\t\r\n\t\t\t\t\t\t\t<span class=\"ls-hebergement__icon\">\r\n\t\t\t\t\t<i class=\"fas fa-vector-square\"><\/i>\r\n\t\t\t\t\t30m\u00b2\r\n\t\t\t\t<\/span>\r\n\t\t\t\r\n\t\t\t\r\n\t\t<\/div>\r\n\t<\/div>\r\n\r\n\t<div class=\"ls-hebergement__disponibilites\">Descubra<\/div>\r\n\t\n<div class=\"ls-single-hebergement\" data-postid='4481' data-id-reservation='105429' data-id-site='' data-id1='' data-nombre_de_personnes='8' data-nombre_de_chambres='3' data-last-update='' data-type='accommodation-fr mobil-home-fr' style=\"display: none;\">\n\t<div class=\"container\">\n\n\t\t<div class=\"ls-single-hebergement__close\">\n\t\t\t<i class=\"fas fa-times\"><\/i>\n\t\t<\/div>\n\n\n\t\t\t\t<img decoding=\"async\" src=\"https:\/\/www.campingvallespir.com\/wp-content\/uploads\/2022\/11\/0-1063772.jpg\" alt=\"Mobilhome LYS 3 habitaciones\" \/>\n\t\t<div class=\"wp-block-columns\">\n\t\t\t<div class=\"wp-block-column\" style=\"flex-basis:66.66%\">\n\n\t\t\t\t\t\t\t\t\t<ul class=\"ls-single-hebergement__galerie\">\n\t\t\t\t\t\t\t\t\t\t\t\t\t<li>\n\t\t\t\t\t\t\t\t<a href=\"https:\/\/www.campingvallespir.com\/wp-content\/uploads\/2022\/11\/0-1063772.jpg\" data-fancybox=\"hebergement\">\n\t\t\t\t\t\t\t\t\t<img decoding=\"async\" src=\"https:\/\/www.campingvallespir.com\/wp-content\/uploads\/2022\/11\/0-1063772.jpg\" alt=\"\" \/>\n\t\t\t\t\t\t\t\t<\/a>\n\t\t\t\t\t\t\t<\/li>\n\t\t\t\t\t\t\t\t\t\t\t\t\t<li>\n\t\t\t\t\t\t\t\t<a href=\"https:\/\/www.campingvallespir.com\/wp-content\/uploads\/2022\/11\/1-903319.jpg\" data-fancybox=\"hebergement\">\n\t\t\t\t\t\t\t\t\t<img decoding=\"async\" src=\"https:\/\/www.campingvallespir.com\/wp-content\/uploads\/2022\/11\/1-903319.jpg\" alt=\"\" \/>\n\t\t\t\t\t\t\t\t<\/a>\n\t\t\t\t\t\t\t<\/li>\n\t\t\t\t\t\t\t\t\t\t\t\t\t<li>\n\t\t\t\t\t\t\t\t<a href=\"https:\/\/www.campingvallespir.com\/wp-content\/uploads\/2022\/11\/2-903320.jpg\" data-fancybox=\"hebergement\">\n\t\t\t\t\t\t\t\t\t<img decoding=\"async\" src=\"https:\/\/www.campingvallespir.com\/wp-content\/uploads\/2022\/11\/2-903320.jpg\" alt=\"\" \/>\n\t\t\t\t\t\t\t\t<\/a>\n\t\t\t\t\t\t\t<\/li>\n\t\t\t\t\t\t\t\t\t\t\t\t\t<li>\n\t\t\t\t\t\t\t\t<a href=\"https:\/\/www.campingvallespir.com\/wp-content\/uploads\/2022\/11\/3-903321.jpg\" data-fancybox=\"hebergement\">\n\t\t\t\t\t\t\t\t\t<img decoding=\"async\" src=\"https:\/\/www.campingvallespir.com\/wp-content\/uploads\/2022\/11\/3-903321.jpg\" alt=\"\" \/>\n\t\t\t\t\t\t\t\t<\/a>\n\t\t\t\t\t\t\t<\/li>\n\t\t\t\t\t\t\t\t\t\t\t\t\t<li>\n\t\t\t\t\t\t\t\t<a href=\"https:\/\/www.campingvallespir.com\/wp-content\/uploads\/2022\/11\/4-903322.jpg\" data-fancybox=\"hebergement\">\n\t\t\t\t\t\t\t\t\t<img decoding=\"async\" src=\"https:\/\/www.campingvallespir.com\/wp-content\/uploads\/2022\/11\/4-903322.jpg\" alt=\"\" \/>\n\t\t\t\t\t\t\t\t<\/a>\n\t\t\t\t\t\t\t<\/li>\n\t\t\t\t\t\t\t\t\t\t\t\t\t<li>\n\t\t\t\t\t\t\t\t<a href=\"https:\/\/www.campingvallespir.com\/wp-content\/uploads\/2022\/11\/5-903323.jpg\" data-fancybox=\"hebergement\">\n\t\t\t\t\t\t\t\t\t<img decoding=\"async\" src=\"https:\/\/www.campingvallespir.com\/wp-content\/uploads\/2022\/11\/5-903323.jpg\" alt=\"\" \/>\n\t\t\t\t\t\t\t\t<\/a>\n\t\t\t\t\t\t\t<\/li>\n\t\t\t\t\t\t\t\t\t\t\t\t\t<li>\n\t\t\t\t\t\t\t\t<a href=\"https:\/\/www.campingvallespir.com\/wp-content\/uploads\/2022\/11\/6-1063771.jpg\" data-fancybox=\"hebergement\">\n\t\t\t\t\t\t\t\t\t<img decoding=\"async\" src=\"https:\/\/www.campingvallespir.com\/wp-content\/uploads\/2022\/11\/6-1063771.jpg\" alt=\"\" \/>\n\t\t\t\t\t\t\t\t<\/a>\n\t\t\t\t\t\t\t<\/li>\n\t\t\t\t\t\t\t\t\t\t\t<\/ul>\n\t\t\t\t\t\t\t\t\n\t\t\t\t<h2 class=\"ls__heading wp-block-heading has-color-1-color has-text-color\">Mobilhome LYS 3 habitaciones<\/h2>\n\t\t\t\t<!-- <h1><\/h1> -->\n\n\n\t\t\t\t\n\t\t\t\t\t<div class=\"ls-single-hebergement__description\">\n\t\t\t\t\t\t\t\t\t\t\t<\/div>\n\n\t\t\t\t\t\t\t<\/div>\n\n\t\t\t<div class=\"wp-block-column\" style=\"flex-basis:33.333%\">\n\n\t\t\t\t<div class=\"ls-single-hebergement__sidebar\">\n\n\t\t\t\t\t<h3>Su estancia<\/h3>\n\n\t\t\t\t\t<form class=\"form-resa form-resa--single\">\n\n\t\t\t\t\t\t<div class=\"form-resa__dates\">\n\n\t\t\t\t\t    <div class=\"form-resa__date\">\n\n\t\t\t\t\t      <i class=\"icon-calendar\"><\/i>\n\n\t\t\t\t\t      <input autocomplete=\"off\" id=\"form-resa-single__start\" value=\"\" class=\"datepicker datepicker--start\" type=\"text\" placeholder=\"Llegada\">\n\n\t\t\t\t\t    <\/div>\n\n\t\t\t\t\t    <div class=\"form-resa__date\">\n\n\t\t\t\t\t      <input autocomplete=\"off\" id=\"form-resa-single__end\" value=\"\" class=\"datepicker datepicker--end\" type=\"text\" placeholder=\"Salida\">\n\n\t\t\t\t\t    <\/div>\n\n\t\t\t\t\t  <\/div>\n\n\t\t\t\t\t<\/form>\n\n\t\t\t\t\t<div class=\"disponibilite-wrap ls-dispo\">\n\n\t\t\t\t\t<\/div>\n\n\t\t\t\t<\/div>\n\n\t\t\t<\/div>\n\t\t<\/div>\n\t<\/div>\n\t\n<\/div><\/div><div class=\"ls-hebergement\" data-postid='4482' data-id-reservation='113953' data-id-site='' data-id1='' data-nombre_de_personnes='8' data-nombre_de_chambres='3' data-last-update='' data-type='accommodation-fr mobil-home-fr'>\r\n\t<div class=\"ls-hebergement__thumb\">\r\n\t\t<img decoding=\"async\" width=\"1\" height=\"1\" src=\"https:\/\/www.campingvallespir.com\/wp-content\/uploads\/2022\/11\/0-1063775.jpg\" class=\"attachment-medium_large size-medium_large wp-post-image\" alt=\"\" \/>\t<\/div>\r\n\t<div class=\"ls-hebergement__title\">\r\n\t\tPROMO CURISTE &#8211; Mobil-home LYS 3 chambres climatis\u00e9\t\t\r\n\t<\/div>\r\n\r\n\t<div class=\"ls-hebergement__details\">\r\n\r\n\t\t<div class=\"ls-hebergement__icons\">\r\n\r\n\t\t\t\t\t\t\t<span class=\"ls-hebergement__icon\">\r\n\t\t\t\t\t<i class=\"fas fa-users\"><\/i>\r\n\t\t\t\t\t8\t\t\t\t<\/span>\r\n\t\t\t\r\n\t\t\t\t\t\t\t<span class=\"ls-hebergement__icon\">\r\n\t\t\t\t\t<i class=\"fas fa-bed\"><\/i>\r\n\t\t\t\t\t3\t\r\n\t\t\t\t<\/span>\r\n\t\t\t\r\n\t\t\t\t\t\t\t<span class=\"ls-hebergement__icon\">\r\n\t\t\t\t\t<i class=\"fas fa-vector-square\"><\/i>\r\n\t\t\t\t\t30m\u00b2\r\n\t\t\t\t<\/span>\r\n\t\t\t\r\n\t\t\t\r\n\t\t<\/div>\r\n\t<\/div>\r\n\r\n\t<div class=\"ls-hebergement__disponibilites\">Descubra<\/div>\r\n\t\n<div class=\"ls-single-hebergement\" data-postid='4482' data-id-reservation='113953' data-id-site='' data-id1='' data-nombre_de_personnes='8' data-nombre_de_chambres='3' data-last-update='' data-type='accommodation-fr mobil-home-fr' style=\"display: none;\">\n\t<div class=\"container\">\n\n\t\t<div class=\"ls-single-hebergement__close\">\n\t\t\t<i class=\"fas fa-times\"><\/i>\n\t\t<\/div>\n\n\n\t\t\t\t<img decoding=\"async\" src=\"https:\/\/www.campingvallespir.com\/wp-content\/uploads\/2022\/11\/0-1063775.jpg\" alt=\"PROMO CURISTE &#8211; Mobil-home LYS 3 chambres climatis\u00e9\" \/>\n\t\t<div class=\"wp-block-columns\">\n\t\t\t<div class=\"wp-block-column\" style=\"flex-basis:66.66%\">\n\n\t\t\t\t\t\t\t\t\t<ul class=\"ls-single-hebergement__galerie\">\n\t\t\t\t\t\t\t\t\t\t\t\t\t<li>\n\t\t\t\t\t\t\t\t<a href=\"https:\/\/www.campingvallespir.com\/wp-content\/uploads\/2022\/11\/0-1063775.jpg\" data-fancybox=\"hebergement\">\n\t\t\t\t\t\t\t\t\t<img decoding=\"async\" src=\"https:\/\/www.campingvallespir.com\/wp-content\/uploads\/2022\/11\/0-1063775.jpg\" alt=\"\" \/>\n\t\t\t\t\t\t\t\t<\/a>\n\t\t\t\t\t\t\t<\/li>\n\t\t\t\t\t\t\t\t\t\t\t\t\t<li>\n\t\t\t\t\t\t\t\t<a href=\"https:\/\/www.campingvallespir.com\/wp-content\/uploads\/2022\/11\/1-1008466.jpg\" data-fancybox=\"hebergement\">\n\t\t\t\t\t\t\t\t\t<img decoding=\"async\" src=\"https:\/\/www.campingvallespir.com\/wp-content\/uploads\/2022\/11\/1-1008466.jpg\" alt=\"\" \/>\n\t\t\t\t\t\t\t\t<\/a>\n\t\t\t\t\t\t\t<\/li>\n\t\t\t\t\t\t\t\t\t\t\t\t\t<li>\n\t\t\t\t\t\t\t\t<a href=\"https:\/\/www.campingvallespir.com\/wp-content\/uploads\/2022\/11\/2-1008467.jpg\" data-fancybox=\"hebergement\">\n\t\t\t\t\t\t\t\t\t<img decoding=\"async\" src=\"https:\/\/www.campingvallespir.com\/wp-content\/uploads\/2022\/11\/2-1008467.jpg\" alt=\"\" \/>\n\t\t\t\t\t\t\t\t<\/a>\n\t\t\t\t\t\t\t<\/li>\n\t\t\t\t\t\t\t\t\t\t\t\t\t<li>\n\t\t\t\t\t\t\t\t<a href=\"https:\/\/www.campingvallespir.com\/wp-content\/uploads\/2022\/11\/3-1008468.jpg\" data-fancybox=\"hebergement\">\n\t\t\t\t\t\t\t\t\t<img decoding=\"async\" src=\"https:\/\/www.campingvallespir.com\/wp-content\/uploads\/2022\/11\/3-1008468.jpg\" alt=\"\" \/>\n\t\t\t\t\t\t\t\t<\/a>\n\t\t\t\t\t\t\t<\/li>\n\t\t\t\t\t\t\t\t\t\t\t\t\t<li>\n\t\t\t\t\t\t\t\t<a href=\"https:\/\/www.campingvallespir.com\/wp-content\/uploads\/2022\/11\/4-1008469.jpg\" data-fancybox=\"hebergement\">\n\t\t\t\t\t\t\t\t\t<img decoding=\"async\" src=\"https:\/\/www.campingvallespir.com\/wp-content\/uploads\/2022\/11\/4-1008469.jpg\" alt=\"\" \/>\n\t\t\t\t\t\t\t\t<\/a>\n\t\t\t\t\t\t\t<\/li>\n\t\t\t\t\t\t\t\t\t\t\t\t\t<li>\n\t\t\t\t\t\t\t\t<a href=\"https:\/\/www.campingvallespir.com\/wp-content\/uploads\/2022\/11\/5-1008470.jpg\" data-fancybox=\"hebergement\">\n\t\t\t\t\t\t\t\t\t<img decoding=\"async\" src=\"https:\/\/www.campingvallespir.com\/wp-content\/uploads\/2022\/11\/5-1008470.jpg\" alt=\"\" \/>\n\t\t\t\t\t\t\t\t<\/a>\n\t\t\t\t\t\t\t<\/li>\n\t\t\t\t\t\t\t\t\t\t\t\t\t<li>\n\t\t\t\t\t\t\t\t<a href=\"https:\/\/www.campingvallespir.com\/wp-content\/uploads\/2022\/11\/6-1063776.jpg\" data-fancybox=\"hebergement\">\n\t\t\t\t\t\t\t\t\t<img decoding=\"async\" src=\"https:\/\/www.campingvallespir.com\/wp-content\/uploads\/2022\/11\/6-1063776.jpg\" alt=\"\" \/>\n\t\t\t\t\t\t\t\t<\/a>\n\t\t\t\t\t\t\t<\/li>\n\t\t\t\t\t\t\t\t\t\t\t<\/ul>\n\t\t\t\t\t\t\t\t\n\t\t\t\t<h2 class=\"ls__heading wp-block-heading has-color-1-color has-text-color\">PROMO CURISTE &#8211; Mobil-home LYS 3 chambres climatis\u00e9<\/h2>\n\t\t\t\t<!-- <h1><\/h1> -->\n\n\n\t\t\t\t\n\t\t\t\t\t<div class=\"ls-single-hebergement__description\">\n\t\t\t\t\t\t\t\t\t\t\t<\/div>\n\n\t\t\t\t\t\t\t<\/div>\n\n\t\t\t<div class=\"wp-block-column\" style=\"flex-basis:33.333%\">\n\n\t\t\t\t<div class=\"ls-single-hebergement__sidebar\">\n\n\t\t\t\t\t<h3>Su estancia<\/h3>\n\n\t\t\t\t\t<form class=\"form-resa form-resa--single\">\n\n\t\t\t\t\t\t<div class=\"form-resa__dates\">\n\n\t\t\t\t\t    <div class=\"form-resa__date\">\n\n\t\t\t\t\t      <i class=\"icon-calendar\"><\/i>\n\n\t\t\t\t\t      <input autocomplete=\"off\" id=\"form-resa-single__start\" value=\"\" class=\"datepicker datepicker--start\" type=\"text\" placeholder=\"Llegada\">\n\n\t\t\t\t\t    <\/div>\n\n\t\t\t\t\t    <div class=\"form-resa__date\">\n\n\t\t\t\t\t      <input autocomplete=\"off\" id=\"form-resa-single__end\" value=\"\" class=\"datepicker datepicker--end\" type=\"text\" placeholder=\"Salida\">\n\n\t\t\t\t\t    <\/div>\n\n\t\t\t\t\t  <\/div>\n\n\t\t\t\t\t<\/form>\n\n\t\t\t\t\t<div class=\"disponibilite-wrap ls-dispo\">\n\n\t\t\t\t\t<\/div>\n\n\t\t\t\t<\/div>\n\n\t\t\t<\/div>\n\t\t<\/div>\n\t<\/div>\n\t\n<\/div><\/div><div class=\"ls-hebergement\" data-postid='4483' data-id-reservation='113954' data-id-site='' data-id1='' data-nombre_de_personnes='5' data-nombre_de_chambres='2' data-last-update='' data-type='accommodation-fr mobil-home-fr'>\r\n\t<div class=\"ls-hebergement__thumb\">\r\n\t\t<img decoding=\"async\" width=\"768\" height=\"432\" src=\"https:\/\/www.campingvallespir.com\/wp-content\/uploads\/2022\/06\/Primevre-curiste-2026-768x432.png\" class=\"attachment-medium_large size-medium_large wp-post-image\" alt=\"\" srcset=\"https:\/\/www.campingvallespir.com\/wp-content\/uploads\/2022\/06\/Primevre-curiste-2026-768x432.png 768w, https:\/\/www.campingvallespir.com\/wp-content\/uploads\/2022\/06\/Primevre-curiste-2026-300x169.png 300w, https:\/\/www.campingvallespir.com\/wp-content\/uploads\/2022\/06\/Primevre-curiste-2026-1024x576.png 1024w, https:\/\/www.campingvallespir.com\/wp-content\/uploads\/2022\/06\/Primevre-curiste-2026.png 1366w\" sizes=\"(max-width: 768px) 100vw, 768px\" \/>\t<\/div>\r\n\t<div class=\"ls-hebergement__title\">\r\n\t\tPROMO CURISTE &#8211; Mobil-home PRIMEVERE 2 chambres\t\t\r\n\t<\/div>\r\n\r\n\t<div class=\"ls-hebergement__details\">\r\n\r\n\t\t<div class=\"ls-hebergement__icons\">\r\n\r\n\t\t\t\t\t\t\t<span class=\"ls-hebergement__icon\">\r\n\t\t\t\t\t<i class=\"fas fa-users\"><\/i>\r\n\t\t\t\t\t5\t\t\t\t<\/span>\r\n\t\t\t\r\n\t\t\t\t\t\t\t<span class=\"ls-hebergement__icon\">\r\n\t\t\t\t\t<i class=\"fas fa-bed\"><\/i>\r\n\t\t\t\t\t2\t\r\n\t\t\t\t<\/span>\r\n\t\t\t\r\n\t\t\t\t\t\t\t<span class=\"ls-hebergement__icon\">\r\n\t\t\t\t\t<i class=\"fas fa-vector-square\"><\/i>\r\n\t\t\t\t\t22m\u00b2\r\n\t\t\t\t<\/span>\r\n\t\t\t\r\n\t\t\t\r\n\t\t<\/div>\r\n\t<\/div>\r\n\r\n\t<div class=\"ls-hebergement__disponibilites\">Descubra<\/div>\r\n\t\n<div class=\"ls-single-hebergement\" data-postid='4483' data-id-reservation='113954' data-id-site='' data-id1='' data-nombre_de_personnes='5' data-nombre_de_chambres='2' data-last-update='' data-type='accommodation-fr mobil-home-fr' style=\"display: none;\">\n\t<div class=\"container\">\n\n\t\t<div class=\"ls-single-hebergement__close\">\n\t\t\t<i class=\"fas fa-times\"><\/i>\n\t\t<\/div>\n\n\n\t\t\t\t<img decoding=\"async\" src=\"https:\/\/www.campingvallespir.com\/wp-content\/uploads\/2022\/11\/3-903330.jpg\" alt=\"PROMO CURISTE &#8211; Mobil-home PRIMEVERE 2 chambres\" \/>\n\t\t<div class=\"wp-block-columns\">\n\t\t\t<div class=\"wp-block-column\" style=\"flex-basis:66.66%\">\n\n\t\t\t\t\t\t\t\t\t<ul class=\"ls-single-hebergement__galerie\">\n\t\t\t\t\t\t\t\t\t\t\t\t\t<li>\n\t\t\t\t\t\t\t\t<a href=\"https:\/\/www.campingvallespir.com\/wp-content\/uploads\/2022\/11\/3-903330.jpg\" data-fancybox=\"hebergement\">\n\t\t\t\t\t\t\t\t\t<img decoding=\"async\" src=\"https:\/\/www.campingvallespir.com\/wp-content\/uploads\/2022\/11\/3-903330.jpg\" alt=\"\" \/>\n\t\t\t\t\t\t\t\t<\/a>\n\t\t\t\t\t\t\t<\/li>\n\t\t\t\t\t\t\t\t\t\t\t\t\t<li>\n\t\t\t\t\t\t\t\t<a href=\"https:\/\/www.campingvallespir.com\/wp-content\/uploads\/2022\/11\/2-1008533.jpg\" data-fancybox=\"hebergement\">\n\t\t\t\t\t\t\t\t\t<img decoding=\"async\" src=\"https:\/\/www.campingvallespir.com\/wp-content\/uploads\/2022\/11\/2-1008533.jpg\" alt=\"\" \/>\n\t\t\t\t\t\t\t\t<\/a>\n\t\t\t\t\t\t\t<\/li>\n\t\t\t\t\t\t\t\t\t\t\t\t\t<li>\n\t\t\t\t\t\t\t\t<a href=\"https:\/\/www.campingvallespir.com\/wp-content\/uploads\/2022\/11\/1-1008532.jpg\" data-fancybox=\"hebergement\">\n\t\t\t\t\t\t\t\t\t<img decoding=\"async\" src=\"https:\/\/www.campingvallespir.com\/wp-content\/uploads\/2022\/11\/1-1008532.jpg\" alt=\"\" \/>\n\t\t\t\t\t\t\t\t<\/a>\n\t\t\t\t\t\t\t<\/li>\n\t\t\t\t\t\t\t\t\t\t\t\t\t<li>\n\t\t\t\t\t\t\t\t<a href=\"https:\/\/www.campingvallespir.com\/wp-content\/uploads\/2022\/11\/4-907524.jpg\" data-fancybox=\"hebergement\">\n\t\t\t\t\t\t\t\t\t<img decoding=\"async\" src=\"https:\/\/www.campingvallespir.com\/wp-content\/uploads\/2022\/11\/4-907524.jpg\" alt=\"\" \/>\n\t\t\t\t\t\t\t\t<\/a>\n\t\t\t\t\t\t\t<\/li>\n\t\t\t\t\t\t\t\t\t\t\t\t\t<li>\n\t\t\t\t\t\t\t\t<a href=\"https:\/\/www.campingvallespir.com\/wp-content\/uploads\/2022\/11\/5-907525.jpg\" data-fancybox=\"hebergement\">\n\t\t\t\t\t\t\t\t\t<img decoding=\"async\" src=\"https:\/\/www.campingvallespir.com\/wp-content\/uploads\/2022\/11\/5-907525.jpg\" alt=\"\" \/>\n\t\t\t\t\t\t\t\t<\/a>\n\t\t\t\t\t\t\t<\/li>\n\t\t\t\t\t\t\t\t\t\t\t\t\t<li>\n\t\t\t\t\t\t\t\t<a href=\"https:\/\/www.campingvallespir.com\/wp-content\/uploads\/2022\/11\/6-1063768.jpg\" data-fancybox=\"hebergement\">\n\t\t\t\t\t\t\t\t\t<img decoding=\"async\" src=\"https:\/\/www.campingvallespir.com\/wp-content\/uploads\/2022\/11\/6-1063768.jpg\" alt=\"\" \/>\n\t\t\t\t\t\t\t\t<\/a>\n\t\t\t\t\t\t\t<\/li>\n\t\t\t\t\t\t\t\t\t\t\t<\/ul>\n\t\t\t\t\t\t\t\t\n\t\t\t\t<h2 class=\"ls__heading wp-block-heading has-color-1-color has-text-color\">PROMO CURISTE &#8211; Mobil-home PRIMEVERE 2 chambres<\/h2>\n\t\t\t\t<!-- <h1><\/h1> -->\n\n\n\t\t\t\t\n\t\t\t\t\t<div class=\"ls-single-hebergement__description\">\n\t\t\t\t\t\t\t\t\t\t\t<\/div>\n\n\t\t\t\t\t\t\t<\/div>\n\n\t\t\t<div class=\"wp-block-column\" style=\"flex-basis:33.333%\">\n\n\t\t\t\t<div class=\"ls-single-hebergement__sidebar\">\n\n\t\t\t\t\t<h3>Su estancia<\/h3>\n\n\t\t\t\t\t<form class=\"form-resa form-resa--single\">\n\n\t\t\t\t\t\t<div class=\"form-resa__dates\">\n\n\t\t\t\t\t    <div class=\"form-resa__date\">\n\n\t\t\t\t\t      <i class=\"icon-calendar\"><\/i>\n\n\t\t\t\t\t      <input autocomplete=\"off\" id=\"form-resa-single__start\" value=\"\" class=\"datepicker datepicker--start\" type=\"text\" placeholder=\"Llegada\">\n\n\t\t\t\t\t    <\/div>\n\n\t\t\t\t\t    <div class=\"form-resa__date\">\n\n\t\t\t\t\t      <input autocomplete=\"off\" id=\"form-resa-single__end\" value=\"\" class=\"datepicker datepicker--end\" type=\"text\" placeholder=\"Salida\">\n\n\t\t\t\t\t    <\/div>\n\n\t\t\t\t\t  <\/div>\n\n\t\t\t\t\t<\/form>\n\n\t\t\t\t\t<div class=\"disponibilite-wrap ls-dispo\">\n\n\t\t\t\t\t<\/div>\n\n\t\t\t\t<\/div>\n\n\t\t\t<\/div>\n\t\t<\/div>\n\t<\/div>\n\t\n<\/div><\/div><div class=\"ls-hebergement\" data-postid='4484' data-id-reservation='105430' data-id-site='' data-id1='' data-nombre_de_personnes='5' data-nombre_de_chambres='2' data-last-update='' data-type='accommodation-fr mobil-home-fr'>\r\n\t<div class=\"ls-hebergement__thumb\">\r\n\t\t<img decoding=\"async\" width=\"750\" height=\"500\" src=\"https:\/\/www.campingvallespir.com\/wp-content\/uploads\/2022\/06\/0-903324.jpg\" class=\"attachment-medium_large size-medium_large wp-post-image\" alt=\"\" srcset=\"https:\/\/www.campingvallespir.com\/wp-content\/uploads\/2022\/06\/0-903324.jpg 750w, https:\/\/www.campingvallespir.com\/wp-content\/uploads\/2022\/06\/0-903324-300x200.jpg 300w\" sizes=\"(max-width: 750px) 100vw, 750px\" \/>\t<\/div>\r\n\t<div class=\"ls-hebergement__title\">\r\n\t\tMobilhome PRIMEVERE 2 habitaciones\t\t\r\n\t<\/div>\r\n\r\n\t<div class=\"ls-hebergement__details\">\r\n\r\n\t\t<div class=\"ls-hebergement__icons\">\r\n\r\n\t\t\t\t\t\t\t<span class=\"ls-hebergement__icon\">\r\n\t\t\t\t\t<i class=\"fas fa-users\"><\/i>\r\n\t\t\t\t\t5\t\t\t\t<\/span>\r\n\t\t\t\r\n\t\t\t\t\t\t\t<span class=\"ls-hebergement__icon\">\r\n\t\t\t\t\t<i class=\"fas fa-bed\"><\/i>\r\n\t\t\t\t\t2\t\r\n\t\t\t\t<\/span>\r\n\t\t\t\r\n\t\t\t\t\t\t\t<span class=\"ls-hebergement__icon\">\r\n\t\t\t\t\t<i class=\"fas fa-vector-square\"><\/i>\r\n\t\t\t\t\t22m\u00b2\r\n\t\t\t\t<\/span>\r\n\t\t\t\r\n\t\t\t\r\n\t\t<\/div>\r\n\t<\/div>\r\n\r\n\t<div class=\"ls-hebergement__disponibilites\">Descubra<\/div>\r\n\t\n<div class=\"ls-single-hebergement\" data-postid='4484' data-id-reservation='105430' data-id-site='' data-id1='' data-nombre_de_personnes='5' data-nombre_de_chambres='2' data-last-update='' data-type='accommodation-fr mobil-home-fr' style=\"display: none;\">\n\t<div class=\"container\">\n\n\t\t<div class=\"ls-single-hebergement__close\">\n\t\t\t<i class=\"fas fa-times\"><\/i>\n\t\t<\/div>\n\n\n\t\t\t\t<img decoding=\"async\" src=\"https:\/\/www.campingvallespir.com\/wp-content\/uploads\/2022\/06\/0-903324.jpg\" alt=\"Mobilhome PRIMEVERE 2 habitaciones\" \/>\n\t\t<div class=\"wp-block-columns\">\n\t\t\t<div class=\"wp-block-column\" style=\"flex-basis:66.66%\">\n\n\t\t\t\t\t\t\t\t\t<ul class=\"ls-single-hebergement__galerie\">\n\t\t\t\t\t\t\t\t\t\t\t\t\t<li>\n\t\t\t\t\t\t\t\t<a href=\"https:\/\/www.campingvallespir.com\/wp-content\/uploads\/2022\/06\/0-903324.jpg\" data-fancybox=\"hebergement\">\n\t\t\t\t\t\t\t\t\t<img decoding=\"async\" src=\"https:\/\/www.campingvallespir.com\/wp-content\/uploads\/2022\/06\/0-903324-150x150.jpg\" alt=\"\" \/>\n\t\t\t\t\t\t\t\t<\/a>\n\t\t\t\t\t\t\t<\/li>\n\t\t\t\t\t\t\t\t\t\t\t\t\t<li>\n\t\t\t\t\t\t\t\t<a href=\"https:\/\/www.campingvallespir.com\/wp-content\/uploads\/2022\/10\/1-903327.jpg\" data-fancybox=\"hebergement\">\n\t\t\t\t\t\t\t\t\t<img decoding=\"async\" src=\"https:\/\/www.campingvallespir.com\/wp-content\/uploads\/2022\/10\/1-903327.jpg\" alt=\"\" \/>\n\t\t\t\t\t\t\t\t<\/a>\n\t\t\t\t\t\t\t<\/li>\n\t\t\t\t\t\t\t\t\t\t\t\t\t<li>\n\t\t\t\t\t\t\t\t<a href=\"https:\/\/www.campingvallespir.com\/wp-content\/uploads\/2022\/10\/2-903329.jpg\" data-fancybox=\"hebergement\">\n\t\t\t\t\t\t\t\t\t<img decoding=\"async\" src=\"https:\/\/www.campingvallespir.com\/wp-content\/uploads\/2022\/10\/2-903329.jpg\" alt=\"\" \/>\n\t\t\t\t\t\t\t\t<\/a>\n\t\t\t\t\t\t\t<\/li>\n\t\t\t\t\t\t\t\t\t\t\t\t\t<li>\n\t\t\t\t\t\t\t\t<a href=\"https:\/\/www.campingvallespir.com\/wp-content\/uploads\/2022\/06\/3-903330.jpg\" data-fancybox=\"hebergement\">\n\t\t\t\t\t\t\t\t\t<img decoding=\"async\" src=\"https:\/\/www.campingvallespir.com\/wp-content\/uploads\/2022\/06\/3-903330-150x150.jpg\" alt=\"\" \/>\n\t\t\t\t\t\t\t\t<\/a>\n\t\t\t\t\t\t\t<\/li>\n\t\t\t\t\t\t\t\t\t\t\t\t\t<li>\n\t\t\t\t\t\t\t\t<a href=\"https:\/\/www.campingvallespir.com\/wp-content\/uploads\/2022\/06\/4-903326.jpg\" data-fancybox=\"hebergement\">\n\t\t\t\t\t\t\t\t\t<img decoding=\"async\" src=\"https:\/\/www.campingvallespir.com\/wp-content\/uploads\/2022\/06\/4-903326-150x150.jpg\" alt=\"\" \/>\n\t\t\t\t\t\t\t\t<\/a>\n\t\t\t\t\t\t\t<\/li>\n\t\t\t\t\t\t\t\t\t\t\t\t\t<li>\n\t\t\t\t\t\t\t\t<a href=\"https:\/\/www.campingvallespir.com\/wp-content\/uploads\/2022\/06\/5-903325.jpg\" data-fancybox=\"hebergement\">\n\t\t\t\t\t\t\t\t\t<img decoding=\"async\" src=\"https:\/\/www.campingvallespir.com\/wp-content\/uploads\/2022\/06\/5-903325-150x150.jpg\" alt=\"\" \/>\n\t\t\t\t\t\t\t\t<\/a>\n\t\t\t\t\t\t\t<\/li>\n\t\t\t\t\t\t\t\t\t\t\t\t\t<li>\n\t\t\t\t\t\t\t\t<a href=\"https:\/\/www.campingvallespir.com\/wp-content\/uploads\/2022\/11\/6-1063767.jpg\" data-fancybox=\"hebergement\">\n\t\t\t\t\t\t\t\t\t<img decoding=\"async\" src=\"https:\/\/www.campingvallespir.com\/wp-content\/uploads\/2022\/11\/6-1063767.jpg\" alt=\"\" \/>\n\t\t\t\t\t\t\t\t<\/a>\n\t\t\t\t\t\t\t<\/li>\n\t\t\t\t\t\t\t\t\t\t\t<\/ul>\n\t\t\t\t\t\t\t\t\n\t\t\t\t<h2 class=\"ls__heading wp-block-heading has-color-1-color has-text-color\">Mobilhome PRIMEVERE 2 habitaciones<\/h2>\n\t\t\t\t<!-- <h1><\/h1> -->\n\n\n\t\t\t\t\n\t\t\t\t\t<div class=\"ls-single-hebergement__description\">\n\t\t\t\t\t\t\t\t\t\t\t<\/div>\n\n\t\t\t\t\t\t\t<\/div>\n\n\t\t\t<div class=\"wp-block-column\" style=\"flex-basis:33.333%\">\n\n\t\t\t\t<div class=\"ls-single-hebergement__sidebar\">\n\n\t\t\t\t\t<h3>Su estancia<\/h3>\n\n\t\t\t\t\t<form class=\"form-resa form-resa--single\">\n\n\t\t\t\t\t\t<div class=\"form-resa__dates\">\n\n\t\t\t\t\t    <div class=\"form-resa__date\">\n\n\t\t\t\t\t      <i class=\"icon-calendar\"><\/i>\n\n\t\t\t\t\t      <input autocomplete=\"off\" id=\"form-resa-single__start\" value=\"\" class=\"datepicker datepicker--start\" type=\"text\" placeholder=\"Llegada\">\n\n\t\t\t\t\t    <\/div>\n\n\t\t\t\t\t    <div class=\"form-resa__date\">\n\n\t\t\t\t\t      <input autocomplete=\"off\" id=\"form-resa-single__end\" value=\"\" class=\"datepicker datepicker--end\" type=\"text\" placeholder=\"Salida\">\n\n\t\t\t\t\t    <\/div>\n\n\t\t\t\t\t  <\/div>\n\n\t\t\t\t\t<\/form>\n\n\t\t\t\t\t<div class=\"disponibilite-wrap ls-dispo\">\n\n\t\t\t\t\t<\/div>\n\n\t\t\t\t<\/div>\n\n\t\t\t<\/div>\n\t\t<\/div>\n\t<\/div>\n\t\n<\/div><\/div><div class=\"ls-hebergement\" data-postid='4485' data-id-reservation='113955' data-id-site='' data-id1='' data-nombre_de_personnes='4' data-nombre_de_chambres='2' data-last-update='' data-type='accommodation-fr mobil-home-fr'>\r\n\t<div class=\"ls-hebergement__thumb\">\r\n\t\t<img decoding=\"async\" width=\"1\" height=\"1\" src=\"https:\/\/www.campingvallespir.com\/wp-content\/uploads\/2022\/10\/0-1014587.jpg\" class=\"attachment-medium_large size-medium_large wp-post-image\" alt=\"\" \/>\t<\/div>\r\n\t<div class=\"ls-hebergement__title\">\r\n\t\tPROMO CURISTE &#8211; Mobil-home CARGOLADE 2 chambres climatis\u00e9\t\t\r\n\t<\/div>\r\n\r\n\t<div class=\"ls-hebergement__details\">\r\n\r\n\t\t<div class=\"ls-hebergement__icons\">\r\n\r\n\t\t\t\t\t\t\t<span class=\"ls-hebergement__icon\">\r\n\t\t\t\t\t<i class=\"fas fa-users\"><\/i>\r\n\t\t\t\t\t4\t\t\t\t<\/span>\r\n\t\t\t\r\n\t\t\t\t\t\t\t<span class=\"ls-hebergement__icon\">\r\n\t\t\t\t\t<i class=\"fas fa-bed\"><\/i>\r\n\t\t\t\t\t2\t\r\n\t\t\t\t<\/span>\r\n\t\t\t\r\n\t\t\t\t\t\t\t<span class=\"ls-hebergement__icon\">\r\n\t\t\t\t\t<i class=\"fas fa-vector-square\"><\/i>\r\n\t\t\t\t\t28m\u00b2\r\n\t\t\t\t<\/span>\r\n\t\t\t\r\n\t\t\t\r\n\t\t<\/div>\r\n\t<\/div>\r\n\r\n\t<div class=\"ls-hebergement__disponibilites\">Descubra<\/div>\r\n\t\n<div class=\"ls-single-hebergement\" data-postid='4485' data-id-reservation='113955' data-id-site='' data-id1='' data-nombre_de_personnes='4' data-nombre_de_chambres='2' data-last-update='' data-type='accommodation-fr mobil-home-fr' style=\"display: none;\">\n\t<div class=\"container\">\n\n\t\t<div class=\"ls-single-hebergement__close\">\n\t\t\t<i class=\"fas fa-times\"><\/i>\n\t\t<\/div>\n\n\n\t\t\t\t<img decoding=\"async\" src=\"https:\/\/www.campingvallespir.com\/wp-content\/uploads\/2022\/11\/1-905759.jpg\" alt=\"PROMO CURISTE &#8211; Mobil-home CARGOLADE 2 chambres climatis\u00e9\" \/>\n\t\t<div class=\"wp-block-columns\">\n\t\t\t<div class=\"wp-block-column\" style=\"flex-basis:66.66%\">\n\n\t\t\t\t\t\t\t\t\t<ul class=\"ls-single-hebergement__galerie\">\n\t\t\t\t\t\t\t\t\t\t\t\t\t<li>\n\t\t\t\t\t\t\t\t<a href=\"https:\/\/www.campingvallespir.com\/wp-content\/uploads\/2022\/11\/1-905759.jpg\" data-fancybox=\"hebergement\">\n\t\t\t\t\t\t\t\t\t<img decoding=\"async\" src=\"https:\/\/www.campingvallespir.com\/wp-content\/uploads\/2022\/11\/1-905759.jpg\" alt=\"\" \/>\n\t\t\t\t\t\t\t\t<\/a>\n\t\t\t\t\t\t\t<\/li>\n\t\t\t\t\t\t\t\t\t\t\t\t\t<li>\n\t\t\t\t\t\t\t\t<a href=\"https:\/\/www.campingvallespir.com\/wp-content\/uploads\/2022\/11\/5-1008484.jpg\" data-fancybox=\"hebergement\">\n\t\t\t\t\t\t\t\t\t<img decoding=\"async\" src=\"https:\/\/www.campingvallespir.com\/wp-content\/uploads\/2022\/11\/5-1008484.jpg\" alt=\"\" \/>\n\t\t\t\t\t\t\t\t<\/a>\n\t\t\t\t\t\t\t<\/li>\n\t\t\t\t\t\t\t\t\t\t\t\t\t<li>\n\t\t\t\t\t\t\t\t<a href=\"https:\/\/www.campingvallespir.com\/wp-content\/uploads\/2022\/11\/4-1008541.jpg\" data-fancybox=\"hebergement\">\n\t\t\t\t\t\t\t\t\t<img decoding=\"async\" src=\"https:\/\/www.campingvallespir.com\/wp-content\/uploads\/2022\/11\/4-1008541.jpg\" alt=\"\" \/>\n\t\t\t\t\t\t\t\t<\/a>\n\t\t\t\t\t\t\t<\/li>\n\t\t\t\t\t\t\t\t\t\t\t\t\t<li>\n\t\t\t\t\t\t\t\t<a href=\"https:\/\/www.campingvallespir.com\/wp-content\/uploads\/2022\/11\/6-1008485.jpg\" data-fancybox=\"hebergement\">\n\t\t\t\t\t\t\t\t\t<img decoding=\"async\" src=\"https:\/\/www.campingvallespir.com\/wp-content\/uploads\/2022\/11\/6-1008485.jpg\" alt=\"\" \/>\n\t\t\t\t\t\t\t\t<\/a>\n\t\t\t\t\t\t\t<\/li>\n\t\t\t\t\t\t\t\t\t\t\t\t\t<li>\n\t\t\t\t\t\t\t\t<a href=\"https:\/\/www.campingvallespir.com\/wp-content\/uploads\/2022\/11\/7-1063766.jpg\" data-fancybox=\"hebergement\">\n\t\t\t\t\t\t\t\t\t<img decoding=\"async\" src=\"https:\/\/www.campingvallespir.com\/wp-content\/uploads\/2022\/11\/7-1063766.jpg\" alt=\"\" \/>\n\t\t\t\t\t\t\t\t<\/a>\n\t\t\t\t\t\t\t<\/li>\n\t\t\t\t\t\t\t\t\t\t\t<\/ul>\n\t\t\t\t\t\t\t\t\n\t\t\t\t<h2 class=\"ls__heading wp-block-heading has-color-1-color has-text-color\">PROMO CURISTE &#8211; Mobil-home CARGOLADE 2 chambres climatis\u00e9<\/h2>\n\t\t\t\t<!-- <h1><\/h1> -->\n\n\n\t\t\t\t\n\t\t\t\t\t<div class=\"ls-single-hebergement__description\">\n\t\t\t\t\t\t\t\t\t\t\t<\/div>\n\n\t\t\t\t\t\t\t<\/div>\n\n\t\t\t<div class=\"wp-block-column\" style=\"flex-basis:33.333%\">\n\n\t\t\t\t<div class=\"ls-single-hebergement__sidebar\">\n\n\t\t\t\t\t<h3>Su estancia<\/h3>\n\n\t\t\t\t\t<form class=\"form-resa form-resa--single\">\n\n\t\t\t\t\t\t<div class=\"form-resa__dates\">\n\n\t\t\t\t\t    <div class=\"form-resa__date\">\n\n\t\t\t\t\t      <i class=\"icon-calendar\"><\/i>\n\n\t\t\t\t\t      <input autocomplete=\"off\" id=\"form-resa-single__start\" value=\"\" class=\"datepicker datepicker--start\" type=\"text\" placeholder=\"Llegada\">\n\n\t\t\t\t\t    <\/div>\n\n\t\t\t\t\t    <div class=\"form-resa__date\">\n\n\t\t\t\t\t      <input autocomplete=\"off\" id=\"form-resa-single__end\" value=\"\" class=\"datepicker datepicker--end\" type=\"text\" placeholder=\"Salida\">\n\n\t\t\t\t\t    <\/div>\n\n\t\t\t\t\t  <\/div>\n\n\t\t\t\t\t<\/form>\n\n\t\t\t\t\t<div class=\"disponibilite-wrap ls-dispo\">\n\n\t\t\t\t\t<\/div>\n\n\t\t\t\t<\/div>\n\n\t\t\t<\/div>\n\t\t<\/div>\n\t<\/div>\n\t\n<\/div><\/div><div class=\"ls-hebergement\" data-postid='4479' data-id-reservation='113950' data-id-site='' data-id1='' data-nombre_de_personnes='6' data-nombre_de_chambres='2' data-last-update='' data-type='accommodation-fr mobil-home-fr'>\r\n\t<div class=\"ls-hebergement__thumb\">\r\n\t\t<img decoding=\"async\" width=\"768\" height=\"432\" src=\"https:\/\/www.campingvallespir.com\/wp-content\/uploads\/2022\/06\/Camelia-curiste-2026-768x432.png\" class=\"attachment-medium_large size-medium_large wp-post-image\" alt=\"\" srcset=\"https:\/\/www.campingvallespir.com\/wp-content\/uploads\/2022\/06\/Camelia-curiste-2026-768x432.png 768w, https:\/\/www.campingvallespir.com\/wp-content\/uploads\/2022\/06\/Camelia-curiste-2026-300x169.png 300w, https:\/\/www.campingvallespir.com\/wp-content\/uploads\/2022\/06\/Camelia-curiste-2026-1024x576.png 1024w, https:\/\/www.campingvallespir.com\/wp-content\/uploads\/2022\/06\/Camelia-curiste-2026.png 1366w\" sizes=\"(max-width: 768px) 100vw, 768px\" \/>\t<\/div>\r\n\t<div class=\"ls-hebergement__title\">\r\n\t\tPROMO CURISTE &#8211; Mobil-home CAMELIA 2 chambres\t\t\r\n\t<\/div>\r\n\r\n\t<div class=\"ls-hebergement__details\">\r\n\r\n\t\t<div class=\"ls-hebergement__icons\">\r\n\r\n\t\t\t\t\t\t\t<span class=\"ls-hebergement__icon\">\r\n\t\t\t\t\t<i class=\"fas fa-users\"><\/i>\r\n\t\t\t\t\t6\t\t\t\t<\/span>\r\n\t\t\t\r\n\t\t\t\t\t\t\t<span class=\"ls-hebergement__icon\">\r\n\t\t\t\t\t<i class=\"fas fa-bed\"><\/i>\r\n\t\t\t\t\t2\t\r\n\t\t\t\t<\/span>\r\n\t\t\t\r\n\t\t\t\t\t\t\t<span class=\"ls-hebergement__icon\">\r\n\t\t\t\t\t<i class=\"fas fa-vector-square\"><\/i>\r\n\t\t\t\t\t26m\u00b2\r\n\t\t\t\t<\/span>\r\n\t\t\t\r\n\t\t\t\r\n\t\t<\/div>\r\n\t<\/div>\r\n\r\n\t<div class=\"ls-hebergement__disponibilites\">Descubra<\/div>\r\n\t\n<div class=\"ls-single-hebergement\" data-postid='4479' data-id-reservation='113950' data-id-site='' data-id1='' data-nombre_de_personnes='6' data-nombre_de_chambres='2' data-last-update='' data-type='accommodation-fr mobil-home-fr' style=\"display: none;\">\n\t<div class=\"container\">\n\n\t\t<div class=\"ls-single-hebergement__close\">\n\t\t\t<i class=\"fas fa-times\"><\/i>\n\t\t<\/div>\n\n\n\t\t\t\t<img decoding=\"async\" src=\"https:\/\/www.campingvallespir.com\/wp-content\/uploads\/2022\/11\/3-1063553.jpg\" alt=\"PROMO CURISTE &#8211; Mobil-home CAMELIA 2 chambres\" \/>\n\t\t<div class=\"wp-block-columns\">\n\t\t\t<div class=\"wp-block-column\" style=\"flex-basis:66.66%\">\n\n\t\t\t\t\t\t\t\t\t<ul class=\"ls-single-hebergement__galerie\">\n\t\t\t\t\t\t\t\t\t\t\t\t\t<li>\n\t\t\t\t\t\t\t\t<a href=\"https:\/\/www.campingvallespir.com\/wp-content\/uploads\/2022\/11\/3-1063553.jpg\" data-fancybox=\"hebergement\">\n\t\t\t\t\t\t\t\t\t<img decoding=\"async\" src=\"https:\/\/www.campingvallespir.com\/wp-content\/uploads\/2022\/11\/3-1063553.jpg\" alt=\"\" \/>\n\t\t\t\t\t\t\t\t<\/a>\n\t\t\t\t\t\t\t<\/li>\n\t\t\t\t\t\t\t\t\t\t\t\t\t<li>\n\t\t\t\t\t\t\t\t<a href=\"https:\/\/www.campingvallespir.com\/wp-content\/uploads\/2022\/11\/2-1008453.jpg\" data-fancybox=\"hebergement\">\n\t\t\t\t\t\t\t\t\t<img decoding=\"async\" src=\"https:\/\/www.campingvallespir.com\/wp-content\/uploads\/2022\/11\/2-1008453.jpg\" alt=\"\" \/>\n\t\t\t\t\t\t\t\t<\/a>\n\t\t\t\t\t\t\t<\/li>\n\t\t\t\t\t\t\t\t\t\t\t\t\t<li>\n\t\t\t\t\t\t\t\t<a href=\"https:\/\/www.campingvallespir.com\/wp-content\/uploads\/2022\/06\/DSC_0390-scaled.jpg\" data-fancybox=\"hebergement\">\n\t\t\t\t\t\t\t\t\t<img decoding=\"async\" src=\"https:\/\/www.campingvallespir.com\/wp-content\/uploads\/2022\/06\/DSC_0390-150x150.jpg\" alt=\"camelia chambre enfant\" \/>\n\t\t\t\t\t\t\t\t<\/a>\n\t\t\t\t\t\t\t<\/li>\n\t\t\t\t\t\t\t\t\t\t\t\t\t<li>\n\t\t\t\t\t\t\t\t<a href=\"https:\/\/www.campingvallespir.com\/wp-content\/uploads\/2022\/11\/4-1063552.jpg\" data-fancybox=\"hebergement\">\n\t\t\t\t\t\t\t\t\t<img decoding=\"async\" src=\"https:\/\/www.campingvallespir.com\/wp-content\/uploads\/2022\/11\/4-1063552.jpg\" alt=\"\" \/>\n\t\t\t\t\t\t\t\t<\/a>\n\t\t\t\t\t\t\t<\/li>\n\t\t\t\t\t\t\t\t\t\t\t<\/ul>\n\t\t\t\t\t\t\t\t\n\t\t\t\t<h2 class=\"ls__heading wp-block-heading has-color-1-color has-text-color\">PROMO CURISTE &#8211; Mobil-home CAMELIA 2 chambres<\/h2>\n\t\t\t\t<!-- <h1><\/h1> -->\n\n\n\t\t\t\t\n\t\t\t\t\t<div class=\"ls-single-hebergement__description\">\n\t\t\t\t\t\t\t\t\t\t\t<\/div>\n\n\t\t\t\t\t\t\t<\/div>\n\n\t\t\t<div class=\"wp-block-column\" style=\"flex-basis:33.333%\">\n\n\t\t\t\t<div class=\"ls-single-hebergement__sidebar\">\n\n\t\t\t\t\t<h3>Su estancia<\/h3>\n\n\t\t\t\t\t<form class=\"form-resa form-resa--single\">\n\n\t\t\t\t\t\t<div class=\"form-resa__dates\">\n\n\t\t\t\t\t    <div class=\"form-resa__date\">\n\n\t\t\t\t\t      <i class=\"icon-calendar\"><\/i>\n\n\t\t\t\t\t      <input autocomplete=\"off\" id=\"form-resa-single__start\" value=\"\" class=\"datepicker datepicker--start\" type=\"text\" placeholder=\"Llegada\">\n\n\t\t\t\t\t    <\/div>\n\n\t\t\t\t\t    <div class=\"form-resa__date\">\n\n\t\t\t\t\t      <input autocomplete=\"off\" id=\"form-resa-single__end\" value=\"\" class=\"datepicker datepicker--end\" type=\"text\" placeholder=\"Salida\">\n\n\t\t\t\t\t    <\/div>\n\n\t\t\t\t\t  <\/div>\n\n\t\t\t\t\t<\/form>\n\n\t\t\t\t\t<div class=\"disponibilite-wrap ls-dispo\">\n\n\t\t\t\t\t<\/div>\n\n\t\t\t\t<\/div>\n\n\t\t\t<\/div>\n\t\t<\/div>\n\t<\/div>\n\t\n<\/div><\/div><\/div><\/div>\n\n    <\/div>\n<\/section>\n\n<section id=\"ls-section-block_61bcab7041678\" class=\"ls-section  morePaddingLeft has-background has-color-4-background-color\" >\n        <div class=\"container container--full\">\n        \n\n<div class=\"wp-block-columns is-layout-flex wp-container-core-columns-is-layout-1 wp-block-columns-is-layout-flex\">\n<div class=\"wp-block-column is-layout-flow wp-block-column-is-layout-flow\" style=\"flex-basis:33.34%\">\n<h2 class=\"ls__heading has-text-align-center has-color-2-color has-text-color wp-block-heading\">Nuestras casas m\u00f3viles en alquiler en Arles-sur-Tech<\/h2>\n\n\n\n<p class=\"ls-paragraph\">Nuestras casas m\u00f3viles de alquiler son alojamientos c\u00f3modos y totalmente equipados. Le permitir\u00e1n pasar unas vacaciones sin preocupaciones gracias a una comodidad cercana a su vida cotidiana habitual.<\/p>\n\n\n\n<p class=\"ls-paragraph\">El camping Le Vallespir dispone de parcelas para caravanas y 76 casas m\u00f3viles de alquiler de 2 a 8 personas. Todos tienen una terraza cubierta con dos tumbonas para disfrutar del aire libre durante el d\u00eda, as\u00ed como de las hermosas noches de verano.<\/p>\n\n\n\n<p class=\"ls-paragraph\">Nuestras tarifas incluyen agua, electricidad, gas y calefacci\u00f3n. La parcela permite aparcar el coche. Su mascota es bienvenida (excepto los perros de categor\u00eda, pedimos un suplemento para otros perros).<\/p>\n<\/div>\n\n\n\n<div class=\"wp-block-column is-layout-flow wp-block-column-is-layout-flow\" style=\"flex-basis:33.34%\">\n<h2 class=\"ls__heading has-text-align-center has-color-2-color has-text-color wp-block-heading\">Nuestras gamas de casas m\u00f3viles en Occitania<\/h2>\n\n\n\n<p class=\"ls-paragraph\">Los alojamientos se dividen en 8 categor\u00edas seg\u00fan su tama\u00f1o y nivel de confort.<\/p>\n\n\n\n<p class=\"ls-paragraph\">La gama Camellia se compone de alojamientos de alquiler de 26 m2 para un m\u00e1ximo de 6 personas.<\/p>\n\n\n\n<p class=\"ls-paragraph\">La casa m\u00f3vil de la gama Colchique tiene una superficie de 30 m2. Est\u00e1 dividido en dos unidades contiguas de 15 m2 : \u00a1para estar juntos manteniendo la privacidad!<\/p>\n\n\n\n<p class=\"ls-paragraph\">Los alojamientos de la gama Primev\u00e8re tienen 22 m2 para 4 personas. Las casas m\u00f3viles Coscoll tienen 27 m2 con una terraza integrada de 7 m2.<\/p>\n\n\n\n<p class=\"ls-paragraph\">Para 6 personas, las casas m\u00f3viles de la gama Lilac tienen 27 m2 y las de la gama Lys Martagon, 30 m2.<\/p>\n\n\n\n<p class=\"ls-paragraph\">Las dos casas m\u00f3viles con aire acondicionado de la gama Gentiane son aptas para personas con discapacidad.<\/p>\n\n\n\n<p class=\"ls-paragraph\">Por \u00faltimo, la casa m\u00f3vil Cargolade, de 28 m2 para 6 est\u00e1 equipada con un aire acondicionado reversible.<\/p>\n<\/div>\n\n\n\n<div class=\"wp-block-column is-layout-flow wp-block-column-is-layout-flow\" style=\"flex-basis:33.33%\">\n<h2 class=\"ls__heading has-text-align-center has-color-2-color has-text-color wp-block-heading\">Alquile una casa m\u00f3vil para 1 a 8 personas en Arles-sur-Tech<\/h2>\n\n\n\n<p class=\"ls-paragraph\">Alquilar una casa m\u00f3vil para sus vacaciones en Occitania es una soluci\u00f3n ideal, ya sea en pareja, en familia o entre amigos. Se beneficia de un alojamiento de alquiler confortable al mejor precio y el alojamiento est\u00e1 dise\u00f1ado para preservar su independencia.<\/p>\n\n\n\n<p class=\"ls-paragraph\">Las instalaciones le permiten disfrutar de sus vacaciones en un entorno agradable. Podr\u00e1 disfrutar de todas las instalaciones del camping con total independencia.<\/p>\n<\/div>\n<\/div>\n\n\n    <\/div>\n<\/section>\n\n<section id=\"ls-section-block_61b32d43dcdcb\" class=\"ls-section \" >\n        <div class=\"container container--wide\">\n        \n\n<div id=\"ls-heading ls-titre-div-block_61b32d57dcdcc\" class=\"ls-titre-div ls__heading has-color-1-color has-text-color aligncenter h2-like\" >\n    Descubra nuestros alojamientos y servicios<\/div>\n\n\n\n<div class=\"wp-block-columns is-layout-flex wp-container-core-columns-is-layout-2 wp-block-columns-is-layout-flex\">\n<div class=\"wp-block-column ls-cta is-layout-flow wp-block-column-is-layout-flow\"><div id=\"ls-maillage-block_61b32d91dcdcd\" class=\"ls-maillage cta-style-normal\" data-rows=\"3\">\r\n    <div class=\"wp-block-columns\"><div class=\"wp-block-column\">\r\n<a href=\"https:\/\/www.campingvallespir.com\/es\/camping-barato-arles-sur-tech\/\" target=\"\" rel=\"noopener\" class=\"ls-cta__link\">\r\n\r\n\t<div class=\"ls-cta__image\"><img decoding=\"async\" src=\"https:\/\/www.campingvallespir.com\/wp-content\/uploads\/2021\/12\/camping-pas-cher-pyreness-orientales.jpg\" alt=\"camping-pas-cher-pyreness-orientales\"><\/div>\r\n\t<div class=\"ls-cta__title\">\r\n\t\tTarifas\t<\/div>\r\n\r\n\t\t\r\n<\/a><\/div><\/div><\/div><\/div>\n\n\n\n<div class=\"wp-block-column ls-cta is-layout-flow wp-block-column-is-layout-flow\"><div id=\"ls-maillage-block_61b32d96dcdce\" class=\"ls-maillage cta-style-normal\" data-rows=\"3\">\r\n    <div class=\"wp-block-columns\"><div class=\"wp-block-column\">\r\n<a href=\"https:\/\/www.campingvallespir.com\/es\/camping-familiar-arles-sur-tech\/\" target=\"\" rel=\"noopener\" class=\"ls-cta__link\">\r\n\r\n\t<div class=\"ls-cta__image\"><img decoding=\"async\" src=\"https:\/\/www.campingvallespir.com\/wp-content\/uploads\/2024\/12\/restaurant-vallespir-768x512.jpg\" alt=\"restaurant-vallespir\"><\/div>\r\n\t<div class=\"ls-cta__title\">\r\n\t\tServicios y restaurante\t<\/div>\r\n\r\n\t\t\r\n<\/a><\/div><\/div><\/div><\/div>\n\n\n\n<div class=\"wp-block-column ls-cta is-layout-flow wp-block-column-is-layout-flow\"><div id=\"ls-maillage-block_61b32d9cdcdcf\" class=\"ls-maillage cta-style-normal\" data-rows=\"3\">\r\n    <div class=\"wp-block-columns\"><div class=\"wp-block-column\">\r\n<a href=\"https:\/\/www.campingvallespir.com\/es\/alquiler-parcela-arles-sur-tech\/\" target=\"\" rel=\"noopener\" class=\"ls-cta__link\">\r\n\r\n\t<div class=\"ls-cta__image\"><img decoding=\"async\" src=\"https:\/\/www.campingvallespir.com\/wp-content\/uploads\/2021\/11\/camping-vallespir-images-section-hebergements-3.jpg\" alt=\"camping-vallespir-images-section-hebergements-3\"><\/div>\r\n\t<div class=\"ls-cta__title\">\r\n\t\tNuestras parcelas\t<\/div>\r\n\r\n\t\t\r\n<\/a><\/div><\/div><\/div><\/div>\n<\/div>\n\n\n    <\/div>\n<\/section>","protected":false},"excerpt":{"rendered":"<p>Alquiler de casas m\u00f3viles en los Pirineos Orientales<\/p>\n","protected":false},"author":1,"featured_media":2016,"parent":0,"menu_order":0,"comment_status":"closed","ping_status":"closed","template":"","meta":{"_acf_changed":false,"footnotes":""},"sujet":[],"class_list":["post-2652","page","type-page","status-publish","has-post-thumbnail","hentry"],"acf":[],"yoast_head":"<!-- This site is optimized with the Yoast SEO plugin v23.4 - https:\/\/yoast.com\/wordpress\/plugins\/seo\/ -->\n<title>Alquiler de mobil home en Arles-sur-Tech | Alquiler de mobil home Pirineos<\/title>\n<meta name=\"robots\" content=\"index, follow, max-snippet:-1, max-image-preview:large, max-video-preview:-1\" \/>\n<link rel=\"canonical\" href=\"https:\/\/www.campingvallespir.com\/es\/alquiler-de-casas-moviles-arles-sur-tech\/\" \/>\n<meta property=\"og:locale\" content=\"es_ES\" \/>\n<meta property=\"og:type\" content=\"article\" \/>\n<meta property=\"og:title\" content=\"Alquiler de mobil home en Arles-sur-Tech | Alquiler de mobil home Pirineos\" \/>\n<meta property=\"og:description\" content=\"Alquiler de casas m\u00f3viles en los Pirineos Orientales\" \/>\n<meta property=\"og:url\" content=\"https:\/\/www.campingvallespir.com\/es\/alquiler-de-casas-moviles-arles-sur-tech\/\" \/>\n<meta property=\"og:site_name\" content=\"Camping Vallespir\" \/>\n<meta property=\"article:modified_time\" content=\"2022-01-06T08:19:23+00:00\" \/>\n<meta property=\"og:image\" content=\"https:\/\/www.campingvallespir.com\/wp-content\/uploads\/2021\/12\/camping-location-mobil-home-arles-sur-tech.jpg\" \/>\n\t<meta property=\"og:image:width\" content=\"1900\" \/>\n\t<meta property=\"og:image:height\" content=\"700\" \/>\n\t<meta property=\"og:image:type\" content=\"image\/jpeg\" \/>\n<meta name=\"twitter:card\" content=\"summary_large_image\" \/>\n<meta name=\"twitter:label1\" content=\"Tiempo de lectura\" \/>\n\t<meta name=\"twitter:data1\" content=\"2 minutos\" \/>\n<script type=\"application\/ld+json\" class=\"yoast-schema-graph\">{\"@context\":\"https:\/\/schema.org\",\"@graph\":[{\"@type\":\"WebPage\",\"@id\":\"https:\/\/www.campingvallespir.com\/es\/alquiler-de-casas-moviles-arles-sur-tech\/\",\"url\":\"https:\/\/www.campingvallespir.com\/es\/alquiler-de-casas-moviles-arles-sur-tech\/\",\"name\":\"Alquiler de mobil home en Arles-sur-Tech | Alquiler de mobil home Pirineos\",\"isPartOf\":{\"@id\":\"https:\/\/www.campingvallespir.com\/es\/#website\"},\"primaryImageOfPage\":{\"@id\":\"https:\/\/www.campingvallespir.com\/es\/alquiler-de-casas-moviles-arles-sur-tech\/#primaryimage\"},\"image\":{\"@id\":\"https:\/\/www.campingvallespir.com\/es\/alquiler-de-casas-moviles-arles-sur-tech\/#primaryimage\"},\"thumbnailUrl\":\"https:\/\/www.campingvallespir.com\/wp-content\/uploads\/2021\/12\/camping-location-mobil-home-arles-sur-tech.jpg\",\"datePublished\":\"2021-11-18T06:13:39+00:00\",\"dateModified\":\"2022-01-06T08:19:23+00:00\",\"breadcrumb\":{\"@id\":\"https:\/\/www.campingvallespir.com\/es\/alquiler-de-casas-moviles-arles-sur-tech\/#breadcrumb\"},\"inLanguage\":\"es\",\"potentialAction\":[{\"@type\":\"ReadAction\",\"target\":[\"https:\/\/www.campingvallespir.com\/es\/alquiler-de-casas-moviles-arles-sur-tech\/\"]}]},{\"@type\":\"ImageObject\",\"inLanguage\":\"es\",\"@id\":\"https:\/\/www.campingvallespir.com\/es\/alquiler-de-casas-moviles-arles-sur-tech\/#primaryimage\",\"url\":\"https:\/\/www.campingvallespir.com\/wp-content\/uploads\/2021\/12\/camping-location-mobil-home-arles-sur-tech.jpg\",\"contentUrl\":\"https:\/\/www.campingvallespir.com\/wp-content\/uploads\/2021\/12\/camping-location-mobil-home-arles-sur-tech.jpg\",\"width\":1900,\"height\":700,\"caption\":\"camping-location-mobil-home-arles-sur-tech\"},{\"@type\":\"BreadcrumbList\",\"@id\":\"https:\/\/www.campingvallespir.com\/es\/alquiler-de-casas-moviles-arles-sur-tech\/#breadcrumb\",\"itemListElement\":[{\"@type\":\"ListItem\",\"position\":1,\"name\":\"Camping Am\u00e9lie les Bains\",\"item\":\"https:\/\/www.campingvallespir.com\/es\/\"},{\"@type\":\"ListItem\",\"position\":2,\"name\":\"Alquilar una casa movil en Arles-sur-Tech\"}]},{\"@type\":\"WebSite\",\"@id\":\"https:\/\/www.campingvallespir.com\/es\/#website\",\"url\":\"https:\/\/www.campingvallespir.com\/es\/\",\"name\":\"Camping Vallespir\",\"description\":\"\",\"publisher\":{\"@id\":\"https:\/\/www.campingvallespir.com\/es\/#organization\"},\"potentialAction\":[{\"@type\":\"SearchAction\",\"target\":{\"@type\":\"EntryPoint\",\"urlTemplate\":\"https:\/\/www.campingvallespir.com\/es\/?s={search_term_string}\"},\"query-input\":{\"@type\":\"PropertyValueSpecification\",\"valueRequired\":true,\"valueName\":\"search_term_string\"}}],\"inLanguage\":\"es\"},{\"@type\":\"Organization\",\"@id\":\"https:\/\/www.campingvallespir.com\/es\/#organization\",\"name\":\"Camping Vallespir\",\"url\":\"https:\/\/www.campingvallespir.com\/es\/\",\"logo\":{\"@type\":\"ImageObject\",\"inLanguage\":\"es\",\"@id\":\"https:\/\/www.campingvallespir.com\/es\/#\/schema\/logo\/image\/\",\"url\":\"https:\/\/www.campingvallespir.com\/wp-content\/uploads\/2021\/11\/camping-vallespir-logo.png\",\"contentUrl\":\"https:\/\/www.campingvallespir.com\/wp-content\/uploads\/2021\/11\/camping-vallespir-logo.png\",\"width\":680,\"height\":500,\"caption\":\"Camping Vallespir\"},\"image\":{\"@id\":\"https:\/\/www.campingvallespir.com\/es\/#\/schema\/logo\/image\/\"}}]}<\/script>\n<!-- \/ Yoast SEO plugin. -->","yoast_head_json":{"title":"Alquiler de mobil home en Arles-sur-Tech | Alquiler de mobil home Pirineos","robots":{"index":"index","follow":"follow","max-snippet":"max-snippet:-1","max-image-preview":"max-image-preview:large","max-video-preview":"max-video-preview:-1"},"canonical":"https:\/\/www.campingvallespir.com\/es\/alquiler-de-casas-moviles-arles-sur-tech\/","og_locale":"es_ES","og_type":"article","og_title":"Alquiler de mobil home en Arles-sur-Tech | Alquiler de mobil home Pirineos","og_description":"Alquiler de casas m\u00f3viles en los Pirineos Orientales","og_url":"https:\/\/www.campingvallespir.com\/es\/alquiler-de-casas-moviles-arles-sur-tech\/","og_site_name":"Camping Vallespir","article_modified_time":"2022-01-06T08:19:23+00:00","og_image":[{"width":1900,"height":700,"url":"https:\/\/www.campingvallespir.com\/wp-content\/uploads\/2021\/12\/camping-location-mobil-home-arles-sur-tech.jpg","type":"image\/jpeg"}],"twitter_card":"summary_large_image","twitter_misc":{"Tiempo de lectura":"2 minutos"},"schema":{"@context":"https:\/\/schema.org","@graph":[{"@type":"WebPage","@id":"https:\/\/www.campingvallespir.com\/es\/alquiler-de-casas-moviles-arles-sur-tech\/","url":"https:\/\/www.campingvallespir.com\/es\/alquiler-de-casas-moviles-arles-sur-tech\/","name":"Alquiler de mobil home en Arles-sur-Tech | Alquiler de mobil home Pirineos","isPartOf":{"@id":"https:\/\/www.campingvallespir.com\/es\/#website"},"primaryImageOfPage":{"@id":"https:\/\/www.campingvallespir.com\/es\/alquiler-de-casas-moviles-arles-sur-tech\/#primaryimage"},"image":{"@id":"https:\/\/www.campingvallespir.com\/es\/alquiler-de-casas-moviles-arles-sur-tech\/#primaryimage"},"thumbnailUrl":"https:\/\/www.campingvallespir.com\/wp-content\/uploads\/2021\/12\/camping-location-mobil-home-arles-sur-tech.jpg","datePublished":"2021-11-18T06:13:39+00:00","dateModified":"2022-01-06T08:19:23+00:00","breadcrumb":{"@id":"https:\/\/www.campingvallespir.com\/es\/alquiler-de-casas-moviles-arles-sur-tech\/#breadcrumb"},"inLanguage":"es","potentialAction":[{"@type":"ReadAction","target":["https:\/\/www.campingvallespir.com\/es\/alquiler-de-casas-moviles-arles-sur-tech\/"]}]},{"@type":"ImageObject","inLanguage":"es","@id":"https:\/\/www.campingvallespir.com\/es\/alquiler-de-casas-moviles-arles-sur-tech\/#primaryimage","url":"https:\/\/www.campingvallespir.com\/wp-content\/uploads\/2021\/12\/camping-location-mobil-home-arles-sur-tech.jpg","contentUrl":"https:\/\/www.campingvallespir.com\/wp-content\/uploads\/2021\/12\/camping-location-mobil-home-arles-sur-tech.jpg","width":1900,"height":700,"caption":"camping-location-mobil-home-arles-sur-tech"},{"@type":"BreadcrumbList","@id":"https:\/\/www.campingvallespir.com\/es\/alquiler-de-casas-moviles-arles-sur-tech\/#breadcrumb","itemListElement":[{"@type":"ListItem","position":1,"name":"Camping Am\u00e9lie les Bains","item":"https:\/\/www.campingvallespir.com\/es\/"},{"@type":"ListItem","position":2,"name":"Alquilar una casa movil en Arles-sur-Tech"}]},{"@type":"WebSite","@id":"https:\/\/www.campingvallespir.com\/es\/#website","url":"https:\/\/www.campingvallespir.com\/es\/","name":"Camping Vallespir","description":"","publisher":{"@id":"https:\/\/www.campingvallespir.com\/es\/#organization"},"potentialAction":[{"@type":"SearchAction","target":{"@type":"EntryPoint","urlTemplate":"https:\/\/www.campingvallespir.com\/es\/?s={search_term_string}"},"query-input":{"@type":"PropertyValueSpecification","valueRequired":true,"valueName":"search_term_string"}}],"inLanguage":"es"},{"@type":"Organization","@id":"https:\/\/www.campingvallespir.com\/es\/#organization","name":"Camping Vallespir","url":"https:\/\/www.campingvallespir.com\/es\/","logo":{"@type":"ImageObject","inLanguage":"es","@id":"https:\/\/www.campingvallespir.com\/es\/#\/schema\/logo\/image\/","url":"https:\/\/www.campingvallespir.com\/wp-content\/uploads\/2021\/11\/camping-vallespir-logo.png","contentUrl":"https:\/\/www.campingvallespir.com\/wp-content\/uploads\/2021\/11\/camping-vallespir-logo.png","width":680,"height":500,"caption":"Camping Vallespir"},"image":{"@id":"https:\/\/www.campingvallespir.com\/es\/#\/schema\/logo\/image\/"}}]}},"_links":{"self":[{"href":"https:\/\/www.campingvallespir.com\/es\/wp-json\/wp\/v2\/pages\/2652"}],"collection":[{"href":"https:\/\/www.campingvallespir.com\/es\/wp-json\/wp\/v2\/pages"}],"about":[{"href":"https:\/\/www.campingvallespir.com\/es\/wp-json\/wp\/v2\/types\/page"}],"author":[{"embeddable":true,"href":"https:\/\/www.campingvallespir.com\/es\/wp-json\/wp\/v2\/users\/1"}],"replies":[{"embeddable":true,"href":"https:\/\/www.campingvallespir.com\/es\/wp-json\/wp\/v2\/comments?post=2652"}],"version-history":[{"count":7,"href":"https:\/\/www.campingvallespir.com\/es\/wp-json\/wp\/v2\/pages\/2652\/revisions"}],"predecessor-version":[{"id":2661,"href":"https:\/\/www.campingvallespir.com\/es\/wp-json\/wp\/v2\/pages\/2652\/revisions\/2661"}],"wp:featuredmedia":[{"embeddable":true,"href":"https:\/\/www.campingvallespir.com\/es\/wp-json\/wp\/v2\/media\/2016"}],"wp:attachment":[{"href":"https:\/\/www.campingvallespir.com\/es\/wp-json\/wp\/v2\/media?parent=2652"}],"wp:term":[{"taxonomy":"sujet","embeddable":true,"href":"https:\/\/www.campingvallespir.com\/es\/wp-json\/wp\/v2\/sujet?post=2652"}],"curies":[{"name":"wp","href":"https:\/\/api.w.org\/{rel}","templated":true}]}}